{"id":2097,"date":"2026-01-21T10:02:17","date_gmt":"2026-01-21T10:02:17","guid":{"rendered":"https:\/\/lacortedimarga.com\/?page_id=2097"},"modified":"2026-05-09T06:51:31","modified_gmt":"2026-05-09T06:51:31","slug":"blog","status":"publish","type":"page","link":"https:\/\/lacortedimarga.com\/de\/blog\/","title":{"rendered":"Blog"},"content":{"rendered":"<section class=\"bde-section-2097-100 bde-section\">\n              \n  \n  \n\t\n\n  <div class=\"section-background-overlay\"><\/div>\n\n\n<div class=\"section-container\"><h1 class=\"bde-heading-2097-101 bde-heading\">\nBlog\n<\/h1><div class=\"bde-text-2097-105 bde-text\">\nAktuelle Nachrichten aus Miane und Umgebung\n<\/div><\/div>\n<\/section><section class=\"bde-section-2097-102 bde-section\">\n  \n  \n\t\n\n\n\n<div class=\"section-container\"><div class=\"bde-post-list-2097-104 bde-post-list\">    <div class=\"bde-isotope-filter-bar\">\n        <div class=\"bde-tabs\">\n            \n\n        \n  \n  \n  <div class=\"bde-tabs__tabslist-container bde-tabs__tabslist-container--scrollable is-vertical js-tabs-container\">\n    <div class=\"bde-tabs__tabslist bde-tabs__tabslist--pills js-tablist\" role=\"tablist\" aria-label=\"Inhalt der Registerkarten\" aria-orientation=\"vertical\" data-tabs-id=\"isotope\">\n              <button role=\"tab\" aria-selected=\"false\" class=\"bde-tabs__tab js-tab\" aria-controls=\"tab-panel-isotope-all\" id=\"tab-isotope-all\" data-value=\"all\">\n          <span class=\"bde-tabs__tab-title\">Alle Artikel<\/span>\n        <\/button>\n      \n              <button role=\"tab\" aria-selected=\"false\" class=\"bde-tabs__tab js-tab\" aria-controls=\"tab-panel-isotope-1\" id=\"tab-isotope-1\" data-value=\"7\">\n                    <span class=\"bde-tabs__tab-title\">Adrenalin &amp; Panorama: Outdoor und Sport<\/span>\n        <\/button>\n              <button role=\"tab\" aria-selected=\"false\" class=\"bde-tabs__tab js-tab\" aria-controls=\"tab-panel-isotope-2\" id=\"tab-isotope-2\" data-value=\"9\">\n                    <span class=\"bde-tabs__tab-title\">Seele &amp; Kultur: Slow Travel und Geschichte<\/span>\n        <\/button>\n              <button role=\"tab\" aria-selected=\"false\" class=\"bde-tabs__tab js-tab\" aria-controls=\"tab-panel-isotope-3\" id=\"tab-isotope-3\" data-value=\"248\">\n                    <span class=\"bde-tabs__tab-title\">Schl\u00f6sser und Festungen<\/span>\n        <\/button>\n              <button role=\"tab\" aria-selected=\"false\" class=\"bde-tabs__tab js-tab\" aria-controls=\"tab-panel-isotope-4\" id=\"tab-isotope-4\" data-value=\"161\">\n                    <span class=\"bde-tabs__tab-title\">Was zu tun ist, wenn es regnet<\/span>\n        <\/button>\n              <button role=\"tab\" aria-selected=\"false\" class=\"bde-tabs__tab js-tab\" aria-controls=\"tab-panel-isotope-5\" id=\"tab-isotope-5\" data-value=\"114\">\n                    <span class=\"bde-tabs__tab-title\">Wandern<\/span>\n        <\/button>\n              <button role=\"tab\" aria-selected=\"false\" class=\"bde-tabs__tab js-tab\" aria-controls=\"tab-panel-isotope-6\" id=\"tab-isotope-6\" data-value=\"136\">\n                    <span class=\"bde-tabs__tab-title\">Fahrradausfl\u00fcge<\/span>\n        <\/button>\n              <button role=\"tab\" aria-selected=\"false\" class=\"bde-tabs__tab js-tab\" aria-controls=\"tab-panel-isotope-7\" id=\"tab-isotope-7\" data-value=\"10\">\n                    <span class=\"bde-tabs__tab-title\">Facility Experience: G\u00e4stef\u00fchrer &amp; Neuigkeiten<\/span>\n        <\/button>\n              <button role=\"tab\" aria-selected=\"false\" class=\"bde-tabs__tab js-tab\" aria-controls=\"tab-panel-isotope-8\" id=\"tab-isotope-8\" data-value=\"8\">\n                    <span class=\"bde-tabs__tab-title\">Familien im Abenteuer: Kinder &amp; Familienspa\u00df<\/span>\n        <\/button>\n              <button role=\"tab\" aria-selected=\"false\" class=\"bde-tabs__tab js-tab\" aria-controls=\"tab-panel-isotope-9\" id=\"tab-isotope-9\" data-value=\"6\">\n                    <span class=\"bde-tabs__tab-title\">Geschmack &amp; Tradition: Enogastronomische Exzellenz<\/span>\n        <\/button>\n              <button role=\"tab\" aria-selected=\"false\" class=\"bde-tabs__tab js-tab\" aria-controls=\"tab-panel-isotope-10\" id=\"tab-isotope-10\" data-value=\"156\">\n                    <span class=\"bde-tabs__tab-title\">Empfohlene Restaurants<\/span>\n        <\/button>\n              <button role=\"tab\" aria-selected=\"false\" class=\"bde-tabs__tab js-tab\" aria-controls=\"tab-panel-isotope-11\" id=\"tab-isotope-11\" data-value=\"13\">\n                    <span class=\"bde-tabs__tab-title\">Wein und Gastronomie<\/span>\n        <\/button>\n          <\/div>\n  <\/div>\n\n\n        <\/div>\n    <\/div>\n<div class=\"bde-loop bde-loop-masonry ee-posts ee-posts-masonry bde-loop-isotope ee-posts-isotope\">    <article class=\"bde-loop-item ee-post\" data-filters=\"6,13\">\n                                <a class=\"bde-loop-item__image-link ee-post-image-link\" href=\"https:\/\/lacortedimarga.com\/de\/miele-dolci-tradizione-contadina-trevigiana\/\" tabindex=\"-1\">\n                <div class=\"bde-loop-item__image ee-post-image\">\n                    <img loading=\"lazy\" decoding=\"async\" width=\"900\" height=\"600\" src=\"https:\/\/lacortedimarga.com\/wp-content\/uploads\/2026\/09\/zucca-orto-pan-co-la-suca.jpg\" class=\"attachment-full size-full wp-post-image\" alt=\"Honig und S\u00fc\u00dfigkeiten der traditionellen Bauernkultur Trevisos: Vom Montello bis zur Pinza der Epiphanie\" srcset=\"https:\/\/lacortedimarga.com\/wp-content\/uploads\/2026\/09\/zucca-orto-pan-co-la-suca.jpg 900w, https:\/\/lacortedimarga.com\/wp-content\/uploads\/2026\/09\/zucca-orto-pan-co-la-suca-300x200.jpg 300w, https:\/\/lacortedimarga.com\/wp-content\/uploads\/2026\/09\/zucca-orto-pan-co-la-suca-768x512.jpg 768w, https:\/\/lacortedimarga.com\/wp-content\/uploads\/2026\/09\/zucca-orto-pan-co-la-suca-18x12.jpg 18w\" sizes=\"auto, (max-width: 900px) 100vw, 900px\" \/>                <\/div>\n            <\/a>\n        \n        \n        <div class=\"bde-loop-item__wrap ee-post-wrap\">\n            \n                            <h3 class=\"ee-post-title\" >\n                    <a class=\"bde-loop-item__title-link ee-post-title-link\" href=\"https:\/\/lacortedimarga.com\/de\/miele-dolci-tradizione-contadina-trevigiana\/\"  tabindex=\"-1\">\n                        Honig und S\u00fc\u00dfigkeiten der traditionellen Bauernkultur Trevisos: Vom Montello bis zur Pinza der Epiphanie                    <\/a>\n                <\/h3>\n                            <div class=\"bde-loop-item__post-meta ee-post-meta\">\n                                                                                <span class=\"bde-loop-item__meta-date bde-loop-item__meta-item ee-post-meta-date ee-post-meta-item\">\n                                    3. September 2026                                <\/span>\n                                                \n                <\/div>\n                            <div class=\"bde-loop-item__content ee-post-content\">\n                    Montello-Honig, Dreik\u00f6nigskuchen (Pinza dell'Epifania) und Zaleti: die S\u00fc\u00dfspeisen der b\u00e4uerlichen Tradition von Treviso, zwischen den Prosecco-H\u00fcgeln und dem Montello.                <\/div>\n            \n        \n    \n    \n    \n                            \n            \n                    \n            \n            \n\n    \n    \n    \n    \n                            \n    <a class=\"breakdance-link button-atom button-atom--text bde-loop-item__button ee-post-button\" href=\"https:\/\/lacortedimarga.com\/de\/miele-dolci-tradizione-contadina-trevigiana\/\" target=\"_self\" data-type=\"url\"  aria-label=\"Erfahren Sie mehr \u00fcber Honig und traditionelle S\u00fc\u00dfigkeiten aus der b\u00e4uerlichen Kultur Trevisos: vom Montello bis zur Pinza der Epiphanie\" >\n\n    \n        <span class=\"button-atom__text\">Den Artikel lesen<\/span>\n\n        \n        \n                <\/a>\n\n    \n\n\n\n\n            \n        <\/div>\n\n    <\/article>\n\n    <article class=\"bde-loop-item ee-post\" data-filters=\"6,13\">\n                                <a class=\"bde-loop-item__image-link ee-post-image-link\" href=\"https:\/\/lacortedimarga.com\/de\/kiwi-di-treviso-pedemontana\/\" tabindex=\"-1\">\n                <div class=\"bde-loop-item__image ee-post-image\">\n                    <img loading=\"lazy\" decoding=\"async\" width=\"700\" height=\"466\" src=\"https:\/\/lacortedimarga.com\/wp-content\/uploads\/2026\/09\/kiwi-di-treviso-cover.jpg\" class=\"attachment-full size-full wp-post-image\" alt=\"Kiwi aus Treviso: Die Herbstfrucht, die auch in unserem Garten w\u00e4chst\" srcset=\"https:\/\/lacortedimarga.com\/wp-content\/uploads\/2026\/09\/kiwi-di-treviso-cover.jpg 700w, https:\/\/lacortedimarga.com\/wp-content\/uploads\/2026\/09\/kiwi-di-treviso-cover-300x200.jpg 300w, https:\/\/lacortedimarga.com\/wp-content\/uploads\/2026\/09\/kiwi-di-treviso-cover-18x12.jpg 18w\" sizes=\"auto, (max-width: 700px) 100vw, 700px\" \/>                <\/div>\n            <\/a>\n        \n        \n        <div class=\"bde-loop-item__wrap ee-post-wrap\">\n            \n                            <h3 class=\"ee-post-title\" >\n                    <a class=\"bde-loop-item__title-link ee-post-title-link\" href=\"https:\/\/lacortedimarga.com\/de\/kiwi-di-treviso-pedemontana\/\"  tabindex=\"-1\">\n                        Kiwi aus Treviso: Die Herbstfrucht, die auch in unserem Garten w\u00e4chst                    <\/a>\n                <\/h3>\n                            <div class=\"bde-loop-item__post-meta ee-post-meta\">\n                                                                                <span class=\"bde-loop-item__meta-date bde-loop-item__meta-item ee-post-meta-date ee-post-meta-item\">\n                                    3. September 2026                                <\/span>\n                                                \n                <\/div>\n                            <div class=\"bde-loop-item__content ee-post-content\">\n                    Die H\u00fcgel des Prosecco von Conegliano und Valdobbiadene, seit 2019 UNESCO-Weltkulturerbe, sind ein Land der Weinberge \u2014 aber auch der Obstg\u00e4rten. Die Kiwi aus Treviso ist ein Agrar- und Ern\u00e4hrungsprodukt\u2026                <\/div>\n            \n        \n    \n    \n    \n                            \n            \n                    \n            \n            \n\n    \n    \n    \n    \n                            \n    <a class=\"breakdance-link button-atom button-atom--text bde-loop-item__button ee-post-button\" href=\"https:\/\/lacortedimarga.com\/de\/kiwi-di-treviso-pedemontana\/\" target=\"_self\" data-type=\"url\"  aria-label=\"Erfahren Sie mehr \u00fcber Kiwi di Treviso: die Herbstfrucht, die auch in unserem Garten w\u00e4chst\" >\n\n    \n        <span class=\"button-atom__text\">Den Artikel lesen<\/span>\n\n        \n        \n                <\/a>\n\n    \n\n\n\n\n            \n        <\/div>\n\n    <\/article>\n\n    <article class=\"bde-loop-item ee-post\" data-filters=\"6,13\">\n                                <a class=\"bde-loop-item__image-link ee-post-image-link\" href=\"https:\/\/lacortedimarga.com\/de\/salumi-marca-trevigiana-sopressa-porchetta-luganega\/\" tabindex=\"-1\">\n                <div class=\"bde-loop-item__image ee-post-image\">\n                    <img loading=\"lazy\" decoding=\"async\" width=\"1294\" height=\"1500\" src=\"https:\/\/lacortedimarga.com\/wp-content\/uploads\/2026\/08\/sopressa-trevigiana-tradizionale-tagliere.jpg.webp\" class=\"attachment-full size-full wp-post-image\" alt=\"Salumi della Marca Trevigiana: Der Leitfaden zu den drei Protagonisten jedes venetischen Wurstbretts\" srcset=\"https:\/\/lacortedimarga.com\/wp-content\/uploads\/2026\/08\/sopressa-trevigiana-tradizionale-tagliere.jpg.webp 1294w, https:\/\/lacortedimarga.com\/wp-content\/uploads\/2026\/08\/sopressa-trevigiana-tradizionale-tagliere.jpg-259x300.webp 259w, https:\/\/lacortedimarga.com\/wp-content\/uploads\/2026\/08\/sopressa-trevigiana-tradizionale-tagliere.jpg-883x1024.webp 883w, https:\/\/lacortedimarga.com\/wp-content\/uploads\/2026\/08\/sopressa-trevigiana-tradizionale-tagliere.jpg-768x890.webp 768w, https:\/\/lacortedimarga.com\/wp-content\/uploads\/2026\/08\/sopressa-trevigiana-tradizionale-tagliere.jpg-10x12.webp 10w\" sizes=\"auto, (max-width: 1294px) 100vw, 1294px\" \/>                <\/div>\n            <\/a>\n        \n        \n        <div class=\"bde-loop-item__wrap ee-post-wrap\">\n            \n                            <h3 class=\"ee-post-title\" >\n                    <a class=\"bde-loop-item__title-link ee-post-title-link\" href=\"https:\/\/lacortedimarga.com\/de\/salumi-marca-trevigiana-sopressa-porchetta-luganega\/\"  tabindex=\"-1\">\n                        Salumi della Marca Trevigiana: Der Leitfaden zu den drei Protagonisten jedes venetischen Wurstbretts                    <\/a>\n                <\/h3>\n                            <div class=\"bde-loop-item__post-meta ee-post-meta\">\n                                                                                <span class=\"bde-loop-item__meta-date bde-loop-item__meta-item ee-post-meta-date ee-post-meta-item\">\n                                    25. August 2026                                <\/span>\n                                                \n                <\/div>\n                            <div class=\"bde-loop-item__content ee-post-content\">\n                    Sopressa, porchetta und luganega sind die drei Wurstwaren, die wie keine anderen die Marca Trevigiana repr\u00e4sentieren: Die sopressa ist eine weiche, lange gereifte Salami, die trevisanische porchetta ist\u2026                <\/div>\n            \n        \n    \n    \n    \n                            \n            \n                    \n            \n            \n\n    \n    \n    \n    \n                            \n    <a class=\"breakdance-link button-atom button-atom--text bde-loop-item__button ee-post-button\" href=\"https:\/\/lacortedimarga.com\/de\/salumi-marca-trevigiana-sopressa-porchetta-luganega\/\" target=\"_self\" data-type=\"url\"  aria-label=\"Erfahren Sie mehr \u00fcber Salumi della Marca Trevigiana: Der Leitfaden zu den drei Protagonisten jedes venetischen Wurstbretts\" >\n\n    \n        <span class=\"button-atom__text\">Den Artikel lesen<\/span>\n\n        \n        \n                <\/a>\n\n    \n\n\n\n\n            \n        <\/div>\n\n    <\/article>\n\n    <article class=\"bde-loop-item ee-post\" data-filters=\"6,13\">\n                                <a class=\"bde-loop-item__image-link ee-post-image-link\" href=\"https:\/\/lacortedimarga.com\/de\/formaggi-malga-prealpi-morlacco-bastardo-moesin\/\" tabindex=\"-1\">\n                <div class=\"bde-loop-item__image ee-post-image\">\n                    <img loading=\"lazy\" decoding=\"async\" width=\"1500\" height=\"818\" src=\"https:\/\/lacortedimarga.com\/wp-content\/uploads\/2026\/04\/La_Corte_di_Marga_cosa_fare_giro_delle_malghe.webp\" class=\"attachment-full size-full wp-post-image\" alt=\"Almk\u00e4se aus den Voralpen: Morlacco, Bastardo del Grappa und Moesin di Fregona\" srcset=\"https:\/\/lacortedimarga.com\/wp-content\/uploads\/2026\/04\/La_Corte_di_Marga_cosa_fare_giro_delle_malghe.webp 1500w, https:\/\/lacortedimarga.com\/wp-content\/uploads\/2026\/04\/La_Corte_di_Marga_cosa_fare_giro_delle_malghe-300x164.webp 300w, https:\/\/lacortedimarga.com\/wp-content\/uploads\/2026\/04\/La_Corte_di_Marga_cosa_fare_giro_delle_malghe-1024x558.webp 1024w, https:\/\/lacortedimarga.com\/wp-content\/uploads\/2026\/04\/La_Corte_di_Marga_cosa_fare_giro_delle_malghe-768x419.webp 768w, https:\/\/lacortedimarga.com\/wp-content\/uploads\/2026\/04\/La_Corte_di_Marga_cosa_fare_giro_delle_malghe-18x10.webp 18w\" sizes=\"auto, (max-width: 1500px) 100vw, 1500px\" \/>                <\/div>\n            <\/a>\n        \n        \n        <div class=\"bde-loop-item__wrap ee-post-wrap\">\n            \n                            <h3 class=\"ee-post-title\" >\n                    <a class=\"bde-loop-item__title-link ee-post-title-link\" href=\"https:\/\/lacortedimarga.com\/de\/formaggi-malga-prealpi-morlacco-bastardo-moesin\/\"  tabindex=\"-1\">\n                        Almk\u00e4se aus den Voralpen: Morlacco, Bastardo del Grappa und Moesin di Fregona                    <\/a>\n                <\/h3>\n                            <div class=\"bde-loop-item__post-meta ee-post-meta\">\n                                                                                <span class=\"bde-loop-item__meta-date bde-loop-item__meta-item ee-post-meta-date ee-post-meta-item\">\n                                    25. August 2026                                <\/span>\n                                                \n                <\/div>\n                            <div class=\"bde-loop-item__content ee-post-content\">\n                    Il Morlacco und der Bastardo del Grappa sind die beiden DOP-K\u00e4sesorten der Almen des Monte Grappa, w\u00e4hrend der Moesin eine weniger bekannte Spezialit\u00e4t ist, die mit Fregona am Fu\u00dfe\u2026 verbunden ist.                <\/div>\n            \n        \n    \n    \n    \n                            \n            \n                    \n            \n            \n\n    \n    \n    \n    \n                            \n    <a class=\"breakdance-link button-atom button-atom--text bde-loop-item__button ee-post-button\" href=\"https:\/\/lacortedimarga.com\/de\/formaggi-malga-prealpi-morlacco-bastardo-moesin\/\" target=\"_self\" data-type=\"url\"  aria-label=\"Erfahren Sie mehr \u00fcber Formaggi di malga delle Prealpi: Morlacco, Bastardo del Grappa und Moesin di Fregona\" >\n\n    \n        <span class=\"button-atom__text\">Den Artikel lesen<\/span>\n\n        \n        \n                <\/a>\n\n    \n\n\n\n\n            \n        <\/div>\n\n    <\/article>\n\n    <article class=\"bde-loop-item ee-post\" data-filters=\"9,10\">\n                                <a class=\"bde-loop-item__image-link ee-post-image-link\" href=\"https:\/\/lacortedimarga.com\/de\/filosofia-green-colline-prosecco-miane\/\" tabindex=\"-1\">\n                <div class=\"bde-loop-item__image ee-post-image\">\n                    <img decoding=\"async\" src=\"https:\/\/lacortedimarga.com\/wp-content\/uploads\/2026\/08\/La_Corte_di_Marga_esterni_vista_ingresso.webp\" alt=\"\u00dcbernachten in den Prosecco-H\u00fcgeln: Unsere gr\u00fcne Philosophie und der Respekt vor der Natur\" class=\"external-featured-image wp-post-image\" \/>                <\/div>\n            <\/a>\n        \n        \n        <div class=\"bde-loop-item__wrap ee-post-wrap\">\n            \n                            <h3 class=\"ee-post-title\" >\n                    <a class=\"bde-loop-item__title-link ee-post-title-link\" href=\"https:\/\/lacortedimarga.com\/de\/filosofia-green-colline-prosecco-miane\/\"  tabindex=\"-1\">\n                        \u00dcbernachten in den Prosecco-H\u00fcgeln: Unsere gr\u00fcne Philosophie und der Respekt vor der Natur                    <\/a>\n                <\/h3>\n                            <div class=\"bde-loop-item__post-meta ee-post-meta\">\n                                                                                <span class=\"bde-loop-item__meta-date bde-loop-item__meta-item ee-post-meta-date ee-post-meta-item\">\n                                    19. August 2026                                <\/span>\n                                                \n                <\/div>\n                            <div class=\"bde-loop-item__content ee-post-content\">\n                    Die H\u00fcgel des Prosecco von Conegliano und Valdobbiadene, seit 2019 UNESCO-Welterbe, sind eines der gefragtesten Reiseziele im Veneto. Zwischen atemberaubenden Panoramen, historischen D\u00f6rfern und kulinarischen sowie \u00f6nologischen K\u00f6stlichkeiten tausende\u2026                <\/div>\n            \n        \n    \n    \n    \n                            \n            \n                    \n            \n            \n\n    \n    \n    \n    \n                            \n    <a class=\"breakdance-link button-atom button-atom--text bde-loop-item__button ee-post-button\" href=\"https:\/\/lacortedimarga.com\/de\/filosofia-green-colline-prosecco-miane\/\" target=\"_self\" data-type=\"url\"  aria-label=\"Erfahren Sie mehr \u00fcber \u00dcbernachten in den Prosecco-H\u00fcgeln: Unsere gr\u00fcne Philosophie und der Respekt vor der Natur\" >\n\n    \n        <span class=\"button-atom__text\">Den Artikel lesen<\/span>\n\n        \n        \n                <\/a>\n\n    \n\n\n\n\n            \n        <\/div>\n\n    <\/article>\n\n    <article class=\"bde-loop-item ee-post\" data-filters=\"9,248,114\">\n                                <a class=\"bde-loop-item__image-link ee-post-image-link\" href=\"https:\/\/lacortedimarga.com\/de\/castello-serravalle-vittorio-veneto-guida\/\" tabindex=\"-1\">\n                <div class=\"bde-loop-item__image ee-post-image\">\n                    <img decoding=\"async\" src=\"https:\/\/lacortedimarga.com\/wp-content\/uploads\/2026\/08\/castrum-di-serravalle-vittorio-veneto-torre.jpg.jpg\" alt=\"Das befestigte Dorf zwischen den Felsen: F\u00fchrer zum Schloss und zum Castrum von Serravalle\" class=\"external-featured-image wp-post-image\" \/>                <\/div>\n            <\/a>\n        \n        \n        <div class=\"bde-loop-item__wrap ee-post-wrap\">\n            \n                            <h3 class=\"ee-post-title\" >\n                    <a class=\"bde-loop-item__title-link ee-post-title-link\" href=\"https:\/\/lacortedimarga.com\/de\/castello-serravalle-vittorio-veneto-guida\/\"  tabindex=\"-1\">\n                        Das befestigte Dorf zwischen den Felsen: F\u00fchrer zum Schloss und zum Castrum von Serravalle                    <\/a>\n                <\/h3>\n                            <div class=\"bde-loop-item__post-meta ee-post-meta\">\n                                                                                <span class=\"bde-loop-item__meta-date bde-loop-item__meta-item ee-post-meta-date ee-post-meta-item\">\n                                    17. August 2026                                <\/span>\n                                                \n                <\/div>\n                            <div class=\"bde-loop-item__content ee-post-content\">\n                    Wenn Sie einen Ort suchen, an dem das Mittelalter und die Renaissance in einer Atmosph\u00e4re vergangener Zeiten verschmelzen, finden Sie die Antwort nur 20 km von Miane entfernt. Wenn Sie etwa 25\u2026                <\/div>\n            \n        \n    \n    \n    \n                            \n            \n                    \n            \n            \n\n    \n    \n    \n    \n                            \n    <a class=\"breakdance-link button-atom button-atom--text bde-loop-item__button ee-post-button\" href=\"https:\/\/lacortedimarga.com\/de\/castello-serravalle-vittorio-veneto-guida\/\" target=\"_self\" data-type=\"url\"  aria-label=\"Erfahren Sie mehr \u00fcber das befestigte Dorf zwischen den Felsen: F\u00fchrer zum Schloss und zum Castrum von Serravalle\" >\n\n    \n        <span class=\"button-atom__text\">Den Artikel lesen<\/span>\n\n        \n        \n                <\/a>\n\n    \n\n\n\n\n            \n        <\/div>\n\n    <\/article>\n\n    <article class=\"bde-loop-item ee-post\" data-filters=\"7,8\">\n                                <a class=\"bde-loop-item__image-link ee-post-image-link\" href=\"https:\/\/lacortedimarga.com\/de\/sinapsi-park-montello-parco-avventura-famiglia\/\" tabindex=\"-1\">\n                <div class=\"bde-loop-item__image ee-post-image\">\n                    <img decoding=\"async\" src=\"https:\/\/lacortedimarga.com\/wp-content\/uploads\/2026\/08\/sinapsi-park-montello-zipline-parco-avventura.jpg.webp\" alt=\"Eingebettet in das Gr\u00fcn des Montello: Ein Leitfaden f\u00fcr den Sinapsi Park f\u00fcr ein Familienabenteuer\" class=\"external-featured-image wp-post-image\" \/>                <\/div>\n            <\/a>\n        \n        \n        <div class=\"bde-loop-item__wrap ee-post-wrap\">\n            \n                            <h3 class=\"ee-post-title\" >\n                    <a class=\"bde-loop-item__title-link ee-post-title-link\" href=\"https:\/\/lacortedimarga.com\/de\/sinapsi-park-montello-parco-avventura-famiglia\/\"  tabindex=\"-1\">\n                        Eingebettet in das Gr\u00fcn des Montello: Ein Leitfaden f\u00fcr den Sinapsi Park f\u00fcr ein Familienabenteuer                    <\/a>\n                <\/h3>\n                            <div class=\"bde-loop-item__post-meta ee-post-meta\">\n                                                                                <span class=\"bde-loop-item__meta-date bde-loop-item__meta-item ee-post-meta-date ee-post-meta-item\">\n                                    17. August 2026                                <\/span>\n                                                \n                <\/div>\n                            <div class=\"bde-loop-item__content ee-post-content\">\n                    Es gibt einen Moment w\u00e4hrend eines Familienurlaubs, in dem die Kinder die angesaemmte Energie abbauen, sich selbst auf die Probe stellen und tief durchatmen m\u00fcssen. Wenn Sie...                <\/div>\n            \n        \n    \n    \n    \n                            \n            \n                    \n            \n            \n\n    \n    \n    \n    \n                            \n    <a class=\"breakdance-link button-atom button-atom--text bde-loop-item__button ee-post-button\" href=\"https:\/\/lacortedimarga.com\/de\/sinapsi-park-montello-parco-avventura-famiglia\/\" target=\"_self\" data-type=\"url\"  aria-label=\"Erfahren Sie mehr \u00fcber Sospesi nel Verde del Montello: Ein F\u00fchrer zum Sinapsi Park f\u00fcr ein Familienabenteuer\" >\n\n    \n        <span class=\"button-atom__text\">Den Artikel lesen<\/span>\n\n        \n        \n                <\/a>\n\n    \n\n\n\n\n            \n        <\/div>\n\n    <\/article>\n\n    <article class=\"bde-loop-item ee-post\" data-filters=\"9,248\">\n                                <a class=\"bde-loop-item__image-link ee-post-image-link\" href=\"https:\/\/lacortedimarga.com\/de\/castello-di-san-salvatore-susegana-guida\/\" tabindex=\"-1\">\n                <div class=\"bde-loop-item__image ee-post-image\">\n                    <img decoding=\"async\" src=\"https:\/\/lacortedimarga.com\/wp-content\/uploads\/2026\/08\/castello-di-san-salvatore-susegana-vista-aerea.jpg.webp\" alt=\"Der aristokratische Riese: Exklusiver F\u00fchrer zum Schloss von San Salvatore in Susegana\" class=\"external-featured-image wp-post-image\" \/>                <\/div>\n            <\/a>\n        \n        \n        <div class=\"bde-loop-item__wrap ee-post-wrap\">\n            \n                            <h3 class=\"ee-post-title\" >\n                    <a class=\"bde-loop-item__title-link ee-post-title-link\" href=\"https:\/\/lacortedimarga.com\/de\/castello-di-san-salvatore-susegana-guida\/\"  tabindex=\"-1\">\n                        Der aristokratische Riese: Exklusiver F\u00fchrer zum Schloss von San Salvatore in Susegana                    <\/a>\n                <\/h3>\n                            <div class=\"bde-loop-item__post-meta ee-post-meta\">\n                                                                                <span class=\"bde-loop-item__meta-date bde-loop-item__meta-item ee-post-meta-date ee-post-meta-item\">\n                                    16. August 2026                                <\/span>\n                                                \n                <\/div>\n                            <div class=\"bde-loop-item__content ee-post-content\">\n                    Wenn man von La Corte di Marga in Richtung der trevisanischen Ebene f\u00e4hrt, gibt es einen genauen Moment, in dem der Horizont von einer immensen, unverwechselbaren Silhouette dominiert wird, die sich stolz erhebt\u2026                <\/div>\n            \n        \n    \n    \n    \n                            \n            \n                    \n            \n            \n\n    \n    \n    \n    \n                            \n    <a class=\"breakdance-link button-atom button-atom--text bde-loop-item__button ee-post-button\" href=\"https:\/\/lacortedimarga.com\/de\/castello-di-san-salvatore-susegana-guida\/\" target=\"_self\" data-type=\"url\"  aria-label=\"Lesen Sie mehr \u00fcber Il Gigante Aristocratico: Exklusiver F\u00fchrer zum Castello di San Salvatore in Susegana\" >\n\n    \n        <span class=\"button-atom__text\">Den Artikel lesen<\/span>\n\n        \n        \n                <\/a>\n\n    \n\n\n\n\n            \n        <\/div>\n\n    <\/article>\n\n    <article class=\"bde-loop-item ee-post\" data-filters=\"10,13\">\n                                <a class=\"bde-loop-item__image-link ee-post-image-link\" href=\"https:\/\/lacortedimarga.com\/de\/cantine-conte-collalto-susegana-degustazioni\/\" tabindex=\"-1\">\n                <div class=\"bde-loop-item__image ee-post-image\">\n                    <img decoding=\"async\" src=\"https:\/\/lacortedimarga.com\/wp-content\/uploads\/2026\/08\/cantine-conte-collalto-susegana-vista-aerea.jpg.jpg\" alt=\"Im Herzen der Weingeneschichte: Besuch der Kellerei Conte Collalto in Susegana\" class=\"external-featured-image wp-post-image\" \/>                <\/div>\n            <\/a>\n        \n        \n        <div class=\"bde-loop-item__wrap ee-post-wrap\">\n            \n                            <h3 class=\"ee-post-title\" >\n                    <a class=\"bde-loop-item__title-link ee-post-title-link\" href=\"https:\/\/lacortedimarga.com\/de\/cantine-conte-collalto-susegana-degustazioni\/\"  tabindex=\"-1\">\n                        Im Herzen der Weingeneschichte: Besuch der Kellerei Conte Collalto in Susegana                    <\/a>\n                <\/h3>\n                            <div class=\"bde-loop-item__post-meta ee-post-meta\">\n                                                                                <span class=\"bde-loop-item__meta-date bde-loop-item__meta-item ee-post-meta-date ee-post-meta-item\">\n                                    16. August 2026                                <\/span>\n                                                \n                <\/div>\n                            <div class=\"bde-loop-item__content ee-post-content\">\n                    Wenn das Schloss von Conegliano mit seiner historischen Schule die Wiege des \u00d6nologiewissens darstellt, gibt es nur wenige Kilometer entfernt einen Ort, der das wahrhaftige... verk\u00f6rpert.                <\/div>\n            \n        \n    \n    \n    \n                            \n            \n                    \n            \n            \n\n    \n    \n    \n    \n                            \n    <a class=\"breakdance-link button-atom button-atom--text bde-loop-item__button ee-post-button\" href=\"https:\/\/lacortedimarga.com\/de\/cantine-conte-collalto-susegana-degustazioni\/\" target=\"_self\" data-type=\"url\"  aria-label=\"Erfahren Sie mehr \u00fcber Im Herzen der Weinbzw. Wehgeschichte: Besichtigung der Weinkeller Conte Collalto in Susegana\" >\n\n    \n        <span class=\"button-atom__text\">Den Artikel lesen<\/span>\n\n        \n        \n                <\/a>\n\n    \n\n\n\n\n            \n        <\/div>\n\n    <\/article>\n\n    <article class=\"bde-loop-item ee-post\" data-filters=\"6,13\">\n                                <a class=\"bde-loop-item__image-link ee-post-image-link\" href=\"https:\/\/lacortedimarga.com\/de\/wildbacher-collalto-vino-rosso-recensione-sommelier\/\" tabindex=\"-1\">\n                <div class=\"bde-loop-item__image ee-post-image\">\n                    <img decoding=\"async\" src=\"https:\/\/lacortedimarga.com\/wp-content\/uploads\/2026\/08\/wildbacher-collalto-bottiglia-calice-vino-rosso.jpg.webp\" alt=\"Der Rebell im Reich der Perlen: Die Rezension des Wildbacher Collalto\" class=\"external-featured-image wp-post-image\" \/>                <\/div>\n            <\/a>\n        \n        \n        <div class=\"bde-loop-item__wrap ee-post-wrap\">\n            \n                            <h3 class=\"ee-post-title\" >\n                    <a class=\"bde-loop-item__title-link ee-post-title-link\" href=\"https:\/\/lacortedimarga.com\/de\/wildbacher-collalto-vino-rosso-recensione-sommelier\/\"  tabindex=\"-1\">\n                        Der Rebell im Reich der Perlen: Die Rezension des Wildbacher Collalto                    <\/a>\n                <\/h3>\n                            <div class=\"bde-loop-item__post-meta ee-post-meta\">\n                                                                                <span class=\"bde-loop-item__meta-date bde-loop-item__meta-item ee-post-meta-date ee-post-meta-item\">\n                                    16. August 2026                                <\/span>\n                                                \n                <\/div>\n                            <div class=\"bde-loop-item__content ee-post-content\">\n                    Wenn man an die zum UNESCO-Weltkulturerbe geh\u00f6renden H\u00fcgel von Conegliano und Valdobbiadene denkt, wandert der Geist sofort (und zu Recht) zu den goldenen Perlen des Prosecco Superiore. Und doch, f\u00fcr diejenigen, die die Neugier haben, \u2026                <\/div>\n            \n        \n    \n    \n    \n                            \n            \n                    \n            \n            \n\n    \n    \n    \n    \n                            \n    <a class=\"breakdance-link button-atom button-atom--text bde-loop-item__button ee-post-button\" href=\"https:\/\/lacortedimarga.com\/de\/wildbacher-collalto-vino-rosso-recensione-sommelier\/\" target=\"_self\" data-type=\"url\"  aria-label=\"Erfahren Sie mehr \u00fcber Il Ribelle nel Regno delle Bollicine: La Recensione del Wildbacher Collalto\" >\n\n    \n        <span class=\"button-atom__text\">Den Artikel lesen<\/span>\n\n        \n        \n                <\/a>\n\n    \n\n\n\n\n            \n        <\/div>\n\n    <\/article>\n\n    <article class=\"bde-loop-item ee-post\" data-filters=\"9,248\">\n                                <a class=\"bde-loop-item__image-link ee-post-image-link\" href=\"https:\/\/lacortedimarga.com\/de\/castello-di-conegliano-guida-storia-panorami\/\" tabindex=\"-1\">\n                <div class=\"bde-loop-item__image ee-post-image\">\n                    <img decoding=\"async\" src=\"https:\/\/lacortedimarga.com\/wp-content\/uploads\/2026\/08\/castello-di-conegliano-torre-della-campana-mura.jpg.webp\" alt=\"Der Steinerne Balkon auf den H\u00fcgeln: Ein Autoren-Reisef\u00fchrer f\u00fcr das Schloss von Conegliano\" class=\"external-featured-image wp-post-image\" \/>                <\/div>\n            <\/a>\n        \n        \n        <div class=\"bde-loop-item__wrap ee-post-wrap\">\n            \n                            <h3 class=\"ee-post-title\" >\n                    <a class=\"bde-loop-item__title-link ee-post-title-link\" href=\"https:\/\/lacortedimarga.com\/de\/castello-di-conegliano-guida-storia-panorami\/\"  tabindex=\"-1\">\n                        Der Steinerne Balkon auf den H\u00fcgeln: Ein Autoren-Reisef\u00fchrer f\u00fcr das Schloss von Conegliano                    <\/a>\n                <\/h3>\n                            <div class=\"bde-loop-item__post-meta ee-post-meta\">\n                                                                                <span class=\"bde-loop-item__meta-date bde-loop-item__meta-item ee-post-meta-date ee-post-meta-item\">\n                                    15. August 2026                                <\/span>\n                                                \n                <\/div>\n                            <div class=\"bde-loop-item__content ee-post-content\">\n                    Auf unserem Weg der Erkundung zwischen den faszinierendsten Festungen der Voralpen gibt es ein Ziel, das f\u00fcr mich als Sommelier und Liebhaber des Sch\u00f6nen einen Ehrenplatz in meinem Herzen einnimmt.\u2026                <\/div>\n            \n        \n    \n    \n    \n                            \n            \n                    \n            \n            \n\n    \n    \n    \n    \n                            \n    <a class=\"breakdance-link button-atom button-atom--text bde-loop-item__button ee-post-button\" href=\"https:\/\/lacortedimarga.com\/de\/castello-di-conegliano-guida-storia-panorami\/\" target=\"_self\" data-type=\"url\"  aria-label=\"Erfahren Sie mehr \u00fcber Il Balcone di Pietra sulle Colline: Autorenf\u00fchrer f\u00fcr das Schloss von Conegliano\" >\n\n    \n        <span class=\"button-atom__text\">Den Artikel lesen<\/span>\n\n        \n        \n                <\/a>\n\n    \n\n\n\n\n            \n        <\/div>\n\n    <\/article>\n\n    <article class=\"bde-loop-item ee-post\" data-filters=\"9,248\">\n                                <a class=\"bde-loop-item__image-link ee-post-image-link\" href=\"https:\/\/lacortedimarga.com\/de\/il-castello-di-zumelle-viaggio-nel-maniero-delle-leggende-tra-le-prealpi-bellunesi\/\" tabindex=\"-1\">\n                <div class=\"bde-loop-item__image ee-post-image\">\n                    <img decoding=\"async\" src=\"https:\/\/lacortedimarga.com\/wp-content\/uploads\/2026\/08\/castello-di-zumelle-vista-aerea-borgo-valbelluna.jpg.jpg\" alt=\"Das Schloss Zumelle: Reise in das Herrensitz der Legenden in den Belluneser Voralpen\" class=\"external-featured-image wp-post-image\" \/>                <\/div>\n            <\/a>\n        \n        \n        <div class=\"bde-loop-item__wrap ee-post-wrap\">\n            \n                            <h3 class=\"ee-post-title\" >\n                    <a class=\"bde-loop-item__title-link ee-post-title-link\" href=\"https:\/\/lacortedimarga.com\/de\/il-castello-di-zumelle-viaggio-nel-maniero-delle-leggende-tra-le-prealpi-bellunesi\/\"  tabindex=\"-1\">\n                        Das Schloss Zumelle: Reise in das Herrensitz der Legenden in den Belluneser Voralpen                    <\/a>\n                <\/h3>\n                            <div class=\"bde-loop-item__post-meta ee-post-meta\">\n                                                                                <span class=\"bde-loop-item__meta-date bde-loop-item__meta-item ee-post-meta-date ee-post-meta-item\">\n                                    14. August 2026                                <\/span>\n                                                \n                <\/div>\n                            <div class=\"bde-loop-item__content ee-post-content\">\n                    Es gibt einen ganz bestimmten Moment auf dem Weg von La Corte di Marga ins Valbelluna, in dem die Geschichte aufh\u00f6rt, eine Erinnerung in B\u00fcchern zu sein, und zu...                <\/div>\n            \n        \n    \n    \n    \n                            \n            \n                    \n            \n            \n\n    \n    \n    \n    \n                            \n    <a class=\"breakdance-link button-atom button-atom--text bde-loop-item__button ee-post-button\" href=\"https:\/\/lacortedimarga.com\/de\/il-castello-di-zumelle-viaggio-nel-maniero-delle-leggende-tra-le-prealpi-bellunesi\/\" target=\"_self\" data-type=\"url\"  aria-label=\"Erfahren Sie mehr \u00fcber das Castello di Zumelle: Reise durch die Burg der Legenden in den Belluneser Voralpen\" >\n\n    \n        <span class=\"button-atom__text\">Den Artikel lesen<\/span>\n\n        \n        \n                <\/a>\n\n    \n\n\n\n\n            \n        <\/div>\n\n    <\/article>\n\n    <article class=\"bde-loop-item ee-post\" data-filters=\"7,114\">\n                                <a class=\"bde-loop-item__image-link ee-post-image-link\" href=\"https:\/\/lacortedimarga.com\/de\/valle-del-mis-cadini-brenton-cascata-soffia\/\" tabindex=\"-1\">\n                <div class=\"bde-loop-item__image ee-post-image\">\n                    <img loading=\"lazy\" decoding=\"async\" width=\"447\" height=\"447\" src=\"https:\/\/lacortedimarga.com\/wp-content\/uploads\/2026\/08\/Lago-del-mis.jpg\" class=\"attachment-full size-full wp-post-image\" alt=\"Ein Sprung ins k\u00fchle Nass: Ein Tag im Mis-Tal, zwischen den Cadini del Brenton und dem Wasserfall Cascata della Soffia\" srcset=\"https:\/\/lacortedimarga.com\/wp-content\/uploads\/2026\/08\/Lago-del-mis.jpg 447w, https:\/\/lacortedimarga.com\/wp-content\/uploads\/2026\/08\/Lago-del-mis-300x300.jpg 300w, https:\/\/lacortedimarga.com\/wp-content\/uploads\/2026\/08\/Lago-del-mis-150x150.jpg 150w, https:\/\/lacortedimarga.com\/wp-content\/uploads\/2026\/08\/Lago-del-mis-12x12.jpg 12w\" sizes=\"auto, (max-width: 447px) 100vw, 447px\" \/>                <\/div>\n            <\/a>\n        \n        \n        <div class=\"bde-loop-item__wrap ee-post-wrap\">\n            \n                            <h3 class=\"ee-post-title\" >\n                    <a class=\"bde-loop-item__title-link ee-post-title-link\" href=\"https:\/\/lacortedimarga.com\/de\/valle-del-mis-cadini-brenton-cascata-soffia\/\"  tabindex=\"-1\">\n                        Ein Sprung ins k\u00fchle Nass: Ein Tag im Mis-Tal, zwischen den Cadini del Brenton und dem Wasserfall Cascata della Soffia                    <\/a>\n                <\/h3>\n                            <div class=\"bde-loop-item__post-meta ee-post-meta\">\n                                                                                <span class=\"bde-loop-item__meta-date bde-loop-item__meta-item ee-post-meta-date ee-post-meta-item\">\n                                    13. August 2026                                <\/span>\n                                                \n                <\/div>\n                            <div class=\"bde-loop-item__content ee-post-content\">\n                    Wenn die Sommertage brennen und die Schw\u00fcle der Ebene keine Gnade kennt, gibt es eine geheime Schlucht vor den Toren des Nationalparks der Belluneser Dolomiten. Sie h\u00fctet das k\u00fchlste Mikroklima des\u2026                <\/div>\n            \n        \n    \n    \n    \n                            \n            \n                    \n            \n            \n\n    \n    \n    \n    \n                            \n    <a class=\"breakdance-link button-atom button-atom--text bde-loop-item__button ee-post-button\" href=\"https:\/\/lacortedimarga.com\/de\/valle-del-mis-cadini-brenton-cascata-soffia\/\" target=\"_self\" data-type=\"url\"  aria-label=\"Erfahren Sie mehr \u00fcber Ein Sprung ins K\u00fchle: Ein Tag im Mis-Tal, zwischen den Cadini del Brenton und dem Wasserfall Cascata della Soffia\" >\n\n    \n        <span class=\"button-atom__text\">Den Artikel lesen<\/span>\n\n        \n        \n                <\/a>\n\n    \n\n\n\n\n            \n        <\/div>\n\n    <\/article>\n\n    <article class=\"bde-loop-item ee-post\" data-filters=\"10\">\n                                <a class=\"bde-loop-item__image-link ee-post-image-link\" href=\"https:\/\/lacortedimarga.com\/de\/piscina-oasi-azzurra-relax-la-corte-di-marga\/\" tabindex=\"-1\">\n                <div class=\"bde-loop-item__image ee-post-image\">\n                    <img loading=\"lazy\" decoding=\"async\" width=\"2560\" height=\"1707\" src=\"https:\/\/lacortedimarga.com\/wp-content\/uploads\/2026\/08\/Piscina-vista-angolare-scaled.jpg\" class=\"attachment-full size-full wp-post-image\" alt=\"Die blaue Oase zwischen den H\u00fcgeln: Die wahre Entspannung unseres Pools\" srcset=\"https:\/\/lacortedimarga.com\/wp-content\/uploads\/2026\/08\/Piscina-vista-angolare-scaled.jpg 2560w, https:\/\/lacortedimarga.com\/wp-content\/uploads\/2026\/08\/Piscina-vista-angolare-300x200.jpg 300w, https:\/\/lacortedimarga.com\/wp-content\/uploads\/2026\/08\/Piscina-vista-angolare-1024x683.jpg 1024w, https:\/\/lacortedimarga.com\/wp-content\/uploads\/2026\/08\/Piscina-vista-angolare-768x512.jpg 768w, https:\/\/lacortedimarga.com\/wp-content\/uploads\/2026\/08\/Piscina-vista-angolare-1536x1024.jpg 1536w, https:\/\/lacortedimarga.com\/wp-content\/uploads\/2026\/08\/Piscina-vista-angolare-2048x1365.jpg 2048w, https:\/\/lacortedimarga.com\/wp-content\/uploads\/2026\/08\/Piscina-vista-angolare-18x12.jpg 18w\" sizes=\"auto, (max-width: 2560px) 100vw, 2560px\" \/>                <\/div>\n            <\/a>\n        \n        \n        <div class=\"bde-loop-item__wrap ee-post-wrap\">\n            \n                            <h3 class=\"ee-post-title\" >\n                    <a class=\"bde-loop-item__title-link ee-post-title-link\" href=\"https:\/\/lacortedimarga.com\/de\/piscina-oasi-azzurra-relax-la-corte-di-marga\/\"  tabindex=\"-1\">\n                        Die blaue Oase zwischen den H\u00fcgeln: Die wahre Entspannung unseres Pools                    <\/a>\n                <\/h3>\n                            <div class=\"bde-loop-item__post-meta ee-post-meta\">\n                                                                                <span class=\"bde-loop-item__meta-date bde-loop-item__meta-item ee-post-meta-date ee-post-meta-item\">\n                                    12. August 2026                                <\/span>\n                                                \n                <\/div>\n                            <div class=\"bde-loop-item__content ee-post-content\">\n                    Wir sind Roberto und Silvia, eure Gastgeber in La Corte di Marga in Miane, im Herzen der Prosecco-H\u00fcgel, einem UNESCO-Weltkulturerbe. Wenn ihr uns fragt, was einen Aufenthalt besonders macht...                <\/div>\n            \n        \n    \n    \n    \n                            \n            \n                    \n            \n            \n\n    \n    \n    \n    \n                            \n    <a class=\"breakdance-link button-atom button-atom--text bde-loop-item__button ee-post-button\" href=\"https:\/\/lacortedimarga.com\/de\/piscina-oasi-azzurra-relax-la-corte-di-marga\/\" target=\"_self\" data-type=\"url\"  aria-label=\"Erfahren Sie mehr \u00fcber L\u2019Oasi Azzurra tra le Colline: il Relax Vero della Nostra Piscina\" >\n\n    \n        <span class=\"button-atom__text\">Den Artikel lesen<\/span>\n\n        \n        \n                <\/a>\n\n    \n\n\n\n\n            \n        <\/div>\n\n    <\/article>\n\n    <article class=\"bde-loop-item ee-post\" data-filters=\"114\">\n                                <a class=\"bde-loop-item__image-link ee-post-image-link\" href=\"https:\/\/lacortedimarga.com\/de\/grotte-del-caglieron-trekking-famiglie-miane\/\" tabindex=\"-1\">\n                <div class=\"bde-loop-item__image ee-post-image\">\n                    <img loading=\"lazy\" decoding=\"async\" width=\"1500\" height=\"848\" src=\"https:\/\/lacortedimarga.com\/wp-content\/uploads\/2026\/08\/grotte-del-caglieron.webp\" class=\"attachment-full size-full wp-post-image\" alt=\"Die Grotte del Caglieron: Die h\u00e4ngende Schlucht nur einen Katzensprung von La Corte di Marga entfernt\" srcset=\"https:\/\/lacortedimarga.com\/wp-content\/uploads\/2026\/08\/grotte-del-caglieron.webp 1500w, https:\/\/lacortedimarga.com\/wp-content\/uploads\/2026\/08\/grotte-del-caglieron-300x170.webp 300w, https:\/\/lacortedimarga.com\/wp-content\/uploads\/2026\/08\/grotte-del-caglieron-1024x579.webp 1024w, https:\/\/lacortedimarga.com\/wp-content\/uploads\/2026\/08\/grotte-del-caglieron-768x434.webp 768w, https:\/\/lacortedimarga.com\/wp-content\/uploads\/2026\/08\/grotte-del-caglieron-18x10.webp 18w\" sizes=\"auto, (max-width: 1500px) 100vw, 1500px\" \/>                <\/div>\n            <\/a>\n        \n        \n        <div class=\"bde-loop-item__wrap ee-post-wrap\">\n            \n                            <h3 class=\"ee-post-title\" >\n                    <a class=\"bde-loop-item__title-link ee-post-title-link\" href=\"https:\/\/lacortedimarga.com\/de\/grotte-del-caglieron-trekking-famiglie-miane\/\"  tabindex=\"-1\">\n                        Die Grotte del Caglieron: Die h\u00e4ngende Schlucht nur einen Katzensprung von La Corte di Marga entfernt                    <\/a>\n                <\/h3>\n                            <div class=\"bde-loop-item__post-meta ee-post-meta\">\n                                                                                <span class=\"bde-loop-item__meta-date bde-loop-item__meta-item ee-post-meta-date ee-post-meta-item\">\n                                    7. August 2026                                <\/span>\n                                                \n                <\/div>\n                            <div class=\"bde-loop-item__content ee-post-content\">\n                    Die Grotte del Caglieron sind eine vom Wildbach Caglieron in das Gebiet von Fregona (TV) gegrabene Schlucht, die das ganze Jahr \u00fcber auf einem etwa 1 km langen Rundweg besucht werden kann, der von Stegen aus\u2026                <\/div>\n            \n        \n    \n    \n    \n                            \n            \n                    \n            \n            \n\n    \n    \n    \n    \n                            \n    <a class=\"breakdance-link button-atom button-atom--text bde-loop-item__button ee-post-button\" href=\"https:\/\/lacortedimarga.com\/de\/grotte-del-caglieron-trekking-famiglie-miane\/\" target=\"_self\" data-type=\"url\"  aria-label=\"Erfahren Sie mehr \u00fcber Le Grotte del Caglieron: die schwebende Schlucht nur wenige Schritte von La Corte di Marga entfernt\" >\n\n    \n        <span class=\"button-atom__text\">Den Artikel lesen<\/span>\n\n        \n        \n                <\/a>\n\n    \n\n\n\n\n            \n        <\/div>\n\n    <\/article>\n\n    <article class=\"bde-loop-item ee-post\" data-filters=\"9,6\">\n                                <a class=\"bde-loop-item__image-link ee-post-image-link\" href=\"https:\/\/lacortedimarga.com\/de\/artigianato-vivo-2026-cison-di-valmarino\/\" tabindex=\"-1\">\n                <div class=\"bde-loop-item__image ee-post-image\">\n                    <img loading=\"lazy\" decoding=\"async\" width=\"1200\" height=\"628\" src=\"https:\/\/lacortedimarga.com\/wp-content\/uploads\/2026\/08\/foto_1_locandina_artigianato_vivo.jpg\" class=\"attachment-full size-full wp-post-image\" alt=\"Artigianato Vivo 2026 in Cison di Valmarino: Der Leitfaden f\u00fcr G\u00e4ste in Miane\" srcset=\"https:\/\/lacortedimarga.com\/wp-content\/uploads\/2026\/08\/foto_1_locandina_artigianato_vivo.jpg 1200w, https:\/\/lacortedimarga.com\/wp-content\/uploads\/2026\/08\/foto_1_locandina_artigianato_vivo-300x157.jpg 300w, https:\/\/lacortedimarga.com\/wp-content\/uploads\/2026\/08\/foto_1_locandina_artigianato_vivo-1024x536.jpg 1024w, https:\/\/lacortedimarga.com\/wp-content\/uploads\/2026\/08\/foto_1_locandina_artigianato_vivo-768x402.jpg 768w, https:\/\/lacortedimarga.com\/wp-content\/uploads\/2026\/08\/foto_1_locandina_artigianato_vivo-18x9.jpg 18w\" sizes=\"auto, (max-width: 1200px) 100vw, 1200px\" \/>                <\/div>\n            <\/a>\n        \n        \n        <div class=\"bde-loop-item__wrap ee-post-wrap\">\n            \n                            <h3 class=\"ee-post-title\" >\n                    <a class=\"bde-loop-item__title-link ee-post-title-link\" href=\"https:\/\/lacortedimarga.com\/de\/artigianato-vivo-2026-cison-di-valmarino\/\"  tabindex=\"-1\">\n                        Artigianato Vivo 2026 in Cison di Valmarino: Der Leitfaden f\u00fcr G\u00e4ste in Miane                    <\/a>\n                <\/h3>\n                            <div class=\"bde-loop-item__post-meta ee-post-meta\">\n                                                                                <span class=\"bde-loop-item__meta-date bde-loop-item__meta-item ee-post-meta-date ee-post-meta-item\">\n                                    6. August 2026                                <\/span>\n                                                \n                <\/div>\n                            <div class=\"bde-loop-item__content ee-post-content\">\n                    Artigianato Vivo, die 45. Ausgabe, findet vom 8. bis 16. August 2026 in Cison di Valmarino statt: \u00dcber 180 Kunsthandwerker aus ganz Italien entlang der Stra\u00dfen und H\u00f6fe des historischen Zentrums,\u2026                <\/div>\n            \n        \n    \n    \n    \n                            \n            \n                    \n            \n            \n\n    \n    \n    \n    \n                            \n    <a class=\"breakdance-link button-atom button-atom--text bde-loop-item__button ee-post-button\" href=\"https:\/\/lacortedimarga.com\/de\/artigianato-vivo-2026-cison-di-valmarino\/\" target=\"_self\" data-type=\"url\"  aria-label=\"Erfahren Sie mehr \u00fcber Artigianato Vivo 2026 in Cison di Valmarino: Der Leitfaden f\u00fcr einen Aufenthalt in Miane\" >\n\n    \n        <span class=\"button-atom__text\">Den Artikel lesen<\/span>\n\n        \n        \n                <\/a>\n\n    \n\n\n\n\n            \n        <\/div>\n\n    <\/article>\n\n    <article class=\"bde-loop-item ee-post\" data-filters=\"7,114,8\">\n                                <a class=\"bde-loop-item__image-link ee-post-image-link\" href=\"https:\/\/lacortedimarga.com\/de\/anello-cansiglio-bambini\/\" tabindex=\"-1\">\n                <div class=\"bde-loop-item__image ee-post-image\">\n                    <img decoding=\"async\" src=\"https:\/\/lacortedimarga.com\/wp-content\/uploads\/2026\/06\/La_Corte_di_Marga_cosa_fare_Bar_Bianco_Cansiglio-1.webp\" alt=\"Der Cansiglio-Ring: Der magische Spaziergang zwischen Feen, Hirschen und K\u00e4se\" class=\"external-featured-image wp-post-image\" \/>                <\/div>\n            <\/a>\n        \n        \n        <div class=\"bde-loop-item__wrap ee-post-wrap\">\n            \n                            <h3 class=\"ee-post-title\" >\n                    <a class=\"bde-loop-item__title-link ee-post-title-link\" href=\"https:\/\/lacortedimarga.com\/de\/anello-cansiglio-bambini\/\"  tabindex=\"-1\">\n                        Der Cansiglio-Ring: Der magische Spaziergang zwischen Feen, Hirschen und K\u00e4se                    <\/a>\n                <\/h3>\n                            <div class=\"bde-loop-item__post-meta ee-post-meta\">\n                                                                                <span class=\"bde-loop-item__meta-date bde-loop-item__meta-item ee-post-meta-date ee-post-meta-item\">\n                                    30. Juni 2026                                <\/span>\n                                                \n                <\/div>\n                            <div class=\"bde-loop-item__content ee-post-content\">\n                    Wenn es einen Ort gibt, an dem die Natur einen Spielplatz unter freiem Himmel zu erschaffen scheint, dann ist es das Cansiglio-Plateau. F\u00fcr unsere G\u00e4ste, die im La Corte \u00fcbernachten\u2026                <\/div>\n            \n        \n    \n    \n    \n                            \n            \n                    \n            \n            \n\n    \n    \n    \n    \n                            \n    <a class=\"breakdance-link button-atom button-atom--text bde-loop-item__button ee-post-button\" href=\"https:\/\/lacortedimarga.com\/de\/anello-cansiglio-bambini\/\" target=\"_self\" data-type=\"url\"  aria-label=\"Mehr \u00fcber L&#039;Anello del Cansiglio lesen: Der magische Spaziergang zwischen Feen, Hirschen und K\u00e4se\" >\n\n    \n        <span class=\"button-atom__text\">Den Artikel lesen<\/span>\n\n        \n        \n                <\/a>\n\n    \n\n\n\n\n            \n        <\/div>\n\n    <\/article>\n\n    <article class=\"bde-loop-item ee-post\" data-filters=\"9,13\">\n                                <a class=\"bde-loop-item__image-link ee-post-image-link\" href=\"https:\/\/lacortedimarga.com\/de\/vino-bronner-piwi-recensione-sommelier\/\" tabindex=\"-1\">\n                <div class=\"bde-loop-item__image ee-post-image\">\n                    <img decoding=\"async\" src=\"https:\/\/lacortedimarga.com\/wp-content\/uploads\/2026\/06\/La_Corte_di_Marga_cosa_fare_Cantine_Giol_Bronner.webp\" alt=\"Die Zukunft im Kelch: Ich erz\u00e4hle Ihnen von der Revolution der PIWI-Rebsorten und der Reinheit des seltenen Bronner Giol\" class=\"external-featured-image wp-post-image\" \/>                <\/div>\n            <\/a>\n        \n        \n        <div class=\"bde-loop-item__wrap ee-post-wrap\">\n            \n                            <h3 class=\"ee-post-title\" >\n                    <a class=\"bde-loop-item__title-link ee-post-title-link\" href=\"https:\/\/lacortedimarga.com\/de\/vino-bronner-piwi-recensione-sommelier\/\"  tabindex=\"-1\">\n                        Die Zukunft im Kelch: Ich erz\u00e4hle Ihnen von der Revolution der PIWI-Rebsorten und der Reinheit des seltenen Bronner Giol                    <\/a>\n                <\/h3>\n                            <div class=\"bde-loop-item__post-meta ee-post-meta\">\n                                                                                <span class=\"bde-loop-item__meta-date bde-loop-item__meta-item ee-post-meta-date ee-post-meta-item\">\n                                    30. Juni 2026                                <\/span>\n                                                \n                <\/div>\n                            <div class=\"bde-loop-item__content ee-post-content\">\n                    In meiner Arbeit als Sommelier hier im La Corte di Marga gibt es einen Moment, den ich \u00fcber alle anderen bevorzuge: wenn ein Gast, zur\u00fcck von einem Tag voller Erkundungen,\u2026                <\/div>\n            \n        \n    \n    \n    \n                            \n            \n                    \n            \n            \n\n    \n    \n    \n    \n                            \n    <a class=\"breakdance-link button-atom button-atom--text bde-loop-item__button ee-post-button\" href=\"https:\/\/lacortedimarga.com\/de\/vino-bronner-piwi-recensione-sommelier\/\" target=\"_self\" data-type=\"url\"  aria-label=\"Lesen Sie mehr \u00fcber Il Futuro nel Calice: Ich erz\u00e4hle Ihnen von der Revolution der PIWI-Reben und der Reinheit des seltenen Bronner Giol\" >\n\n    \n        <span class=\"button-atom__text\">Den Artikel lesen<\/span>\n\n        \n        \n                <\/a>\n\n    \n\n\n\n\n            \n        <\/div>\n\n    <\/article>\n\n    <article class=\"bde-loop-item ee-post\" data-filters=\"9\">\n                                <a class=\"bde-loop-item__image-link ee-post-image-link\" href=\"https:\/\/lacortedimarga.com\/de\/antiche-cantine-giol-vino-biologico-vegano\/\" tabindex=\"-1\">\n                <div class=\"bde-loop-item__image ee-post-image\">\n                    <img decoding=\"async\" src=\"https:\/\/lacortedimarga.com\/wp-content\/uploads\/2026\/06\/La_Corte_di_Marga_cosa_fare_Cantine_Giol.webp\" alt=\"Antiche Cantine Giol, der unterirdische Tempel des Weins: Geschichte, Philosophie und Sortiment der Etiketten\" class=\"external-featured-image wp-post-image\" \/>                <\/div>\n            <\/a>\n        \n        \n        <div class=\"bde-loop-item__wrap ee-post-wrap\">\n            \n                            <h3 class=\"ee-post-title\" >\n                    <a class=\"bde-loop-item__title-link ee-post-title-link\" href=\"https:\/\/lacortedimarga.com\/de\/antiche-cantine-giol-vino-biologico-vegano\/\"  tabindex=\"-1\">\n                        Antiche Cantine Giol, der unterirdische Tempel des Weins: Geschichte, Philosophie und Sortiment der Etiketten                    <\/a>\n                <\/h3>\n                            <div class=\"bde-loop-item__post-meta ee-post-meta\">\n                                                                                <span class=\"bde-loop-item__meta-date bde-loop-item__meta-item ee-post-meta-date ee-post-meta-item\">\n                                    30. Juni 2026                                <\/span>\n                                                \n                <\/div>\n                            <div class=\"bde-loop-item__content ee-post-content\">\n                    Im vorherigen Kapitel unserer Reise nach San Polo di Piave erz\u00e4hlten wir Ihnen vom neugotischen Traum und der monumentalen Sch\u00f6nheit des Schlosses Papadopoli Giol. Aber es gibt einen bestimmten Moment, \u2026                <\/div>\n            \n        \n    \n    \n    \n                            \n            \n                    \n            \n            \n\n    \n    \n    \n    \n                            \n    <a class=\"breakdance-link button-atom button-atom--text bde-loop-item__button ee-post-button\" href=\"https:\/\/lacortedimarga.com\/de\/antiche-cantine-giol-vino-biologico-vegano\/\" target=\"_self\" data-type=\"url\"  aria-label=\"Erfahren Sie mehr \u00fcber Antiche Cantine Giol, il Tempio Sotterraneo del Vino: Geschichte, Philosophie und Sortiment der Etiketten\" >\n\n    \n        <span class=\"button-atom__text\">Den Artikel lesen<\/span>\n\n        \n        \n                <\/a>\n\n    \n\n\n\n\n            \n        <\/div>\n\n    <\/article>\n\n    <article class=\"bde-loop-item ee-post\" data-filters=\"9,161\">\n                                <a class=\"bde-loop-item__image-link ee-post-image-link\" href=\"https:\/\/lacortedimarga.com\/de\/castello-papadopoli-giol-san-polo-piave\/\" tabindex=\"-1\">\n                <div class=\"bde-loop-item__image ee-post-image\">\n                    <img decoding=\"async\" src=\"https:\/\/lacortedimarga.com\/wp-content\/uploads\/2026\/06\/La_Corte_di_Marga_cosa_fare_Castello_Papadopoli_Giol.webp\" alt=\"Der Roman aus Stein, Wasser und Erl\u00f6sung: Die Jahrtausend alte Geschichte und der Zauber des Schlosses Papadopoli Giol\" class=\"external-featured-image wp-post-image\" \/>                <\/div>\n            <\/a>\n        \n        \n        <div class=\"bde-loop-item__wrap ee-post-wrap\">\n            \n                            <h3 class=\"ee-post-title\" >\n                    <a class=\"bde-loop-item__title-link ee-post-title-link\" href=\"https:\/\/lacortedimarga.com\/de\/castello-papadopoli-giol-san-polo-piave\/\"  tabindex=\"-1\">\n                        Der Roman aus Stein, Wasser und Erl\u00f6sung: Die Jahrtausend alte Geschichte und der Zauber des Schlosses Papadopoli Giol                    <\/a>\n                <\/h3>\n                            <div class=\"bde-loop-item__post-meta ee-post-meta\">\n                                                                                <span class=\"bde-loop-item__meta-date bde-loop-item__meta-item ee-post-meta-date ee-post-meta-item\">\n                                    30. Juni 2026                                <\/span>\n                                                \n                <\/div>\n                            <div class=\"bde-loop-item__content ee-post-content\">\n                    Es gibt Orte, die die Zeit anhalten k\u00f6nnen, den Besucher aus der Realit\u00e4t rei\u00dfen und in eine kraftvolle, dichte, fast literarische Erz\u00e4hlung entf\u00fchren. Wenn Sie w\u00e4hrend Ihres Aufenthalts in La\u2026                <\/div>\n            \n        \n    \n    \n    \n                            \n            \n                    \n            \n            \n\n    \n    \n    \n    \n                            \n    <a class=\"breakdance-link button-atom button-atom--text bde-loop-item__button ee-post-button\" href=\"https:\/\/lacortedimarga.com\/de\/castello-papadopoli-giol-san-polo-piave\/\" target=\"_self\" data-type=\"url\"  aria-label=\"Lesen Sie mehr \u00fcber Il Romanzo di Pietra, Acqua e Riscatto: La Storia Millenaria e l\u2019Incanto del Castello Papadopoli Giol\" >\n\n    \n        <span class=\"button-atom__text\">Den Artikel lesen<\/span>\n\n        \n        \n                <\/a>\n\n    \n\n\n\n\n            \n        <\/div>\n\n    <\/article>\n\n    <article class=\"bde-loop-item ee-post\" data-filters=\"7,114,1\">\n                                <a class=\"bde-loop-item__image-link ee-post-image-link\" href=\"https:\/\/lacortedimarga.com\/de\/sentiero-nino-lot-cansiglio-trekking\/\" tabindex=\"-1\">\n                <div class=\"bde-loop-item__image ee-post-image\">\n                    <img decoding=\"async\" src=\"https:\/\/lacortedimarga.com\/wp-content\/uploads\/2026\/06\/La_Corte_di_Marga_cosa_fare_Bivacco_Nino_lot.webp\" alt=\"Der Sentiero Nino Lot auf dem Cansiglio: ein vertikaler Balkon zwischen Buchenw\u00e4ldern und hochgelegenen Almwiesen\" class=\"external-featured-image wp-post-image\" \/>                <\/div>\n            <\/a>\n        \n        \n        <div class=\"bde-loop-item__wrap ee-post-wrap\">\n            \n                            <h3 class=\"ee-post-title\" >\n                    <a class=\"bde-loop-item__title-link ee-post-title-link\" href=\"https:\/\/lacortedimarga.com\/de\/sentiero-nino-lot-cansiglio-trekking\/\"  tabindex=\"-1\">\n                        Der Sentiero Nino Lot auf dem Cansiglio: ein vertikaler Balkon zwischen Buchenw\u00e4ldern und hochgelegenen Almwiesen                    <\/a>\n                <\/h3>\n                            <div class=\"bde-loop-item__post-meta ee-post-meta\">\n                                                                                <span class=\"bde-loop-item__meta-date bde-loop-item__meta-item ee-post-meta-date ee-post-meta-item\">\n                                    23. Juni 2026                                <\/span>\n                                                \n                <\/div>\n                            <div class=\"bde-loop-item__content ee-post-content\">\n                    Wenn unsere G\u00e4ste im La Corte di Marga eine Wanderung w\u00fcnschen, die die Beine auf die Probe stellt und mit dem Tempo des echten Gebirges Schritt h\u00e4lt, gibt es eine Route auf dem S\u00fcdwesthang des\u2026                <\/div>\n            \n        \n    \n    \n    \n                            \n            \n                    \n            \n            \n\n    \n    \n    \n    \n                            \n    <a class=\"breakdance-link button-atom button-atom--text bde-loop-item__button ee-post-button\" href=\"https:\/\/lacortedimarga.com\/de\/sentiero-nino-lot-cansiglio-trekking\/\" target=\"_self\" data-type=\"url\"  aria-label=\"Erfahren Sie mehr \u00fcber Il Sentiero Nino Lot sul Cansiglio: ein vertikaler Balkon zwischen Buchenw\u00e4ldern und Hochgebirgswiesen\" >\n\n    \n        <span class=\"button-atom__text\">Den Artikel lesen<\/span>\n\n        \n        \n                <\/a>\n\n    \n\n\n\n\n            \n        <\/div>\n\n    <\/article>\n\n    <article class=\"bde-loop-item ee-post\" data-filters=\"7,114\">\n                                <a class=\"bde-loop-item__image-link ee-post-image-link\" href=\"https:\/\/lacortedimarga.com\/de\/guida-montello-escursioni-storia-prese\/\" tabindex=\"-1\">\n                <div class=\"bde-loop-item__image ee-post-image\">\n                    <img decoding=\"async\" src=\"https:\/\/lacortedimarga.com\/wp-content\/uploads\/2026\/06\/La_Corte_di_Marga_cosa_fare_Montello.webp\" alt=\"Der geheime Charme des Montello: die Insel aus W\u00e4ldern, Felsen und Erinnerung\" class=\"external-featured-image wp-post-image\" \/>                <\/div>\n            <\/a>\n        \n        \n        <div class=\"bde-loop-item__wrap ee-post-wrap\">\n            \n                            <h3 class=\"ee-post-title\" >\n                    <a class=\"bde-loop-item__title-link ee-post-title-link\" href=\"https:\/\/lacortedimarga.com\/de\/guida-montello-escursioni-storia-prese\/\"  tabindex=\"-1\">\n                        Der geheime Charme des Montello: die Insel aus W\u00e4ldern, Felsen und Erinnerung                    <\/a>\n                <\/h3>\n                            <div class=\"bde-loop-item__post-meta ee-post-meta\">\n                                                                                <span class=\"bde-loop-item__meta-date bde-loop-item__meta-item ee-post-meta-date ee-post-meta-item\">\n                                    20. Juni 2026                                <\/span>\n                                                \n                <\/div>\n                            <div class=\"bde-loop-item__content ee-post-content\">\n                    Wenn Sie sich aus den Fenstern von La Corte di Marga lehnen und Ihren Blick nach S\u00fcden schweifen lassen, \u00fcber die perfekte, geometrische Stickerei der Prosecco-H\u00fcgel, werden Sie eine dunkle Welle bemerken\u2026                <\/div>\n            \n        \n    \n    \n    \n                            \n            \n                    \n            \n            \n\n    \n    \n    \n    \n                            \n    <a class=\"breakdance-link button-atom button-atom--text bde-loop-item__button ee-post-button\" href=\"https:\/\/lacortedimarga.com\/de\/guida-montello-escursioni-storia-prese\/\" target=\"_self\" data-type=\"url\"  aria-label=\"Mehr \u00fcber Il fascino segreto del Montello: die Insel der W\u00e4lder, Felsen und Erinnerungen\" >\n\n    \n        <span class=\"button-atom__text\">Den Artikel lesen<\/span>\n\n        \n        \n                <\/a>\n\n    \n\n\n\n\n            \n        <\/div>\n\n    <\/article>\n\n    <article class=\"bde-loop-item ee-post\" data-filters=\"7,114\">\n                                <a class=\"bde-loop-item__image-link ee-post-image-link\" href=\"https:\/\/lacortedimarga.com\/de\/sentiero-pagnoca-cansiglio-trekking\/\" tabindex=\"-1\">\n                <div class=\"bde-loop-item__image ee-post-image\">\n                    <img decoding=\"async\" src=\"https:\/\/lacortedimarga.com\/wp-content\/uploads\/2026\/06\/La_Corte_di_Marga_cosa_fare_sentiero_Pagnoca.webp\" alt=\"Der Sentiero Pagnoca: historisches Trekking und geometr\u00eda von Buchen am S\u00fcdhang des Cansiglio\" class=\"external-featured-image wp-post-image\" \/>                <\/div>\n            <\/a>\n        \n        \n        <div class=\"bde-loop-item__wrap ee-post-wrap\">\n            \n                            <h3 class=\"ee-post-title\" >\n                    <a class=\"bde-loop-item__title-link ee-post-title-link\" href=\"https:\/\/lacortedimarga.com\/de\/sentiero-pagnoca-cansiglio-trekking\/\"  tabindex=\"-1\">\n                        Der Sentiero Pagnoca: historisches Trekking und geometr\u00eda von Buchen am S\u00fcdhang des Cansiglio                    <\/a>\n                <\/h3>\n                            <div class=\"bde-loop-item__post-meta ee-post-meta\">\n                                                                                <span class=\"bde-loop-item__meta-date bde-loop-item__meta-item ee-post-meta-date ee-post-meta-item\">\n                                    19. Juni 2026                                <\/span>\n                                                \n                <\/div>\n                            <div class=\"bde-loop-item__content ee-post-content\">\n                    Die Trevigianischen Voralpen bieten abwechslungsreiche Landschaften und vielf\u00e4ltige Erlebnisse, und wenn unsere G\u00e4ste mich nach einer Wanderung fragen, die \u00fcber einfache Postkarten-Sch\u00f6nheit hinausgeht, gibt es...                <\/div>\n            \n        \n    \n    \n    \n                            \n            \n                    \n            \n            \n\n    \n    \n    \n    \n                            \n    <a class=\"breakdance-link button-atom button-atom--text bde-loop-item__button ee-post-button\" href=\"https:\/\/lacortedimarga.com\/de\/sentiero-pagnoca-cansiglio-trekking\/\" target=\"_self\" data-type=\"url\"  aria-label=\"Lesen Sie mehr \u00fcber Il Sentiero Pagnoca: historisches Trekking und Buchengeometrien auf der S\u00fcdseite des Cansiglio\" >\n\n    \n        <span class=\"button-atom__text\">Den Artikel lesen<\/span>\n\n        \n        \n                <\/a>\n\n    \n\n\n\n\n            \n        <\/div>\n\n    <\/article>\n\n    <article class=\"bde-loop-item ee-post\" data-filters=\"7,114\">\n                                <a class=\"bde-loop-item__image-link ee-post-image-link\" href=\"https:\/\/lacortedimarga.com\/de\/escursioni-a-piedi-prealpi-trevigiane\/\" tabindex=\"-1\">\n                <div class=\"bde-loop-item__image ee-post-image\">\n                    <img decoding=\"async\" src=\"https:\/\/lacortedimarga.com\/wp-content\/uploads\/2026\/06\/La_Corte_di_Marga_cosa_fare_guida_ai_sentieri-2.webp\" alt=\"Die Kunst, in den Bergen zu leben: eine Frage des Gleichgewichts und des Respekts\" class=\"external-featured-image wp-post-image\" \/>                <\/div>\n            <\/a>\n        \n        \n        <div class=\"bde-loop-item__wrap ee-post-wrap\">\n            \n                            <h3 class=\"ee-post-title\" >\n                    <a class=\"bde-loop-item__title-link ee-post-title-link\" href=\"https:\/\/lacortedimarga.com\/de\/escursioni-a-piedi-prealpi-trevigiane\/\"  tabindex=\"-1\">\n                        Die Kunst, in den Bergen zu leben: eine Frage des Gleichgewichts und des Respekts                    <\/a>\n                <\/h3>\n                            <div class=\"bde-loop-item__post-meta ee-post-meta\">\n                                                                                <span class=\"bde-loop-item__meta-date bde-loop-item__meta-item ee-post-meta-date ee-post-meta-item\">\n                                    19. Juni 2026                                <\/span>\n                                                \n                <\/div>\n                            <div class=\"bde-loop-item__content ee-post-content\">\n                    Wenn meine G\u00e4ste mich nach Tipps f\u00fcr Wanderungen in den Trevisaner Voralpen fragen, dreht sich meine erste Antwort nie um den sch\u00f6nsten Weg oder das gr\u00f6\u00dfte Panorama\u2026                <\/div>\n            \n        \n    \n    \n    \n                            \n            \n                    \n            \n            \n\n    \n    \n    \n    \n                            \n    <a class=\"breakdance-link button-atom button-atom--text bde-loop-item__button ee-post-button\" href=\"https:\/\/lacortedimarga.com\/de\/escursioni-a-piedi-prealpi-trevigiane\/\" target=\"_self\" data-type=\"url\"  aria-label=\"Mehr erfahren \u00fcber L\u2019arte di vivere la montagna: eine Frage des Gleichgewichts und des Respekts\" >\n\n    \n        <span class=\"button-atom__text\">Den Artikel lesen<\/span>\n\n        \n        \n                <\/a>\n\n    \n\n\n\n\n            \n        <\/div>\n\n    <\/article>\n\n    <article class=\"bde-loop-item ee-post\" data-filters=\"7,114\">\n                                <a class=\"bde-loop-item__image-link ee-post-image-link\" href=\"https:\/\/lacortedimarga.com\/de\/altopiano-del-cansiglio-cosa-fare\/\" tabindex=\"-1\">\n                <div class=\"bde-loop-item__image ee-post-image\">\n                    <img decoding=\"async\" src=\"https:\/\/lacortedimarga.com\/wp-content\/uploads\/2026\/06\/La_Corte_di_Marga_cosa_fare_Altopiano_del_Cansiglio.webp\" alt=\"Hochebene von Cansiglio: Ein Leitfaden zur Erkundung\" class=\"external-featured-image wp-post-image\" \/>                <\/div>\n            <\/a>\n        \n        \n        <div class=\"bde-loop-item__wrap ee-post-wrap\">\n            \n                            <h3 class=\"ee-post-title\" >\n                    <a class=\"bde-loop-item__title-link ee-post-title-link\" href=\"https:\/\/lacortedimarga.com\/de\/altopiano-del-cansiglio-cosa-fare\/\"  tabindex=\"-1\">\n                        Hochebene von Cansiglio: Ein Leitfaden zur Erkundung                    <\/a>\n                <\/h3>\n                            <div class=\"bde-loop-item__post-meta ee-post-meta\">\n                                                                                <span class=\"bde-loop-item__meta-date bde-loop-item__meta-item ee-post-meta-date ee-post-meta-item\">\n                                    17. Juni 2026                                <\/span>\n                                                \n                <\/div>\n                            <div class=\"bde-loop-item__content ee-post-content\">\n                    Wenn die Prosecco-H\u00fcgel das pulsierende Herz unseres Territoriums sind, dann ist das Cansiglio-Plateau seine wilde, tiefe und regenerierende Seele. Gelegen an der Grenze zwischen den Provinzen Treviso,...                <\/div>\n            \n        \n    \n    \n    \n                            \n            \n                    \n            \n            \n\n    \n    \n    \n    \n                            \n    <a class=\"breakdance-link button-atom button-atom--text bde-loop-item__button ee-post-button\" href=\"https:\/\/lacortedimarga.com\/de\/altopiano-del-cansiglio-cosa-fare\/\" target=\"_self\" data-type=\"url\"  aria-label=\"Mehr \u00fcber das Altopiano del Cansiglio erfahren: Ein Leitfaden zur Erkundung\" >\n\n    \n        <span class=\"button-atom__text\">Den Artikel lesen<\/span>\n\n        \n        \n                <\/a>\n\n    \n\n\n\n\n            \n        <\/div>\n\n    <\/article>\n\n    <article class=\"bde-loop-item ee-post\" data-filters=\"9,114\">\n                                <a class=\"bde-loop-item__image-link ee-post-image-link\" href=\"https:\/\/lacortedimarga.com\/de\/trekking-vittorio-veneto-sentieri\/\" tabindex=\"-1\">\n                <div class=\"bde-loop-item__image ee-post-image\">\n                    <img decoding=\"async\" src=\"https:\/\/lacortedimarga.com\/wp-content\/uploads\/2026\/06\/La_Corte_di_Marga_cosa_fare_Santuario_Santa_Augusta.webp\" alt=\"Trekking in Vittorio Veneto zwischen alten Mythen und voralpinen Gipfeln\" class=\"external-featured-image wp-post-image\" \/>                <\/div>\n            <\/a>\n        \n        \n        <div class=\"bde-loop-item__wrap ee-post-wrap\">\n            \n                            <h3 class=\"ee-post-title\" >\n                    <a class=\"bde-loop-item__title-link ee-post-title-link\" href=\"https:\/\/lacortedimarga.com\/de\/trekking-vittorio-veneto-sentieri\/\"  tabindex=\"-1\">\n                        Trekking in Vittorio Veneto zwischen alten Mythen und voralpinen Gipfeln                    <\/a>\n                <\/h3>\n                            <div class=\"bde-loop-item__post-meta ee-post-meta\">\n                                                                                <span class=\"bde-loop-item__meta-date bde-loop-item__meta-item ee-post-meta-date ee-post-meta-item\">\n                                    13. Juni 2026                                <\/span>\n                                                \n                <\/div>\n                            <div class=\"bde-loop-item__content ee-post-content\">\n                    Wenn man Vittorio Veneto von unten betrachtet, besonders wenn man sich im mittelalterlichen Herzen von Serravalle befindet, \u00fcberkommt einen ein seltsames Gef\u00fchl von Beklemmung und Staunen. Die Stadt ist in einer tiefen Schlucht eingeschlossen, gesch\u00fctzt...                <\/div>\n            \n        \n    \n    \n    \n                            \n            \n                    \n            \n            \n\n    \n    \n    \n    \n                            \n    <a class=\"breakdance-link button-atom button-atom--text bde-loop-item__button ee-post-button\" href=\"https:\/\/lacortedimarga.com\/de\/trekking-vittorio-veneto-sentieri\/\" target=\"_self\" data-type=\"url\"  aria-label=\"Mehr erfahren \u00fcber Trekking in Vittorio Veneto zwischen alten Mythen und voralpinen Gipfeln\" >\n\n    \n        <span class=\"button-atom__text\">Den Artikel lesen<\/span>\n\n        \n        \n                <\/a>\n\n    \n\n\n\n\n            \n        <\/div>\n\n    <\/article>\n\n    <article class=\"bde-loop-item ee-post\" data-filters=\"9,161\">\n                                <a class=\"bde-loop-item__image-link ee-post-image-link\" href=\"https:\/\/lacortedimarga.com\/de\/museo-baco-da-seta-vittorio-veneto\/\" tabindex=\"-1\">\n                <div class=\"bde-loop-item__image ee-post-image\">\n                    <img decoding=\"async\" src=\"https:\/\/lacortedimarga.com\/wp-content\/uploads\/2026\/06\/La_Corte_di_Marga_cosa_fare_museo_del_baco_da_seta.webp\" alt=\"Der von Frauen gesponnene Faden: das vergessene Epos des Seidenraupenmuseums in Vittorio Veneto\" class=\"external-featured-image wp-post-image\" \/>                <\/div>\n            <\/a>\n        \n        \n        <div class=\"bde-loop-item__wrap ee-post-wrap\">\n            \n                            <h3 class=\"ee-post-title\" >\n                    <a class=\"bde-loop-item__title-link ee-post-title-link\" href=\"https:\/\/lacortedimarga.com\/de\/museo-baco-da-seta-vittorio-veneto\/\"  tabindex=\"-1\">\n                        Der von Frauen gesponnene Faden: das vergessene Epos des Seidenraupenmuseums in Vittorio Veneto                    <\/a>\n                <\/h3>\n                            <div class=\"bde-loop-item__post-meta ee-post-meta\">\n                                                                                <span class=\"bde-loop-item__meta-date bde-loop-item__meta-item ee-post-meta-date ee-post-meta-item\">\n                                    13. Juni 2026                                <\/span>\n                                                \n                <\/div>\n                            <div class=\"bde-loop-item__content ee-post-content\">\n                    Wenn man sich in La Corte di Marga in Miane aus den Fenstern lehnt und \u00fcber die Weinreben blickt, fallen einem sicher gro\u00dfe, knorrige und stolze monumentale B\u00e4ume auf, die die\u2026                <\/div>\n            \n        \n    \n    \n    \n                            \n            \n                    \n            \n            \n\n    \n    \n    \n    \n                            \n    <a class=\"breakdance-link button-atom button-atom--text bde-loop-item__button ee-post-button\" href=\"https:\/\/lacortedimarga.com\/de\/museo-baco-da-seta-vittorio-veneto\/\" target=\"_self\" data-type=\"url\"  aria-label=\"Lesen Sie mehr \u00fcber L\u2019oro filato dalle donne: l\u2019epopea dimenticata del Museo del Baco da Seta a Vittorio Veneto\" >\n\n    \n        <span class=\"button-atom__text\">Den Artikel lesen<\/span>\n\n        \n        \n                <\/a>\n\n    \n\n\n\n\n            \n        <\/div>\n\n    <\/article>\n\n    <article class=\"bde-loop-item ee-post\" data-filters=\"9,161\">\n                                <a class=\"bde-loop-item__image-link ee-post-image-link\" href=\"https:\/\/lacortedimarga.com\/de\/museo-del-cenedese-vittorio-veneto-prezzi-opere-e-segreti\/\" tabindex=\"-1\">\n                <div class=\"bde-loop-item__image ee-post-image\">\n                    <img decoding=\"async\" src=\"https:\/\/lacortedimarga.com\/wp-content\/uploads\/2026\/06\/La_Corte_di_Marga_cosa_fare_museo_del_Cenedese.webp\" alt=\"Museo del Cenedese: tausend Jahre Arch\u00e4ologie, Renaissance-Kunst und venezianischer Glanz in Serravalle\" class=\"external-featured-image wp-post-image\" \/>                <\/div>\n            <\/a>\n        \n        \n        <div class=\"bde-loop-item__wrap ee-post-wrap\">\n            \n                            <h3 class=\"ee-post-title\" >\n                    <a class=\"bde-loop-item__title-link ee-post-title-link\" href=\"https:\/\/lacortedimarga.com\/de\/museo-del-cenedese-vittorio-veneto-prezzi-opere-e-segreti\/\"  tabindex=\"-1\">\n                        Museo del Cenedese: tausend Jahre Arch\u00e4ologie, Renaissance-Kunst und venezianischer Glanz in Serravalle                    <\/a>\n                <\/h3>\n                            <div class=\"bde-loop-item__post-meta ee-post-meta\">\n                                                                                <span class=\"bde-loop-item__meta-date bde-loop-item__meta-item ee-post-meta-date ee-post-meta-item\">\n                                    13. Juni 2026                                <\/span>\n                                                \n                <\/div>\n                            <div class=\"bde-loop-item__content ee-post-content\">\n                    Wenn Sie w\u00e4hrend Ihres Aufenthalts im La Corte di Marga in Miane in die intellektuellere, anspruchsvollere und tiefgr\u00fcndigere Atmosph\u00e4re der Voralpen von Treviso eintauchen m\u00f6chten, gibt es einen Ort, den Sie unbedingt besuchen m\u00fcssen\u2026                <\/div>\n            \n        \n    \n    \n    \n                            \n            \n                    \n            \n            \n\n    \n    \n    \n    \n                            \n    <a class=\"breakdance-link button-atom button-atom--text bde-loop-item__button ee-post-button\" href=\"https:\/\/lacortedimarga.com\/de\/museo-del-cenedese-vittorio-veneto-prezzi-opere-e-segreti\/\" target=\"_self\" data-type=\"url\"  aria-label=\"Lesen Sie mehr \u00fcber das Museo del Cenedese: tausend Jahre Arch\u00e4ologie, Renaissance-Kunst und venezianischer Glanz in Serravalle\" >\n\n    \n        <span class=\"button-atom__text\">Den Artikel lesen<\/span>\n\n        \n        \n                <\/a>\n\n    \n\n\n\n\n            \n        <\/div>\n\n    <\/article>\n\n    <article class=\"bde-loop-item ee-post\" data-filters=\"9,161\">\n                                <a class=\"bde-loop-item__image-link ee-post-image-link\" href=\"https:\/\/lacortedimarga.com\/de\/museo-battaglia-vittorio-veneto-grande-guerra\/\" tabindex=\"-1\">\n                <div class=\"bde-loop-item__image ee-post-image\">\n                    <img decoding=\"async\" src=\"https:\/\/lacortedimarga.com\/wp-content\/uploads\/2026\/06\/La_Corte_di_Marga_cosa_fare_museo_della_battaglia.webp\" alt=\"Museum der Schlacht in Vittorio Veneto: Das Echo des Gro\u00dfen Krieges zwischen den Prosecco-H\u00fcgeln\" class=\"external-featured-image wp-post-image\" \/>                <\/div>\n            <\/a>\n        \n        \n        <div class=\"bde-loop-item__wrap ee-post-wrap\">\n            \n                            <h3 class=\"ee-post-title\" >\n                    <a class=\"bde-loop-item__title-link ee-post-title-link\" href=\"https:\/\/lacortedimarga.com\/de\/museo-battaglia-vittorio-veneto-grande-guerra\/\"  tabindex=\"-1\">\n                        Museum der Schlacht in Vittorio Veneto: Das Echo des Gro\u00dfen Krieges zwischen den Prosecco-H\u00fcgeln                    <\/a>\n                <\/h3>\n                            <div class=\"bde-loop-item__post-meta ee-post-meta\">\n                                                                                <span class=\"bde-loop-item__meta-date bde-loop-item__meta-item ee-post-meta-date ee-post-meta-item\">\n                                    9. Juni 2026                                <\/span>\n                                                \n                <\/div>\n                            <div class=\"bde-loop-item__content ee-post-content\">\n                    Wenn man heute durch die Weinberge von Miane spaziert oder die eleganten Ausblicke von Vittorio Veneto bewundert, kann man sich nur schwer vorstellen, dass diese idyllische Landschaft einst, vor kurzem...                <\/div>\n            \n        \n    \n    \n    \n                            \n            \n                    \n            \n            \n\n    \n    \n    \n    \n                            \n    <a class=\"breakdance-link button-atom button-atom--text bde-loop-item__button ee-post-button\" href=\"https:\/\/lacortedimarga.com\/de\/museo-battaglia-vittorio-veneto-grande-guerra\/\" target=\"_self\" data-type=\"url\"  aria-label=\"Lesen Sie mehr \u00fcber das Museo della Battaglia in Vittorio Veneto: Das Echo des Ersten Weltkriegs zwischen den Prosecco-H\u00fcgeln\" >\n\n    \n        <span class=\"button-atom__text\">Den Artikel lesen<\/span>\n\n        \n        \n                <\/a>\n\n    \n\n\n\n\n            \n        <\/div>\n\n    <\/article>\n\n    <article class=\"bde-loop-item ee-post\" data-filters=\"9,161\">\n                                <a class=\"bde-loop-item__image-link ee-post-image-link\" href=\"https:\/\/lacortedimarga.com\/de\/palazzo-minucci-de-carlo-vittorio-veneto\/\" tabindex=\"-1\">\n                <div class=\"bde-loop-item__image ee-post-image\">\n                    <img decoding=\"async\" src=\"https:\/\/lacortedimarga.com\/wp-content\/uploads\/2026\/06\/La_Corte_di_Marga_cosa_fare_palazzo_Minucci_De_Carlo.webp\" alt=\"Palazzo Minucci-De Carlo: Die unglaubliche Geschichte zwischen p\u00e4pstlichen Geheimagenten und Spionen des Ersten Weltkriegs\" class=\"external-featured-image wp-post-image\" \/>                <\/div>\n            <\/a>\n        \n        \n        <div class=\"bde-loop-item__wrap ee-post-wrap\">\n            \n                            <h3 class=\"ee-post-title\" >\n                    <a class=\"bde-loop-item__title-link ee-post-title-link\" href=\"https:\/\/lacortedimarga.com\/de\/palazzo-minucci-de-carlo-vittorio-veneto\/\"  tabindex=\"-1\">\n                        Palazzo Minucci-De Carlo: Die unglaubliche Geschichte zwischen p\u00e4pstlichen Geheimagenten und Spionen des Ersten Weltkriegs                    <\/a>\n                <\/h3>\n                            <div class=\"bde-loop-item__post-meta ee-post-meta\">\n                                                                                <span class=\"bde-loop-item__meta-date bde-loop-item__meta-item ee-post-meta-date ee-post-meta-item\">\n                                    7. Juni 2026                                <\/span>\n                                                \n                <\/div>\n                            <div class=\"bde-loop-item__content ee-post-content\">\n                    Es gibt Orte, an denen die Zeit nicht einfach stillsteht; sie ist per testamentarischer Verf\u00fcgung versteinert. Wenn Sie w\u00e4hrend Ihres Aufenthalts im La Corte di Marga in Miane...                <\/div>\n            \n        \n    \n    \n    \n                            \n            \n                    \n            \n            \n\n    \n    \n    \n    \n                            \n    <a class=\"breakdance-link button-atom button-atom--text bde-loop-item__button ee-post-button\" href=\"https:\/\/lacortedimarga.com\/de\/palazzo-minucci-de-carlo-vittorio-veneto\/\" target=\"_self\" data-type=\"url\"  aria-label=\"Lesen Sie mehr \u00fcber den Palazzo Minucci-De Carlo: die unglaubliche Geschichte \u00fcber Geheimagenten des Papstes und Spione des Ersten Weltkriegs\" >\n\n    \n        <span class=\"button-atom__text\">Den Artikel lesen<\/span>\n\n        \n        \n                <\/a>\n\n    \n\n\n\n\n            \n        <\/div>\n\n    <\/article>\n\n    <article class=\"bde-loop-item ee-post\" data-filters=\"9,161\">\n                                <a class=\"bde-loop-item__image-link ee-post-image-link\" href=\"https:\/\/lacortedimarga.com\/de\/vittorio-veneto-cosa-vedere-guida\/\" tabindex=\"-1\">\n                <div class=\"bde-loop-item__image ee-post-image\">\n                    <img decoding=\"async\" src=\"https:\/\/lacortedimarga.com\/wp-content\/uploads\/2026\/06\/La_Corte_di_Marga_cosa_fare_vittorio_veneto.webp\" alt=\"F\u00fchrer durch Vittorio Veneto: die Kulturhauptstadt der Trevigianischen Voralpen\" class=\"external-featured-image wp-post-image\" \/>                <\/div>\n            <\/a>\n        \n        \n        <div class=\"bde-loop-item__wrap ee-post-wrap\">\n            \n                            <h3 class=\"ee-post-title\" >\n                    <a class=\"bde-loop-item__title-link ee-post-title-link\" href=\"https:\/\/lacortedimarga.com\/de\/vittorio-veneto-cosa-vedere-guida\/\"  tabindex=\"-1\">\n                        F\u00fchrer durch Vittorio Veneto: die Kulturhauptstadt der Trevigianischen Voralpen                    <\/a>\n                <\/h3>\n                            <div class=\"bde-loop-item__post-meta ee-post-meta\">\n                                                                                <span class=\"bde-loop-item__meta-date bde-loop-item__meta-item ee-post-meta-date ee-post-meta-item\">\n                                    7. Juni 2026                                <\/span>\n                                                \n                <\/div>\n                            <div class=\"bde-loop-item__content ee-post-content\">\n                    Wenn Sie eine Tagesreise von La Corte di Marga in Miane aus planen, gibt es eine Stadt, die einen ganzen Tag Erkundung verdient. Geografisch g\u00fcnstig gelegen...                <\/div>\n            \n        \n    \n    \n    \n                            \n            \n                    \n            \n            \n\n    \n    \n    \n    \n                            \n    <a class=\"breakdance-link button-atom button-atom--text bde-loop-item__button ee-post-button\" href=\"https:\/\/lacortedimarga.com\/de\/vittorio-veneto-cosa-vedere-guida\/\" target=\"_self\" data-type=\"url\"  aria-label=\"Lesen Sie mehr \u00fcber Guida a Vittorio Veneto: die Kulturhauptstadt der Trevigianischen Voralpen\" >\n\n    \n        <span class=\"button-atom__text\">Den Artikel lesen<\/span>\n\n        \n        \n                <\/a>\n\n    \n\n\n\n\n            \n        <\/div>\n\n    <\/article>\n\n    <article class=\"bde-loop-item ee-post\" data-filters=\"10\">\n                                <a class=\"bde-loop-item__image-link ee-post-image-link\" href=\"https:\/\/lacortedimarga.com\/de\/matrimonio-intimo-nelle-colline-del-prosecco\/\" tabindex=\"-1\">\n                <div class=\"bde-loop-item__image ee-post-image\">\n                    <img decoding=\"async\" src=\"https:\/\/lacortedimarga.com\/wp-content\/uploads\/2026\/05\/La_Corte_di_Marga_cosa_fare_matrimoni.webp\" alt=\"Intime Hochzeit in den Prosecco-H\u00fcgeln: Die Sch\u00f6nheit der einfachen Dinge im La Corte di Marga\" class=\"external-featured-image wp-post-image\" \/>                <\/div>\n            <\/a>\n        \n        \n        <div class=\"bde-loop-item__wrap ee-post-wrap\">\n            \n                            <h3 class=\"ee-post-title\" >\n                    <a class=\"bde-loop-item__title-link ee-post-title-link\" href=\"https:\/\/lacortedimarga.com\/de\/matrimonio-intimo-nelle-colline-del-prosecco\/\"  tabindex=\"-1\">\n                        Intime Hochzeit in den Prosecco-H\u00fcgeln: Die Sch\u00f6nheit der einfachen Dinge im La Corte di Marga                    <\/a>\n                <\/h3>\n                            <div class=\"bde-loop-item__post-meta ee-post-meta\">\n                                                                                <span class=\"bde-loop-item__meta-date bde-loop-item__meta-item ee-post-meta-date ee-post-meta-item\">\n                                    5. Juni 2026                                <\/span>\n                                                \n                <\/div>\n                            <div class=\"bde-loop-item__content ee-post-content\">\n                    Wenn Sie von einer Hochzeit tr\u00e4umen, die in den Klatschspalten steht, mit Hunderten von G\u00e4sten, die Sie kaum kennen, protzigen Gastgeschenken und einem astronomischen Budget, das Ihnen den Schlaf rauben wird, halten Sie einen Moment inne...                <\/div>\n            \n        \n    \n    \n    \n                            \n            \n                    \n            \n            \n\n    \n    \n    \n    \n                            \n    <a class=\"breakdance-link button-atom button-atom--text bde-loop-item__button ee-post-button\" href=\"https:\/\/lacortedimarga.com\/de\/matrimonio-intimo-nelle-colline-del-prosecco\/\" target=\"_self\" data-type=\"url\"  aria-label=\"Mehr \u00fcber intime Hochzeiten in den Prosecco-H\u00fcgeln: Die Sch\u00f6nheit der einfachen Dinge im La Corte di Marga\" >\n\n    \n        <span class=\"button-atom__text\">Den Artikel lesen<\/span>\n\n        \n        \n                <\/a>\n\n    \n\n\n\n\n            \n        <\/div>\n\n    <\/article>\n\n    <article class=\"bde-loop-item ee-post\" data-filters=\"10\">\n                                <a class=\"bde-loop-item__image-link ee-post-image-link\" href=\"https:\/\/lacortedimarga.com\/de\/festeggiare-anniversario-colline-del-prosecco\/\" tabindex=\"-1\">\n                <div class=\"bde-loop-item__image ee-post-image\">\n                    <img loading=\"lazy\" decoding=\"async\" width=\"1500\" height=\"818\" src=\"https:\/\/lacortedimarga.com\/wp-content\/uploads\/2026\/05\/La_Corte_di_Marga_cosa_fare_anniversari.webp\" class=\"attachment-full size-full wp-post-image\" alt=\"Jubil\u00e4um in den Prosecco-H\u00fcgeln feiern: Liebe und Familie im La Corte di Marga zelebrieren\" srcset=\"https:\/\/lacortedimarga.com\/wp-content\/uploads\/2026\/05\/La_Corte_di_Marga_cosa_fare_anniversari.webp 1500w, https:\/\/lacortedimarga.com\/wp-content\/uploads\/2026\/05\/La_Corte_di_Marga_cosa_fare_anniversari-300x164.webp 300w, https:\/\/lacortedimarga.com\/wp-content\/uploads\/2026\/05\/La_Corte_di_Marga_cosa_fare_anniversari-1024x558.webp 1024w, https:\/\/lacortedimarga.com\/wp-content\/uploads\/2026\/05\/La_Corte_di_Marga_cosa_fare_anniversari-768x419.webp 768w, https:\/\/lacortedimarga.com\/wp-content\/uploads\/2026\/05\/La_Corte_di_Marga_cosa_fare_anniversari-18x10.webp 18w\" sizes=\"auto, (max-width: 1500px) 100vw, 1500px\" \/>                <\/div>\n            <\/a>\n        \n        \n        <div class=\"bde-loop-item__wrap ee-post-wrap\">\n            \n                            <h3 class=\"ee-post-title\" >\n                    <a class=\"bde-loop-item__title-link ee-post-title-link\" href=\"https:\/\/lacortedimarga.com\/de\/festeggiare-anniversario-colline-del-prosecco\/\"  tabindex=\"-1\">\n                        Jubil\u00e4um in den Prosecco-H\u00fcgeln feiern: Liebe und Familie im La Corte di Marga zelebrieren                    <\/a>\n                <\/h3>\n                            <div class=\"bde-loop-item__post-meta ee-post-meta\">\n                                                                                <span class=\"bde-loop-item__meta-date bde-loop-item__meta-item ee-post-meta-date ee-post-meta-item\">\n                                    31. Mai 2026                                <\/span>\n                                                \n                <\/div>\n                            <div class=\"bde-loop-item__content ee-post-content\">\n                    Es gibt Meilensteine im Leben, die es wert sind, in der Zeit festgehalten zu werden. Ob zehn, f\u00fcnfundzwanzig oder f\u00fcnfzig Ehejahre, ein wichtiger Jahrestag ist nicht nur die Feier\u2026                <\/div>\n            \n        \n    \n    \n    \n                            \n            \n                    \n            \n            \n\n    \n    \n    \n    \n                            \n    <a class=\"breakdance-link button-atom button-atom--text bde-loop-item__button ee-post-button\" href=\"https:\/\/lacortedimarga.com\/de\/festeggiare-anniversario-colline-del-prosecco\/\" target=\"_self\" data-type=\"url\"  aria-label=\"Mehr \u00fcber die Feier eines Jahrestages in den Prosecco-H\u00fcgeln: Liebe und Familie im La Corte di Marga feiern\" >\n\n    \n        <span class=\"button-atom__text\">Den Artikel lesen<\/span>\n\n        \n        \n                <\/a>\n\n    \n\n\n\n\n            \n        <\/div>\n\n    <\/article>\n\n    <article class=\"bde-loop-item ee-post\" data-filters=\"10\">\n                                <a class=\"bde-loop-item__image-link ee-post-image-link\" href=\"https:\/\/lacortedimarga.com\/de\/vacanze-di-gruppo-colline-del-prosecco\/\" tabindex=\"-1\">\n                <div class=\"bde-loop-item__image ee-post-image\">\n                    <img decoding=\"async\" src=\"https:\/\/lacortedimarga.com\/wp-content\/uploads\/2026\/05\/La_Corte_di_Marga_cosa_fare_ritrovo_tra_amci.webp\" alt=\"Der Wert des Wiedersehens: Wir \u00fcberbr\u00fccken die Distanzen in La Corte di Marga\" class=\"external-featured-image wp-post-image\" \/>                <\/div>\n            <\/a>\n        \n        \n        <div class=\"bde-loop-item__wrap ee-post-wrap\">\n            \n                            <h3 class=\"ee-post-title\" >\n                    <a class=\"bde-loop-item__title-link ee-post-title-link\" href=\"https:\/\/lacortedimarga.com\/de\/vacanze-di-gruppo-colline-del-prosecco\/\"  tabindex=\"-1\">\n                        Der Wert des Wiedersehens: Wir \u00fcberbr\u00fccken die Distanzen in La Corte di Marga                    <\/a>\n                <\/h3>\n                            <div class=\"bde-loop-item__post-meta ee-post-meta\">\n                                                                                <span class=\"bde-loop-item__meta-date bde-loop-item__meta-item ee-post-meta-date ee-post-meta-item\">\n                                    30. Mai 2026                                <\/span>\n                                                \n                <\/div>\n                            <div class=\"bde-loop-item__content ee-post-content\">\n                    Es gibt Bindungen, die der Alltag und die Landkarte zu trennen scheinen, die aber das Herz unversehrt bewahrt. Ob es sich um die historische Gruppe von Freunden aus der Universit\u00e4t handelt, die nun...                <\/div>\n            \n        \n    \n    \n    \n                            \n            \n                    \n            \n            \n\n    \n    \n    \n    \n                            \n    <a class=\"breakdance-link button-atom button-atom--text bde-loop-item__button ee-post-button\" href=\"https:\/\/lacortedimarga.com\/de\/vacanze-di-gruppo-colline-del-prosecco\/\" target=\"_self\" data-type=\"url\"  aria-label=\"Lesen Sie mehr \u00fcber Il valore di ritrovarsi: accorciamo le distanze a La Corte di Marga\" >\n\n    \n        <span class=\"button-atom__text\">Den Artikel lesen<\/span>\n\n        \n        \n                <\/a>\n\n    \n\n\n\n\n            \n        <\/div>\n\n    <\/article>\n\n    <article class=\"bde-loop-item ee-post\" data-filters=\"7,114\">\n                                <a class=\"bde-loop-item__image-link ee-post-image-link\" href=\"https:\/\/lacortedimarga.com\/de\/trekking-pentagono-oro-cartizze\/\" tabindex=\"-1\">\n                <div class=\"bde-loop-item__image ee-post-image\">\n                    <img decoding=\"async\" src=\"https:\/\/lacortedimarga.com\/wp-content\/uploads\/2026\/05\/La_Corte_di_Marga_cosa_anello_cartizze.webp\" alt=\"Das Goldene Pentagon des Cartizze: Das ultimative Trekking zwischen den UNESCO-Weinbergen\" class=\"external-featured-image wp-post-image\" \/>                <\/div>\n            <\/a>\n        \n        \n        <div class=\"bde-loop-item__wrap ee-post-wrap\">\n            \n                            <h3 class=\"ee-post-title\" >\n                    <a class=\"bde-loop-item__title-link ee-post-title-link\" href=\"https:\/\/lacortedimarga.com\/de\/trekking-pentagono-oro-cartizze\/\"  tabindex=\"-1\">\n                        Das Goldene Pentagon des Cartizze: Das ultimative Trekking zwischen den UNESCO-Weinbergen                    <\/a>\n                <\/h3>\n                            <div class=\"bde-loop-item__post-meta ee-post-meta\">\n                                                                                <span class=\"bde-loop-item__meta-date bde-loop-item__meta-item ee-post-meta-date ee-post-meta-item\">\n                                    27. Mai 2026                                <\/span>\n                                                \n                <\/div>\n                            <div class=\"bde-loop-item__content ee-post-content\">\n                    Es gibt ein St\u00fcck Land in den Prosecco-H\u00fcgeln von Conegliano und Valdobbiadene, das ein kostbares Geheimnis birgt. Sie nennen es das Goldene Pentagon von Cartizze: nur 107 Hektar Weinberge\u2026                <\/div>\n            \n        \n    \n    \n    \n                            \n            \n                    \n            \n            \n\n    \n    \n    \n    \n                            \n    <a class=\"breakdance-link button-atom button-atom--text bde-loop-item__button ee-post-button\" href=\"https:\/\/lacortedimarga.com\/de\/trekking-pentagono-oro-cartizze\/\" target=\"_self\" data-type=\"url\"  aria-label=\"Mehr \u00fcber Il Pentagono d\u2019Oro del Cartizze: Der ultimative Wanderweg durch die UNESCO-Weinberge\" >\n\n    \n        <span class=\"button-atom__text\">Den Artikel lesen<\/span>\n\n        \n        \n                <\/a>\n\n    \n\n\n\n\n            \n        <\/div>\n\n    <\/article>\n\n    <article class=\"bde-loop-item ee-post\" data-filters=\"9\">\n                                <a class=\"bde-loop-item__image-link ee-post-image-link\" href=\"https:\/\/lacortedimarga.com\/de\/hogbacks-geologia-sentieri-colline-prosecco\/\" tabindex=\"-1\">\n                <div class=\"bde-loop-item__image ee-post-image\">\n                    <img decoding=\"async\" src=\"https:\/\/lacortedimarga.com\/wp-content\/uploads\/2026\/05\/La_Corte_di_Marg_cosa_faare_hogbacks.webp\" alt=\"Was sind \u201cHogbacks\u201d, die geologischen Geheimnisse der Prosecco-H\u00fcgel\" class=\"external-featured-image wp-post-image\" \/>                <\/div>\n            <\/a>\n        \n        \n        <div class=\"bde-loop-item__wrap ee-post-wrap\">\n            \n                            <h3 class=\"ee-post-title\" >\n                    <a class=\"bde-loop-item__title-link ee-post-title-link\" href=\"https:\/\/lacortedimarga.com\/de\/hogbacks-geologia-sentieri-colline-prosecco\/\"  tabindex=\"-1\">\n                        Was sind \u201cHogbacks\u201d, die geologischen Geheimnisse der Prosecco-H\u00fcgel                    <\/a>\n                <\/h3>\n                            <div class=\"bde-loop-item__post-meta ee-post-meta\">\n                                                                                <span class=\"bde-loop-item__meta-date bde-loop-item__meta-item ee-post-meta-date ee-post-meta-item\">\n                                    26. Mai 2026                                <\/span>\n                                                \n                <\/div>\n                            <div class=\"bde-loop-item__content ee-post-content\">\n                    Wenn Sie durch die Weinberge von Valdobbiadene oder Miane spazieren und das Profil der H\u00fcgel betrachten, f\u00e4llt Ihnen etwas Seltsames auf. Es sind nicht die klassischen sanften und runden H\u00fcgel, an die wir gew\u00f6hnt sind\u2026                <\/div>\n            \n        \n    \n    \n    \n                            \n            \n                    \n            \n            \n\n    \n    \n    \n    \n                            \n    <a class=\"breakdance-link button-atom button-atom--text bde-loop-item__button ee-post-button\" href=\"https:\/\/lacortedimarga.com\/de\/hogbacks-geologia-sentieri-colline-prosecco\/\" target=\"_self\" data-type=\"url\"  aria-label=\"Lesen Sie mehr \u00fcber die \u201cHogbacks\u201d, die geologischen Geheimnisse der Prosecco-H\u00fcgel\" >\n\n    \n        <span class=\"button-atom__text\">Den Artikel lesen<\/span>\n\n        \n        \n                <\/a>\n\n    \n\n\n\n\n            \n        <\/div>\n\n    <\/article>\n\n    <article class=\"bde-loop-item ee-post\" data-filters=\"9,114\">\n                                <a class=\"bde-loop-item__image-link ee-post-image-link\" href=\"https:\/\/lacortedimarga.com\/de\/oltre-il-calice-perche-le-colline-del-prosecco-sono-patrimonio-dellumanita-unesco\/\" tabindex=\"-1\">\n                <div class=\"bde-loop-item__image ee-post-image\">\n                    <img decoding=\"async\" src=\"https:\/\/lacortedimarga.com\/wp-content\/uploads\/2026\/05\/Mappa-aree-Unesco.webp\" alt=\"Jenseits des Kelches: Warum die Prosecco-H\u00fcgel UNESCO-Weltkulturerbe sind\" class=\"external-featured-image wp-post-image\" \/>                <\/div>\n            <\/a>\n        \n        \n        <div class=\"bde-loop-item__wrap ee-post-wrap\">\n            \n                            <h3 class=\"ee-post-title\" >\n                    <a class=\"bde-loop-item__title-link ee-post-title-link\" href=\"https:\/\/lacortedimarga.com\/de\/oltre-il-calice-perche-le-colline-del-prosecco-sono-patrimonio-dellumanita-unesco\/\"  tabindex=\"-1\">\n                        Jenseits des Kelches: Warum die Prosecco-H\u00fcgel UNESCO-Weltkulturerbe sind                    <\/a>\n                <\/h3>\n                            <div class=\"bde-loop-item__post-meta ee-post-meta\">\n                                                                                <span class=\"bde-loop-item__meta-date bde-loop-item__meta-item ee-post-meta-date ee-post-meta-item\">\n                                    25. Mai 2026                                <\/span>\n                                                \n                <\/div>\n                            <div class=\"bde-loop-item__content ee-post-content\">\n                    Als die UNESCO 2019 \u201cDie Prosecco-H\u00fcgel von Conegliano und Valdobbiadene\u201d in die prestigetr\u00e4chtige Liste des Weltkulturerbes aufnahm, dachten viele an eine Auszeichnung f\u00fcr die globale Bekanntheit von\u2026                <\/div>\n            \n        \n    \n    \n    \n                            \n            \n                    \n            \n            \n\n    \n    \n    \n    \n                            \n    <a class=\"breakdance-link button-atom button-atom--text bde-loop-item__button ee-post-button\" href=\"https:\/\/lacortedimarga.com\/de\/oltre-il-calice-perche-le-colline-del-prosecco-sono-patrimonio-dellumanita-unesco\/\" target=\"_self\" data-type=\"url\"  aria-label=\"Lesen Sie mehr \u00fcber Oltre il Calice: Warum die Prosecco-H\u00fcgel UNESCO-Weltkulturerbe sind\" >\n\n    \n        <span class=\"button-atom__text\">Den Artikel lesen<\/span>\n\n        \n        \n                <\/a>\n\n    \n\n\n\n\n            \n        <\/div>\n\n    <\/article>\n\n    <article class=\"bde-loop-item ee-post\" data-filters=\"9,114\">\n                                <a class=\"bde-loop-item__image-link ee-post-image-link\" href=\"https:\/\/lacortedimarga.com\/de\/cosa-vedere-a-refrontolo\/\" tabindex=\"-1\">\n                <div class=\"bde-loop-item__image ee-post-image\">\n                    <img decoding=\"async\" src=\"https:\/\/lacortedimarga.com\/wp-content\/uploads\/2026\/05\/La_Corte_di_Marga_cosa_fare_molinetto_della_croda.webp\" alt=\"Was man in Refrontolo sehen kann: Zwischen dem Charme des Molinetto della Croda und dem Wein von Mozart\" class=\"external-featured-image wp-post-image\" \/>                <\/div>\n            <\/a>\n        \n        \n        <div class=\"bde-loop-item__wrap ee-post-wrap\">\n            \n                            <h3 class=\"ee-post-title\" >\n                    <a class=\"bde-loop-item__title-link ee-post-title-link\" href=\"https:\/\/lacortedimarga.com\/de\/cosa-vedere-a-refrontolo\/\"  tabindex=\"-1\">\n                        Was man in Refrontolo sehen kann: Zwischen dem Charme des Molinetto della Croda und dem Wein von Mozart                    <\/a>\n                <\/h3>\n                            <div class=\"bde-loop-item__post-meta ee-post-meta\">\n                                                                                <span class=\"bde-loop-item__meta-date bde-loop-item__meta-item ee-post-meta-date ee-post-meta-item\">\n                                    17. Mai 2026                                <\/span>\n                                                \n                <\/div>\n                            <div class=\"bde-loop-item__content ee-post-content\">\n                    Wenn Sie in La Corte di Marga in Miane \u00fcbernachten und Lust haben, einen halben Tag lang ein magisches Dorf zu entdecken, ist Refrontolo die ideale Station. Es liegt\u2026                <\/div>\n            \n        \n    \n    \n    \n                            \n            \n                    \n            \n            \n\n    \n    \n    \n    \n                            \n    <a class=\"breakdance-link button-atom button-atom--text bde-loop-item__button ee-post-button\" href=\"https:\/\/lacortedimarga.com\/de\/cosa-vedere-a-refrontolo\/\" target=\"_self\" data-type=\"url\"  aria-label=\"Lesen Sie mehr \u00fcber Cosa vedere a Refrontolo: zwischen dem Charme des Molinetto della Croda und dem Wein von Mozart\" >\n\n    \n        <span class=\"button-atom__text\">Den Artikel lesen<\/span>\n\n        \n        \n                <\/a>\n\n    \n\n\n\n\n            \n        <\/div>\n\n    <\/article>\n\n    <article class=\"bde-loop-item ee-post\" data-filters=\"9,161\">\n                                <a class=\"bde-loop-item__image-link ee-post-image-link\" href=\"https:\/\/lacortedimarga.com\/de\/lanificio-paoletti-la-trama-che-unisce-i-secoli-a-follina\/\" tabindex=\"-1\">\n                <div class=\"bde-loop-item__image ee-post-image\">\n                    <img decoding=\"async\" src=\"https:\/\/lacortedimarga.com\/wp-content\/uploads\/2026\/05\/La_Corte_di_Marga_cosa_fare_lanificio_paoletti.webp\" alt=\"Lanificio Paoletti: Der Faden, der die Jahrhunderte in Follina verbindet\" class=\"external-featured-image wp-post-image\" \/>                <\/div>\n            <\/a>\n        \n        \n        <div class=\"bde-loop-item__wrap ee-post-wrap\">\n            \n                            <h3 class=\"ee-post-title\" >\n                    <a class=\"bde-loop-item__title-link ee-post-title-link\" href=\"https:\/\/lacortedimarga.com\/de\/lanificio-paoletti-la-trama-che-unisce-i-secoli-a-follina\/\"  tabindex=\"-1\">\n                        Lanificio Paoletti: Der Faden, der die Jahrhunderte in Follina verbindet                    <\/a>\n                <\/h3>\n                            <div class=\"bde-loop-item__post-meta ee-post-meta\">\n                                                                                <span class=\"bde-loop-item__meta-date bde-loop-item__meta-item ee-post-meta-date ee-post-meta-item\">\n                                    14. Mai 2026                                <\/span>\n                                                \n                <\/div>\n                            <div class=\"bde-loop-item__content ee-post-content\">\n                    Es gibt Geschichten, die man nicht lesen, sondern nur erf\u00fchlen kann. F\u00fcr die G\u00e4ste der Marga-Burg beginnt die Zeitreise nur 2,5 Kilometer entfernt im Weiler\u2026                <\/div>\n            \n        \n    \n    \n    \n                            \n            \n                    \n            \n            \n\n    \n    \n    \n    \n                            \n    <a class=\"breakdance-link button-atom button-atom--text bde-loop-item__button ee-post-button\" href=\"https:\/\/lacortedimarga.com\/de\/lanificio-paoletti-la-trama-che-unisce-i-secoli-a-follina\/\" target=\"_self\" data-type=\"url\"  aria-label=\"Mehr \u00fcber Lanificio Paoletti: La Trama che Unisce i Secoli a Follina\" >\n\n    \n        <span class=\"button-atom__text\">Den Artikel lesen<\/span>\n\n        \n        \n                <\/a>\n\n    \n\n\n\n\n            \n        <\/div>\n\n    <\/article>\n\n    <article class=\"bde-loop-item ee-post\" data-filters=\"6,13\">\n                                <a class=\"bde-loop-item__image-link ee-post-image-link\" href=\"https:\/\/lacortedimarga.com\/de\/tiramisu-treviso-storia-leggende-origini\/\" tabindex=\"-1\">\n                <div class=\"bde-loop-item__image ee-post-image\">\n                    <img decoding=\"async\" src=\"https:\/\/lacortedimarga.com\/wp-content\/uploads\/2026\/05\/La_Corte_di_Marga_cosa_mangiare_tiramisu.webp\" alt=\"Tiramis\u00f9: Die Alchemie von Treviso zwischen Hingabe, Mythos und historischer Wahrheit\" class=\"external-featured-image wp-post-image\" \/>                <\/div>\n            <\/a>\n        \n        \n        <div class=\"bde-loop-item__wrap ee-post-wrap\">\n            \n                            <h3 class=\"ee-post-title\" >\n                    <a class=\"bde-loop-item__title-link ee-post-title-link\" href=\"https:\/\/lacortedimarga.com\/de\/tiramisu-treviso-storia-leggende-origini\/\"  tabindex=\"-1\">\n                        Tiramis\u00f9: Die Alchemie von Treviso zwischen Hingabe, Mythos und historischer Wahrheit                    <\/a>\n                <\/h3>\n                            <div class=\"bde-loop-item__post-meta ee-post-meta\">\n                                                                                <span class=\"bde-loop-item__meta-date bde-loop-item__meta-item ee-post-meta-date ee-post-meta-item\">\n                                    13. Mai 2026                                <\/span>\n                                                \n                <\/div>\n                            <div class=\"bde-loop-item__content ee-post-content\">\n                    In diesem Artikel sprechen wir \u00fcber einen der vielen Gr\u00fcnde, warum Sie Ihren Urlaub in den Prosecco-H\u00fcgeln verbringen sollten: Tiramis\u00f9. Tiramis\u00f9 ist kein einfacher\u2026                <\/div>\n            \n        \n    \n    \n    \n                            \n            \n                    \n            \n            \n\n    \n    \n    \n    \n                            \n    <a class=\"breakdance-link button-atom button-atom--text bde-loop-item__button ee-post-button\" href=\"https:\/\/lacortedimarga.com\/de\/tiramisu-treviso-storia-leggende-origini\/\" target=\"_self\" data-type=\"url\"  aria-label=\"Mehr \u00fcber Tiramis\u00f9 erfahren: Die Alchemie von Treviso zwischen Hingabe, Mythos und historischer Wahrheit\" >\n\n    \n        <span class=\"button-atom__text\">Den Artikel lesen<\/span>\n\n        \n        \n                <\/a>\n\n    \n\n\n\n\n            \n        <\/div>\n\n    <\/article>\n\n    <article class=\"bde-loop-item ee-post\" data-filters=\"9,161\">\n                                <a class=\"bde-loop-item__image-link ee-post-image-link\" href=\"https:\/\/lacortedimarga.com\/de\/treviso-urbs-picta-storia-canali-portici\/\" tabindex=\"-1\">\n                <div class=\"bde-loop-item__image ee-post-image\">\n                    <img decoding=\"async\" src=\"https:\/\/lacortedimarga.com\/wp-content\/uploads\/2026\/05\/La_Corte_di_Marga_cosa_fare_treviso.webp\" alt=\"Treviso: Das R\u00e4tsel der \u201cUrbs Picta\u201d und das Herz der &quot;Marca Amorosa&quot;\" class=\"external-featured-image wp-post-image\" \/>                <\/div>\n            <\/a>\n        \n        \n        <div class=\"bde-loop-item__wrap ee-post-wrap\">\n            \n                            <h3 class=\"ee-post-title\" >\n                    <a class=\"bde-loop-item__title-link ee-post-title-link\" href=\"https:\/\/lacortedimarga.com\/de\/treviso-urbs-picta-storia-canali-portici\/\"  tabindex=\"-1\">\n                        Treviso: Das R\u00e4tsel der \u201cUrbs Picta\u201d und das Herz der \"Marca Amorosa\"                    <\/a>\n                <\/h3>\n                            <div class=\"bde-loop-item__post-meta ee-post-meta\">\n                                                                                <span class=\"bde-loop-item__meta-date bde-loop-item__meta-item ee-post-meta-date ee-post-meta-item\">\n                                    13. Mai 2026                                <\/span>\n                                                \n                <\/div>\n                            <div class=\"bde-loop-item__content ee-post-content\">\n                    Es gibt ein Treviso, das man auf keiner Navigationskarte findet. Es ist das Treviso, das Dante Alighieri in seiner G\u00f6ttlichen Kom\u00f6die erw\u00e4hnte, jenes, das die Dichter des 13. Jahrhunderts \u201cGioiosa et Amorosa\u201d nannten....                <\/div>\n            \n        \n    \n    \n    \n                            \n            \n                    \n            \n            \n\n    \n    \n    \n    \n                            \n    <a class=\"breakdance-link button-atom button-atom--text bde-loop-item__button ee-post-button\" href=\"https:\/\/lacortedimarga.com\/de\/treviso-urbs-picta-storia-canali-portici\/\" target=\"_self\" data-type=\"url\"  aria-label=\"Mehr erfahren \u00fcber Treviso: Das R\u00e4tsel der \u201cUrbs Picta\u201d und das Herz der \u201eMarca Amorosa\u201c\" >\n\n    \n        <span class=\"button-atom__text\">Den Artikel lesen<\/span>\n\n        \n        \n                <\/a>\n\n    \n\n\n\n\n            \n        <\/div>\n\n    <\/article>\n\n    <article class=\"bde-loop-item ee-post\" data-filters=\"9,161\">\n                                <a class=\"bde-loop-item__image-link ee-post-image-link\" href=\"https:\/\/lacortedimarga.com\/de\/gypsoteca-canova-possagno-guida-completa-pioggia\/\" tabindex=\"-1\">\n                <div class=\"bde-loop-item__image ee-post-image\">\n                    <img decoding=\"async\" src=\"https:\/\/lacortedimarga.com\/wp-content\/uploads\/2026\/05\/La_Corte_di_Marga_cosa_fare_gypsoteca.webp\" alt=\"Der Tempel der Sch\u00f6nheit: Eine Reise in Canovas Denken zwischen Gips und Licht\" class=\"external-featured-image wp-post-image\" \/>                <\/div>\n            <\/a>\n        \n        \n        <div class=\"bde-loop-item__wrap ee-post-wrap\">\n            \n                            <h3 class=\"ee-post-title\" >\n                    <a class=\"bde-loop-item__title-link ee-post-title-link\" href=\"https:\/\/lacortedimarga.com\/de\/gypsoteca-canova-possagno-guida-completa-pioggia\/\"  tabindex=\"-1\">\n                        Der Tempel der Sch\u00f6nheit: Eine Reise in Canovas Denken zwischen Gips und Licht                    <\/a>\n                <\/h3>\n                            <div class=\"bde-loop-item__post-meta ee-post-meta\">\n                                                                                <span class=\"bde-loop-item__meta-date bde-loop-item__meta-item ee-post-meta-date ee-post-meta-item\">\n                                    13. Mai 2026                                <\/span>\n                                                \n                <\/div>\n                            <div class=\"bde-loop-item__content ee-post-content\">\n                    Es gibt Orte, die dazu bestimmt scheinen, die Stille zu h\u00fcten. Wenn der Regen die Grappa-Berge und die H\u00fcgel von Possagno umh\u00fcllt, verwandelt sich die Gypsotheca Antonio Canova in...                <\/div>\n            \n        \n    \n    \n    \n                            \n            \n                    \n            \n            \n\n    \n    \n    \n    \n                            \n    <a class=\"breakdance-link button-atom button-atom--text bde-loop-item__button ee-post-button\" href=\"https:\/\/lacortedimarga.com\/de\/gypsoteca-canova-possagno-guida-completa-pioggia\/\" target=\"_self\" data-type=\"url\"  aria-label=\"Lesen Sie mehr \u00fcber Il Tempio della Bellezza: Eine Reise in Canovas Denken zwischen Gips und Licht\" >\n\n    \n        <span class=\"button-atom__text\">Den Artikel lesen<\/span>\n\n        \n        \n                <\/a>\n\n    \n\n\n\n\n            \n        <\/div>\n\n    <\/article>\n\n    <article class=\"bde-loop-item ee-post\" data-filters=\"9,161\">\n                                <a class=\"bde-loop-item__image-link ee-post-image-link\" href=\"https:\/\/lacortedimarga.com\/de\/tipoteca-italiana-cornuda-guida-visita-pioggia\/\" tabindex=\"-1\">\n                <div class=\"bde-loop-item__image ee-post-image\">\n                    <img decoding=\"async\" src=\"https:\/\/lacortedimarga.com\/wp-content\/uploads\/2026\/05\/La_Corte_di_Marga_cosa_fare_tipoteca.webp\" alt=\"Tipoteca Italiana: Der Charakter der Geschichte zwischen Tinte und Industriekultur\" class=\"external-featured-image wp-post-image\" \/>                <\/div>\n            <\/a>\n        \n        \n        <div class=\"bde-loop-item__wrap ee-post-wrap\">\n            \n                            <h3 class=\"ee-post-title\" >\n                    <a class=\"bde-loop-item__title-link ee-post-title-link\" href=\"https:\/\/lacortedimarga.com\/de\/tipoteca-italiana-cornuda-guida-visita-pioggia\/\"  tabindex=\"-1\">\n                        Tipoteca Italiana: Der Charakter der Geschichte zwischen Tinte und Industriekultur                    <\/a>\n                <\/h3>\n                            <div class=\"bde-loop-item__post-meta ee-post-meta\">\n                                                                                <span class=\"bde-loop-item__meta-date bde-loop-item__meta-item ee-post-meta-date ee-post-meta-item\">\n                                    12. Mai 2026                                <\/span>\n                                                \n                <\/div>\n                            <div class=\"bde-loop-item__content ee-post-content\">\n                    Wenn die Tage regnerisch sind und mich meine G\u00e4ste nach Tipps f\u00fcr Besichtigungen und Erlebnisse fragen, versuche ich sie immer, unter den verschiedenen Angeboten der Region, nach Cornuda zu leiten, wo das Herz...                <\/div>\n            \n        \n    \n    \n    \n                            \n            \n                    \n            \n            \n\n    \n    \n    \n    \n                            \n    <a class=\"breakdance-link button-atom button-atom--text bde-loop-item__button ee-post-button\" href=\"https:\/\/lacortedimarga.com\/de\/tipoteca-italiana-cornuda-guida-visita-pioggia\/\" target=\"_self\" data-type=\"url\"  aria-label=\"Lesen Sie mehr \u00fcber Tipoteca Italiana: Il Carattere della Storia tra Inchiostro e Archeologia Industriale\" >\n\n    \n        <span class=\"button-atom__text\">Den Artikel lesen<\/span>\n\n        \n        \n                <\/a>\n\n    \n\n\n\n\n            \n        <\/div>\n\n    <\/article>\n\n    <article class=\"bde-loop-item ee-post\" data-filters=\"7,114\">\n                                <a class=\"bde-loop-item__image-link ee-post-image-link\" href=\"https:\/\/lacortedimarga.com\/de\/trekking-pianezze-miane-laghetto\/\" tabindex=\"-1\">\n                <div class=\"bde-loop-item__image ee-post-image\">\n                    <img decoding=\"async\" src=\"https:\/\/lacortedimarga.com\/wp-content\/uploads\/2026\/05\/La_Corte_di_Marga_cosa_fare_sentiero_cai_988.webp\" alt=\"Trekking: Pianezze di Miane, zwischen Spiegeln des Wassers und \u201cgeheimen\u201d Wegen\u201d\" class=\"external-featured-image wp-post-image\" \/>                <\/div>\n            <\/a>\n        \n        \n        <div class=\"bde-loop-item__wrap ee-post-wrap\">\n            \n                            <h3 class=\"ee-post-title\" >\n                    <a class=\"bde-loop-item__title-link ee-post-title-link\" href=\"https:\/\/lacortedimarga.com\/de\/trekking-pianezze-miane-laghetto\/\"  tabindex=\"-1\">\n                        Trekking: Pianezze di Miane, zwischen Spiegeln des Wassers und \u201cgeheimen\u201d Wegen\u201d                    <\/a>\n                <\/h3>\n                            <div class=\"bde-loop-item__post-meta ee-post-meta\">\n                                                                                <span class=\"bde-loop-item__meta-date bde-loop-item__meta-item ee-post-meta-date ee-post-meta-item\">\n                                    11. Mai 2026                                <\/span>\n                                                \n                <\/div>\n                            <div class=\"bde-loop-item__content ee-post-content\">\n                    Wenn Sie auf der Suche nach einer Wanderung sind, die die wilde und kontemplative Seele der Voralpen widerspiegelt, ist der Weg nach Pianezze di Miane ein un\u00fcbersehbares Juwel. Hier, auf 830 Metern H\u00f6he, \u00f6ffnet sich die Lichtung...                <\/div>\n            \n        \n    \n    \n    \n                            \n            \n                    \n            \n            \n\n    \n    \n    \n    \n                            \n    <a class=\"breakdance-link button-atom button-atom--text bde-loop-item__button ee-post-button\" href=\"https:\/\/lacortedimarga.com\/de\/trekking-pianezze-miane-laghetto\/\" target=\"_self\" data-type=\"url\"  aria-label=\"Lesen Sie mehr \u00fcber Trekking: Pianezze di Miane, zwischen Wasserspiegeln und \u201cgeheimen\u201d Wegen\u201d\" >\n\n    \n        <span class=\"button-atom__text\">Den Artikel lesen<\/span>\n\n        \n        \n                <\/a>\n\n    \n\n\n\n\n            \n        <\/div>\n\n    <\/article>\n\n    <article class=\"bde-loop-item ee-post\" data-filters=\"9,161\">\n                                <a class=\"bde-loop-item__image-link ee-post-image-link\" href=\"https:\/\/lacortedimarga.com\/de\/villa-sandi-miane-cosa-fare-quando-piove\/\" tabindex=\"-1\">\n                <div class=\"bde-loop-item__image ee-post-image\">\n                    <img decoding=\"async\" src=\"https:\/\/lacortedimarga.com\/wp-content\/uploads\/2026\/05\/La_Corte_di_Marga_cosa_fare_Villa_Sandi.webp\" alt=\"Jenseits des Kelches: Die emotionale Reise ins Herz der Villa Sandi\" class=\"external-featured-image wp-post-image\" \/>                <\/div>\n            <\/a>\n        \n        \n        <div class=\"bde-loop-item__wrap ee-post-wrap\">\n            \n                            <h3 class=\"ee-post-title\" >\n                    <a class=\"bde-loop-item__title-link ee-post-title-link\" href=\"https:\/\/lacortedimarga.com\/de\/villa-sandi-miane-cosa-fare-quando-piove\/\"  tabindex=\"-1\">\n                        Jenseits des Kelches: Die emotionale Reise ins Herz der Villa Sandi                    <\/a>\n                <\/h3>\n                            <div class=\"bde-loop-item__post-meta ee-post-meta\">\n                                                                                <span class=\"bde-loop-item__meta-date bde-loop-item__meta-item ee-post-meta-date ee-post-meta-item\">\n                                    9. Mai 2026                                <\/span>\n                                                \n                <\/div>\n                            <div class=\"bde-loop-item__content ee-post-content\">\n                    Es gibt Orte, an denen die Zeit nicht verrinnt, sondern sich ablagert und sich in Stein, Duft und Geschmack verwandelt. Wenn der Schleierregen der Marca Trevigiana die H\u00fcgel umh\u00fcllt, gibt es eine Zuflucht, die nicht...                <\/div>\n            \n        \n    \n    \n    \n                            \n            \n                    \n            \n            \n\n    \n    \n    \n    \n                            \n    <a class=\"breakdance-link button-atom button-atom--text bde-loop-item__button ee-post-button\" href=\"https:\/\/lacortedimarga.com\/de\/villa-sandi-miane-cosa-fare-quando-piove\/\" target=\"_self\" data-type=\"url\"  aria-label=\"Mehr erfahren \u00fcber Oltre il Calice: Die emotionale Reise ins Herz der Villa Sandi\" >\n\n    \n        <span class=\"button-atom__text\">Den Artikel lesen<\/span>\n\n        \n        \n                <\/a>\n\n    \n\n\n\n\n            \n        <\/div>\n\n    <\/article>\n\n    <article class=\"bde-loop-item ee-post\" data-filters=\"6,156\">\n                                <a class=\"bde-loop-item__image-link ee-post-image-link\" href=\"https:\/\/lacortedimarga.com\/de\/osteria-del-contadin-combai-storia-miane\/\" tabindex=\"-1\">\n                <div class=\"bde-loop-item__image ee-post-image\">\n                    <img decoding=\"async\" src=\"https:\/\/lacortedimarga.com\/wp-content\/uploads\/2026\/05\/La_Corte_di_Marga_cosa_mangiare_osteria_del_contadin.webp\" alt=\"Osteria del Contadin: 125 Jahre gastronomischer Widerstand in Combai\" class=\"external-featured-image wp-post-image\" \/>                <\/div>\n            <\/a>\n        \n        \n        <div class=\"bde-loop-item__wrap ee-post-wrap\">\n            \n                            <h3 class=\"ee-post-title\" >\n                    <a class=\"bde-loop-item__title-link ee-post-title-link\" href=\"https:\/\/lacortedimarga.com\/de\/osteria-del-contadin-combai-storia-miane\/\"  tabindex=\"-1\">\n                        Osteria del Contadin: 125 Jahre gastronomischer Widerstand in Combai                    <\/a>\n                <\/h3>\n                            <div class=\"bde-loop-item__post-meta ee-post-meta\">\n                                                                                <span class=\"bde-loop-item__meta-date bde-loop-item__meta-item ee-post-meta-date ee-post-meta-item\">\n                                    6. Mai 2026                                <\/span>\n                                                \n                <\/div>\n                            <div class=\"bde-loop-item__content ee-post-content\">\n                    Eine der beliebtesten Sektionen unserer Website ist diejenige, die den empfohlenen Restaurants gewidmet ist, da viele unserer G\u00e4ste Ausl\u00e4nder sind oder die Gegenden, in denen wir uns befinden, nicht kennen\u2026                <\/div>\n            \n        \n    \n    \n    \n                            \n            \n                    \n            \n            \n\n    \n    \n    \n    \n                            \n    <a class=\"breakdance-link button-atom button-atom--text bde-loop-item__button ee-post-button\" href=\"https:\/\/lacortedimarga.com\/de\/osteria-del-contadin-combai-storia-miane\/\" target=\"_self\" data-type=\"url\"  aria-label=\"Lesen Sie mehr \u00fcber Osteria del Contadin: 125 Jahre gastronomischer Widerstand in Combai\" >\n\n    \n        <span class=\"button-atom__text\">Den Artikel lesen<\/span>\n\n        \n        \n                <\/a>\n\n    \n\n\n\n\n            \n        <\/div>\n\n    <\/article>\n\n    <article class=\"bde-loop-item ee-post\" data-filters=\"7,9\">\n                                <a class=\"bde-loop-item__image-link ee-post-image-link\" href=\"https:\/\/lacortedimarga.com\/de\/trekking-profondo-val-trippera-sentiero-19-san-pietro-di-feletto-mulini\/\" tabindex=\"-1\">\n                <div class=\"bde-loop-item__image ee-post-image\">\n                    <img decoding=\"async\" src=\"https:\/\/lacortedimarga.com\/wp-content\/uploads\/2026\/05\/La_Corte_di_Marga_cosa_fare_anello_val_trippera.webp\" alt=\"Val Trippera: Trekking im Urgrund der Voralpen (Weg 19)\" class=\"external-featured-image wp-post-image\" \/>                <\/div>\n            <\/a>\n        \n        \n        <div class=\"bde-loop-item__wrap ee-post-wrap\">\n            \n                            <h3 class=\"ee-post-title\" >\n                    <a class=\"bde-loop-item__title-link ee-post-title-link\" href=\"https:\/\/lacortedimarga.com\/de\/trekking-profondo-val-trippera-sentiero-19-san-pietro-di-feletto-mulini\/\"  tabindex=\"-1\">\n                        Val Trippera: Trekking im Urgrund der Voralpen (Weg 19)                    <\/a>\n                <\/h3>\n                            <div class=\"bde-loop-item__post-meta ee-post-meta\">\n                                                                                <span class=\"bde-loop-item__meta-date bde-loop-item__meta-item ee-post-meta-date ee-post-meta-item\">\n                                    5. Mai 2026                                <\/span>\n                                                \n                <\/div>\n                            <div class=\"bde-loop-item__content ee-post-content\">\n                    Diese Route ist ein \u201ctotales\u201d Erlebnis, das die sakrale Kunst der jahrtausendealten Pieve di San Pietro di Feletto (12. Jh.) mit der rohen und urspr\u00fcnglichen Natur des Val Trippera verbindet. Der Weg,...                <\/div>\n            \n        \n    \n    \n    \n                            \n            \n                    \n            \n            \n\n    \n    \n    \n    \n                            \n    <a class=\"breakdance-link button-atom button-atom--text bde-loop-item__button ee-post-button\" href=\"https:\/\/lacortedimarga.com\/de\/trekking-profondo-val-trippera-sentiero-19-san-pietro-di-feletto-mulini\/\" target=\"_self\" data-type=\"url\"  aria-label=\"Mehr \u00fcber Val Trippera erfahren: Trekking im Ursprungsatem der Voralpen (Weg 19)\" >\n\n    \n        <span class=\"button-atom__text\">Den Artikel lesen<\/span>\n\n        \n        \n                <\/a>\n\n    \n\n\n\n\n            \n        <\/div>\n\n    <\/article>\n\n    <article class=\"bde-loop-item ee-post\" data-filters=\"7,114\">\n                                <a class=\"bde-loop-item__image-link ee-post-image-link\" href=\"https:\/\/lacortedimarga.com\/de\/trekking-trincee-montagnola-valdobbiadene-prosecco-grande-guerra\/\" tabindex=\"-1\">\n                <div class=\"bde-loop-item__image ee-post-image\">\n                    <img decoding=\"async\" src=\"https:\/\/lacortedimarga.com\/wp-content\/uploads\/2026\/04\/La_Corte_di_Marga_cosa_fare_anello_montagnola.webp\" alt=\"Trekking zwischen Geschichte und Blasen: Die Sch\u00fctzengr\u00e4ben der Montagnola und die Weinberge von Ponteggio\" class=\"external-featured-image wp-post-image\" \/>                <\/div>\n            <\/a>\n        \n        \n        <div class=\"bde-loop-item__wrap ee-post-wrap\">\n            \n                            <h3 class=\"ee-post-title\" >\n                    <a class=\"bde-loop-item__title-link ee-post-title-link\" href=\"https:\/\/lacortedimarga.com\/de\/trekking-trincee-montagnola-valdobbiadene-prosecco-grande-guerra\/\"  tabindex=\"-1\">\n                        Trekking zwischen Geschichte und Blasen: Die Sch\u00fctzengr\u00e4ben der Montagnola und die Weinberge von Ponteggio                    <\/a>\n                <\/h3>\n                            <div class=\"bde-loop-item__post-meta ee-post-meta\">\n                                                                                <span class=\"bde-loop-item__meta-date bde-loop-item__meta-item ee-post-meta-date ee-post-meta-item\">\n                                    30. April 2026                                <\/span>\n                                                \n                <\/div>\n                            <div class=\"bde-loop-item__content ee-post-content\">\n                    Es gibt Wege, die einen nicht nur gehen lassen, sondern in der Zeit zur\u00fcckversetzen. Der Montagnola-Weg, nur wenige Minuten von Valdobbiadene entfernt, ist einer davon. Es ist ein Spaziergang\u2026                <\/div>\n            \n        \n    \n    \n    \n                            \n            \n                    \n            \n            \n\n    \n    \n    \n    \n                            \n    <a class=\"breakdance-link button-atom button-atom--text bde-loop-item__button ee-post-button\" href=\"https:\/\/lacortedimarga.com\/de\/trekking-trincee-montagnola-valdobbiadene-prosecco-grande-guerra\/\" target=\"_self\" data-type=\"url\"  aria-label=\"Lesen Sie mehr \u00fcber Trekking zwischen Geschichte und Bl\u00e4schen: Die Gr\u00e4ben der Montagnola und die Weinberge von Ponteggio\" >\n\n    \n        <span class=\"button-atom__text\">Den Artikel lesen<\/span>\n\n        \n        \n                <\/a>\n\n    \n\n\n\n\n            \n        <\/div>\n\n    <\/article>\n\n    <article class=\"bde-loop-item ee-post\" data-filters=\"7,114\">\n                                <a class=\"bde-loop-item__image-link ee-post-image-link\" href=\"https:\/\/lacortedimarga.com\/de\/giro-delle-malghe-rifugio-posa-puner-miane\/\" tabindex=\"-1\">\n                <div class=\"bde-loop-item__image ee-post-image\">\n                    <img loading=\"lazy\" decoding=\"async\" width=\"1500\" height=\"818\" src=\"https:\/\/lacortedimarga.com\/wp-content\/uploads\/2026\/04\/La_Corte_di_Marga_cosa_fare_giro_delle_malghe.webp\" class=\"attachment-full size-full wp-post-image\" alt=\"Die Almrundfahrt: Hochgebirgswanderung von der Posa Puner H\u00fctte\" srcset=\"https:\/\/lacortedimarga.com\/wp-content\/uploads\/2026\/04\/La_Corte_di_Marga_cosa_fare_giro_delle_malghe.webp 1500w, https:\/\/lacortedimarga.com\/wp-content\/uploads\/2026\/04\/La_Corte_di_Marga_cosa_fare_giro_delle_malghe-300x164.webp 300w, https:\/\/lacortedimarga.com\/wp-content\/uploads\/2026\/04\/La_Corte_di_Marga_cosa_fare_giro_delle_malghe-1024x558.webp 1024w, https:\/\/lacortedimarga.com\/wp-content\/uploads\/2026\/04\/La_Corte_di_Marga_cosa_fare_giro_delle_malghe-768x419.webp 768w, https:\/\/lacortedimarga.com\/wp-content\/uploads\/2026\/04\/La_Corte_di_Marga_cosa_fare_giro_delle_malghe-18x10.webp 18w\" sizes=\"auto, (max-width: 1500px) 100vw, 1500px\" \/>                <\/div>\n            <\/a>\n        \n        \n        <div class=\"bde-loop-item__wrap ee-post-wrap\">\n            \n                            <h3 class=\"ee-post-title\" >\n                    <a class=\"bde-loop-item__title-link ee-post-title-link\" href=\"https:\/\/lacortedimarga.com\/de\/giro-delle-malghe-rifugio-posa-puner-miane\/\"  tabindex=\"-1\">\n                        Die Almrundfahrt: Hochgebirgswanderung von der Posa Puner H\u00fctte                    <\/a>\n                <\/h3>\n                            <div class=\"bde-loop-item__post-meta ee-post-meta\">\n                                                                                <span class=\"bde-loop-item__meta-date bde-loop-item__meta-item ee-post-meta-date ee-post-meta-item\">\n                                    29. April 2026                                <\/span>\n                                                \n                <\/div>\n                            <div class=\"bde-loop-item__content ee-post-content\">\n                    Jenseits der Wolken: die authentische Seele der Voralpen zum Greifen nah am Himmel. Stellen Sie sich vor, Sie lassen das geordnete Stickmuster der Weinberge von Miane hinter sich und steigen empor, wo die Luft\u2026                <\/div>\n            \n        \n    \n    \n    \n                            \n            \n                    \n            \n            \n\n    \n    \n    \n    \n                            \n    <a class=\"breakdance-link button-atom button-atom--text bde-loop-item__button ee-post-button\" href=\"https:\/\/lacortedimarga.com\/de\/giro-delle-malghe-rifugio-posa-puner-miane\/\" target=\"_self\" data-type=\"url\"  aria-label=\"Mehr \u00fcber den Giro delle Malghe: Hochgebirgswanderung von der Posa Puner H\u00fctte\" >\n\n    \n        <span class=\"button-atom__text\">Den Artikel lesen<\/span>\n\n        \n        \n                <\/a>\n\n    \n\n\n\n\n            \n        <\/div>\n\n    <\/article>\n\n    <article class=\"bde-loop-item ee-post\" data-filters=\"6,13\">\n                                <a class=\"bde-loop-item__image-link ee-post-image-link\" href=\"https:\/\/lacortedimarga.com\/de\/verdiso-storia-tecnica-degustazione\/\" tabindex=\"-1\">\n                <div class=\"bde-loop-item__image ee-post-image\">\n                    <img loading=\"lazy\" decoding=\"async\" width=\"1500\" height=\"818\" src=\"https:\/\/lacortedimarga.com\/wp-content\/uploads\/2026\/04\/La_Corte_di_Marga_cosa_fare_degustazioni_verdiso.webp\" class=\"attachment-full size-full wp-post-image\" alt=\"Il Verdiso: Geschichte, Technik und Seele einer widerstandsf\u00e4higen Rebsorte\" srcset=\"https:\/\/lacortedimarga.com\/wp-content\/uploads\/2026\/04\/La_Corte_di_Marga_cosa_fare_degustazioni_verdiso.webp 1500w, https:\/\/lacortedimarga.com\/wp-content\/uploads\/2026\/04\/La_Corte_di_Marga_cosa_fare_degustazioni_verdiso-300x164.webp 300w, https:\/\/lacortedimarga.com\/wp-content\/uploads\/2026\/04\/La_Corte_di_Marga_cosa_fare_degustazioni_verdiso-1024x558.webp 1024w, https:\/\/lacortedimarga.com\/wp-content\/uploads\/2026\/04\/La_Corte_di_Marga_cosa_fare_degustazioni_verdiso-768x419.webp 768w, https:\/\/lacortedimarga.com\/wp-content\/uploads\/2026\/04\/La_Corte_di_Marga_cosa_fare_degustazioni_verdiso-18x10.webp 18w\" sizes=\"auto, (max-width: 1500px) 100vw, 1500px\" \/>                <\/div>\n            <\/a>\n        \n        \n        <div class=\"bde-loop-item__wrap ee-post-wrap\">\n            \n                            <h3 class=\"ee-post-title\" >\n                    <a class=\"bde-loop-item__title-link ee-post-title-link\" href=\"https:\/\/lacortedimarga.com\/de\/verdiso-storia-tecnica-degustazione\/\"  tabindex=\"-1\">\n                        Il Verdiso: Geschichte, Technik und Seele einer widerstandsf\u00e4higen Rebsorte                    <\/a>\n                <\/h3>\n                            <div class=\"bde-loop-item__post-meta ee-post-meta\">\n                                                                                <span class=\"bde-loop-item__meta-date bde-loop-item__meta-item ee-post-meta-date ee-post-meta-item\">\n                                    29. April 2026                                <\/span>\n                                                \n                <\/div>\n                            <div class=\"bde-loop-item__content ee-post-content\">\n                    W\u00e4hrend die Welt auf unsere H\u00fcgel blickt, um den globalen Erfolg des Proseccos zu sehen, blicken wir bei La Corte di Marga lieber auf die tieferen und stilleren Wurzeln\u2026                <\/div>\n            \n        \n    \n    \n    \n                            \n            \n                    \n            \n            \n\n    \n    \n    \n    \n                            \n    <a class=\"breakdance-link button-atom button-atom--text bde-loop-item__button ee-post-button\" href=\"https:\/\/lacortedimarga.com\/de\/verdiso-storia-tecnica-degustazione\/\" target=\"_self\" data-type=\"url\"  aria-label=\"Mehr erfahren \u00fcber Il Verdiso: Geschichte, Technik und Seele einer widerstandsf\u00e4higen Rebsorte\" >\n\n    \n        <span class=\"button-atom__text\">Den Artikel lesen<\/span>\n\n        \n        \n                <\/a>\n\n    \n\n\n\n\n            \n        <\/div>\n\n    <\/article>\n\n    <article class=\"bde-loop-item ee-post\" data-filters=\"9\">\n                                <a class=\"bde-loop-item__image-link ee-post-image-link\" href=\"https:\/\/lacortedimarga.com\/de\/luoghi-instagrammabili-fotografia-colline-prosecco-unesco\/\" tabindex=\"-1\">\n                <div class=\"bde-loop-item__image ee-post-image\">\n                    <img decoding=\"async\" src=\"https:\/\/lacortedimarga.com\/wp-content\/uploads\/2026\/04\/La_Corte_di_Marga_cosa_fare_fotografia.webp\" alt=\"Fotografieren der H\u00fcgel: die \u201cinstagrammable\u201d Orte f\u00fcr atemberaubende Aufnahmen bei Sonnenaufgang und Sonnenuntergang\" class=\"external-featured-image wp-post-image\" \/>                <\/div>\n            <\/a>\n        \n        \n        <div class=\"bde-loop-item__wrap ee-post-wrap\">\n            \n                            <h3 class=\"ee-post-title\" >\n                    <a class=\"bde-loop-item__title-link ee-post-title-link\" href=\"https:\/\/lacortedimarga.com\/de\/luoghi-instagrammabili-fotografia-colline-prosecco-unesco\/\"  tabindex=\"-1\">\n                        Fotografieren der H\u00fcgel: die \u201cinstagrammable\u201d Orte f\u00fcr atemberaubende Aufnahmen bei Sonnenaufgang und Sonnenuntergang                    <\/a>\n                <\/h3>\n                            <div class=\"bde-loop-item__post-meta ee-post-meta\">\n                                                                                <span class=\"bde-loop-item__meta-date bde-loop-item__meta-item ee-post-meta-date ee-post-meta-item\">\n                                    27. April 2026                                <\/span>\n                                                \n                <\/div>\n                            <div class=\"bde-loop-item__content ee-post-content\">\n                    Unsere G\u00e4ste haben viele Interessen und w\u00fcnschen sich st\u00e4ndig Anregungen zur Gestaltung ihres Urlaubs, und heute kommen die Fotoliebhaber auf ihre Kosten: Hier ist unser Guide zum Fotografieren der H\u00fcgel\u2026                <\/div>\n            \n        \n    \n    \n    \n                            \n            \n                    \n            \n            \n\n    \n    \n    \n    \n                            \n    <a class=\"breakdance-link button-atom button-atom--text bde-loop-item__button ee-post-button\" href=\"https:\/\/lacortedimarga.com\/de\/luoghi-instagrammabili-fotografia-colline-prosecco-unesco\/\" target=\"_self\" data-type=\"url\"  aria-label=\"Lesen Sie mehr \u00fcber Fotografieren von H\u00fcgeln: Die \u201cinstagrammable\u201d Orte f\u00fcr atemberaubende Aufnahmen bei Sonnenaufgang und Sonnenuntergang\" >\n\n    \n        <span class=\"button-atom__text\">Den Artikel lesen<\/span>\n\n        \n        \n                <\/a>\n\n    \n\n\n\n\n            \n        <\/div>\n\n    <\/article>\n\n    <article class=\"bde-loop-item ee-post\" data-filters=\"7,136\">\n                                <a class=\"bde-loop-item__image-link ee-post-image-link\" href=\"https:\/\/lacortedimarga.com\/de\/itinerario-ebike-val-de-brun-borgoluce\/\" tabindex=\"-1\">\n                <div class=\"bde-loop-item__image ee-post-image\">\n                    <img loading=\"lazy\" decoding=\"async\" width=\"1500\" height=\"818\" src=\"https:\/\/lacortedimarga.com\/wp-content\/uploads\/2026\/04\/La_Corte_di_Marga_cosa_fare_anello_val_de_brun.webp\" class=\"attachment-full size-full wp-post-image\" alt=\"Anello Miane \u2013 Val de Brun: Eine E-Bike-Tour durch die Weinkeller der Prosecco-H\u00fcgel\" srcset=\"https:\/\/lacortedimarga.com\/wp-content\/uploads\/2026\/04\/La_Corte_di_Marga_cosa_fare_anello_val_de_brun.webp 1500w, https:\/\/lacortedimarga.com\/wp-content\/uploads\/2026\/04\/La_Corte_di_Marga_cosa_fare_anello_val_de_brun-300x164.webp 300w, https:\/\/lacortedimarga.com\/wp-content\/uploads\/2026\/04\/La_Corte_di_Marga_cosa_fare_anello_val_de_brun-1024x558.webp 1024w, https:\/\/lacortedimarga.com\/wp-content\/uploads\/2026\/04\/La_Corte_di_Marga_cosa_fare_anello_val_de_brun-768x419.webp 768w, https:\/\/lacortedimarga.com\/wp-content\/uploads\/2026\/04\/La_Corte_di_Marga_cosa_fare_anello_val_de_brun-18x10.webp 18w\" sizes=\"auto, (max-width: 1500px) 100vw, 1500px\" \/>                <\/div>\n            <\/a>\n        \n        \n        <div class=\"bde-loop-item__wrap ee-post-wrap\">\n            \n                            <h3 class=\"ee-post-title\" >\n                    <a class=\"bde-loop-item__title-link ee-post-title-link\" href=\"https:\/\/lacortedimarga.com\/de\/itinerario-ebike-val-de-brun-borgoluce\/\"  tabindex=\"-1\">\n                        Anello Miane \u2013 Val de Brun: Eine E-Bike-Tour durch die Weinkeller der Prosecco-H\u00fcgel                    <\/a>\n                <\/h3>\n                            <div class=\"bde-loop-item__post-meta ee-post-meta\">\n                                                                                <span class=\"bde-loop-item__meta-date bde-loop-item__meta-item ee-post-meta-date ee-post-meta-item\">\n                                    26. April 2026                                <\/span>\n                                                \n                <\/div>\n                            <div class=\"bde-loop-item__content ee-post-content\">\n                    Die heutige Exkursion f\u00fchrt uns zur Entdeckung des Val de Brun, einem nat\u00fcrlichen Amphitheater, das nicht nur ein Panorama bietet, sondern eine pedoklimatische Senke ist, die Weine von einzigartiger Sapidit\u00e4t hervorbringt. Aufbrechen\u2026                <\/div>\n            \n        \n    \n    \n    \n                            \n            \n                    \n            \n            \n\n    \n    \n    \n    \n                            \n    <a class=\"breakdance-link button-atom button-atom--text bde-loop-item__button ee-post-button\" href=\"https:\/\/lacortedimarga.com\/de\/itinerario-ebike-val-de-brun-borgoluce\/\" target=\"_self\" data-type=\"url\"  aria-label=\"Lesen Sie mehr \u00fcber Anello Miane \u2013 Val de Brun: eine E-Bike-Tour durch die Weinkeller der Prosecco-H\u00fcgel\" >\n\n    \n        <span class=\"button-atom__text\">Den Artikel lesen<\/span>\n\n        \n        \n                <\/a>\n\n    \n\n\n\n\n            \n        <\/div>\n\n    <\/article>\n\n    <article class=\"bde-loop-item ee-post\" data-filters=\"7,114\">\n                                <a class=\"bde-loop-item__image-link ee-post-image-link\" href=\"https:\/\/lacortedimarga.com\/de\/trekking-lanello-di-san-pietro-di-barbozza-alla-scoperta-di-vignarte\/\" tabindex=\"-1\">\n                <div class=\"bde-loop-item__image ee-post-image\">\n                    <img decoding=\"async\" src=\"https:\/\/lacortedimarga.com\/wp-content\/uploads\/2026\/04\/La_Corte_di_Marga_cosa_fare_vignarte.webp\" alt=\"Trekking: Der Ring von San Pietro di Barbozza, Vignarte entdecken\" class=\"external-featured-image wp-post-image\" \/>                <\/div>\n            <\/a>\n        \n        \n        <div class=\"bde-loop-item__wrap ee-post-wrap\">\n            \n                            <h3 class=\"ee-post-title\" >\n                    <a class=\"bde-loop-item__title-link ee-post-title-link\" href=\"https:\/\/lacortedimarga.com\/de\/trekking-lanello-di-san-pietro-di-barbozza-alla-scoperta-di-vignarte\/\"  tabindex=\"-1\">\n                        Trekking: Der Ring von San Pietro di Barbozza, Vignarte entdecken                    <\/a>\n                <\/h3>\n                            <div class=\"bde-loop-item__post-meta ee-post-meta\">\n                                                                                <span class=\"bde-loop-item__meta-date bde-loop-item__meta-item ee-post-meta-date ee-post-meta-item\">\n                                    23. April 2026                                <\/span>\n                                                \n                <\/div>\n                            <div class=\"bde-loop-item__content ee-post-content\">\n                    Diese Rundwanderung ab San Pietro di Barbozza ist f\u00fcr all jene gedacht, die sich in der Gegend von Valdobbiadene befinden und einen Spaziergang machen m\u00f6chten, w\u00e4hrend sie aussichtsreiche Panoramen und sehr reizvolle Orte genie\u00dfen.                <\/div>\n            \n        \n    \n    \n    \n                            \n            \n                    \n            \n            \n\n    \n    \n    \n    \n                            \n    <a class=\"breakdance-link button-atom button-atom--text bde-loop-item__button ee-post-button\" href=\"https:\/\/lacortedimarga.com\/de\/trekking-lanello-di-san-pietro-di-barbozza-alla-scoperta-di-vignarte\/\" target=\"_self\" data-type=\"url\"  aria-label=\"Mehr lesen \u00fcber Trekking: L\u2019Anello di San Pietro di Barbozza, zur Entdeckung von Vignarte\" >\n\n    \n        <span class=\"button-atom__text\">Den Artikel lesen<\/span>\n\n        \n        \n                <\/a>\n\n    \n\n\n\n\n            \n        <\/div>\n\n    <\/article>\n\n    <article class=\"bde-loop-item ee-post\" data-filters=\"7,136\">\n                                <a class=\"bde-loop-item__image-link ee-post-image-link\" href=\"https:\/\/lacortedimarga.com\/de\/tour-ebike-facile-borghi-follina-cison-valmarino\/\" tabindex=\"-1\">\n                <div class=\"bde-loop-item__image ee-post-image\">\n                    <img decoding=\"async\" src=\"https:\/\/lacortedimarga.com\/wp-content\/uploads\/2026\/04\/La_Corte_di_Marga_cosa_fare_cicloturismo_facile.webp\" alt=\"Tour der D\u00f6rfer und Abteien (Level: Leicht)\" class=\"external-featured-image wp-post-image\" \/>                <\/div>\n            <\/a>\n        \n        \n        <div class=\"bde-loop-item__wrap ee-post-wrap\">\n            \n                            <h3 class=\"ee-post-title\" >\n                    <a class=\"bde-loop-item__title-link ee-post-title-link\" href=\"https:\/\/lacortedimarga.com\/de\/tour-ebike-facile-borghi-follina-cison-valmarino\/\"  tabindex=\"-1\">\n                        Tour der D\u00f6rfer und Abteien (Level: Leicht)                    <\/a>\n                <\/h3>\n                            <div class=\"bde-loop-item__post-meta ee-post-meta\">\n                                                                                <span class=\"bde-loop-item__meta-date bde-loop-item__meta-item ee-post-meta-date ee-post-meta-item\">\n                                    23. April 2026                                <\/span>\n                                                \n                <\/div>\n                            <div class=\"bde-loop-item__content ee-post-content\">\n                    Die E-Bike-Tour \u201eD\u00f6rfer und Abteien\u201c ist eine f\u00fcr jeden geeignete Strecke, die all jenen empfohlen wird, die eine entspannte und gem\u00fctliche E-Bike-Tour unternehmen und dabei sehr faszinierende Orte betrachten m\u00f6chten \u2026                <\/div>\n            \n        \n    \n    \n    \n                            \n            \n                    \n            \n            \n\n    \n    \n    \n    \n                            \n    <a class=\"breakdance-link button-atom button-atom--text bde-loop-item__button ee-post-button\" href=\"https:\/\/lacortedimarga.com\/de\/tour-ebike-facile-borghi-follina-cison-valmarino\/\" target=\"_self\" data-type=\"url\"  aria-label=\"Mehr lesen \u00fcber die Tour der D\u00f6rfer und Abteien (Niveau: Einfach)\" >\n\n    \n        <span class=\"button-atom__text\">Den Artikel lesen<\/span>\n\n        \n        \n                <\/a>\n\n    \n\n\n\n\n            \n        <\/div>\n\n    <\/article>\n\n    <article class=\"bde-loop-item ee-post\" data-filters=\"7,114\">\n                                <a class=\"bde-loop-item__image-link ee-post-image-link\" href=\"https:\/\/lacortedimarga.com\/de\/cammino-colline-prosecco-unesco-tappe\/\" tabindex=\"-1\">\n                <div class=\"bde-loop-item__image ee-post-image\">\n                    <img decoding=\"async\" src=\"https:\/\/lacortedimarga.com\/wp-content\/uploads\/2026\/04\/La_Corte_di_Marga_cosa_fare_cammino_del_prosecco.webp\" alt=\"Der Prosecco-H\u00fcgel-Weg: 51 km pure Emotion zwischen den UNESCO-\u201cTerrassen\u201d\" class=\"external-featured-image wp-post-image\" \/>                <\/div>\n            <\/a>\n        \n        \n        <div class=\"bde-loop-item__wrap ee-post-wrap\">\n            \n                            <h3 class=\"ee-post-title\" >\n                    <a class=\"bde-loop-item__title-link ee-post-title-link\" href=\"https:\/\/lacortedimarga.com\/de\/cammino-colline-prosecco-unesco-tappe\/\"  tabindex=\"-1\">\n                        Der Prosecco-H\u00fcgel-Weg: 51 km pure Emotion zwischen den UNESCO-\u201cTerrassen\u201d                    <\/a>\n                <\/h3>\n                            <div class=\"bde-loop-item__post-meta ee-post-meta\">\n                                                                                <span class=\"bde-loop-item__meta-date bde-loop-item__meta-item ee-post-meta-date ee-post-meta-item\">\n                                    22. April 2026                                <\/span>\n                                                \n                <\/div>\n                            <div class=\"bde-loop-item__content ee-post-content\">\n                    Der Cammino delle Colline del Prosecco ist kein einfacher Wanderweg; er ist eine Reise ins Herz einer \u201cKulturlandschaft\u201d, die die UNESCO als einzigartig auf der Welt anerkannt hat. Er\u2026                <\/div>\n            \n        \n    \n    \n    \n                            \n            \n                    \n            \n            \n\n    \n    \n    \n    \n                            \n    <a class=\"breakdance-link button-atom button-atom--text bde-loop-item__button ee-post-button\" href=\"https:\/\/lacortedimarga.com\/de\/cammino-colline-prosecco-unesco-tappe\/\" target=\"_self\" data-type=\"url\"  aria-label=\"Mehr \u00fcber Il Cammino delle Colline del Prosecco erfahren: 51 km purer Emotion zwischen den UNESCO-H\u00fcgeln\" >\n\n    \n        <span class=\"button-atom__text\">Den Artikel lesen<\/span>\n\n        \n        \n                <\/a>\n\n    \n\n\n\n\n            \n        <\/div>\n\n    <\/article>\n\n    <article class=\"bde-loop-item ee-post\" data-filters=\"9\">\n                                <a class=\"bde-loop-item__image-link ee-post-image-link\" href=\"https:\/\/lacortedimarga.com\/de\/itinerario-colline-prosecco-valdobbiadene-storia-sapori\/\" tabindex=\"-1\">\n                <div class=\"bde-loop-item__image ee-post-image\">\n                    <img decoding=\"async\" src=\"https:\/\/lacortedimarga.com\/wp-content\/uploads\/2026\/04\/La_Corte_di_Marga_cosa_fare_tour_Valdobbiadene.webp\" alt=\"Tour durch die Prosecco-H\u00fcgel: eine Reiseroute zwischen Geschichte, authentischen Aromen und heroischen Weinbergen\" class=\"external-featured-image wp-post-image\" \/>                <\/div>\n            <\/a>\n        \n        \n        <div class=\"bde-loop-item__wrap ee-post-wrap\">\n            \n                            <h3 class=\"ee-post-title\" >\n                    <a class=\"bde-loop-item__title-link ee-post-title-link\" href=\"https:\/\/lacortedimarga.com\/de\/itinerario-colline-prosecco-valdobbiadene-storia-sapori\/\"  tabindex=\"-1\">\n                        Tour durch die Prosecco-H\u00fcgel: eine Reiseroute zwischen Geschichte, authentischen Aromen und heroischen Weinbergen                    <\/a>\n                <\/h3>\n                            <div class=\"bde-loop-item__post-meta ee-post-meta\">\n                                                                                <span class=\"bde-loop-item__meta-date bde-loop-item__meta-item ee-post-meta-date ee-post-meta-item\">\n                                    22. April 2026                                <\/span>\n                                                \n                <\/div>\n                            <div class=\"bde-loop-item__content ee-post-content\">\n                    Unsere G\u00e4ste fragen uns immer nach Tipps f\u00fcr die Organisation ihrer Urlaubs- und Entspannungstage und wie sie die kulinarischen Spezialit\u00e4ten der Region mit der Geschichte und den Urspr\u00fcngen von\u2026 verbinden k\u00f6nnen.                <\/div>\n            \n        \n    \n    \n    \n                            \n            \n                    \n            \n            \n\n    \n    \n    \n    \n                            \n    <a class=\"breakdance-link button-atom button-atom--text bde-loop-item__button ee-post-button\" href=\"https:\/\/lacortedimarga.com\/de\/itinerario-colline-prosecco-valdobbiadene-storia-sapori\/\" target=\"_self\" data-type=\"url\"  aria-label=\"Mehr \u00fcber die Tour durch die Prosecco-H\u00fcgel: eine Reiseroute durch Geschichte, authentische Aromen und heroische Weinberge\" >\n\n    \n        <span class=\"button-atom__text\">Den Artikel lesen<\/span>\n\n        \n        \n                <\/a>\n\n    \n\n\n\n\n            \n        <\/div>\n\n    <\/article>\n\n    <article class=\"bde-loop-item ee-post\" data-filters=\"7,114\">\n                                <a class=\"bde-loop-item__image-link ee-post-image-link\" href=\"https:\/\/lacortedimarga.com\/de\/strada-de-la-fan-combai-guida\/\" tabindex=\"-1\">\n                <div class=\"bde-loop-item__image ee-post-image\">\n                    <img decoding=\"async\" src=\"https:\/\/lacortedimarga.com\/wp-content\/uploads\/2026\/04\/strada-de-la-fan-boscart-combai-1.webp\" alt=\"Strada de la Fan: Eine Reise ins Herz der Geschichte von Combai\" class=\"external-featured-image wp-post-image\" \/>                <\/div>\n            <\/a>\n        \n        \n        <div class=\"bde-loop-item__wrap ee-post-wrap\">\n            \n                            <h3 class=\"ee-post-title\" >\n                    <a class=\"bde-loop-item__title-link ee-post-title-link\" href=\"https:\/\/lacortedimarga.com\/de\/strada-de-la-fan-combai-guida\/\"  tabindex=\"-1\">\n                        Strada de la Fan: Eine Reise ins Herz der Geschichte von Combai                    <\/a>\n                <\/h3>\n                            <div class=\"bde-loop-item__post-meta ee-post-meta\">\n                                                                                <span class=\"bde-loop-item__meta-date bde-loop-item__meta-item ee-post-meta-date ee-post-meta-item\">\n                                    20. April 2026                                <\/span>\n                                                \n                <\/div>\n                            <div class=\"bde-loop-item__content ee-post-content\">\n                    Nur wenige Minuten von La Corte di Marga entfernt erreicht man die Fraktion Combai und den Ausgangspunkt des Weges \"Strada de la Fan\", einem Ort der Erinnerung\u2026                <\/div>\n            \n        \n    \n    \n    \n                            \n            \n                    \n            \n            \n\n    \n    \n    \n    \n                            \n    <a class=\"breakdance-link button-atom button-atom--text bde-loop-item__button ee-post-button\" href=\"https:\/\/lacortedimarga.com\/de\/strada-de-la-fan-combai-guida\/\" target=\"_self\" data-type=\"url\"  aria-label=\"Lesen Sie mehr \u00fcber Strada de la Fan: Eine Reise ins Herz der Geschichte von Combai\" >\n\n    \n        <span class=\"button-atom__text\">Den Artikel lesen<\/span>\n\n        \n        \n                <\/a>\n\n    \n\n\n\n\n            \n        <\/div>\n\n    <\/article>\n\n    <article class=\"bde-loop-item ee-post\" data-filters=\"6\">\n                                <a class=\"bde-loop-item__image-link ee-post-image-link\" href=\"https:\/\/lacortedimarga.com\/de\/guida-prosecco-superiore-docg-differenze-dosage-abbinamenti\/\" tabindex=\"-1\">\n                <div class=\"bde-loop-item__image ee-post-image\">\n                    <img loading=\"lazy\" decoding=\"async\" width=\"1500\" height=\"818\" src=\"https:\/\/lacortedimarga.com\/wp-content\/uploads\/2026\/04\/La_Corte_di_Marga_cosa_fare_degustazioni_prosecco.webp\" class=\"attachment-full size-full wp-post-image\" alt=\"Prosecco Superiore DOCG: Mehr als Bl\u00e4schen. Technischer Leitfaden zu den Cru und der Kunst des Dosierens\" srcset=\"https:\/\/lacortedimarga.com\/wp-content\/uploads\/2026\/04\/La_Corte_di_Marga_cosa_fare_degustazioni_prosecco.webp 1500w, https:\/\/lacortedimarga.com\/wp-content\/uploads\/2026\/04\/La_Corte_di_Marga_cosa_fare_degustazioni_prosecco-300x164.webp 300w, https:\/\/lacortedimarga.com\/wp-content\/uploads\/2026\/04\/La_Corte_di_Marga_cosa_fare_degustazioni_prosecco-1024x558.webp 1024w, https:\/\/lacortedimarga.com\/wp-content\/uploads\/2026\/04\/La_Corte_di_Marga_cosa_fare_degustazioni_prosecco-768x419.webp 768w, https:\/\/lacortedimarga.com\/wp-content\/uploads\/2026\/04\/La_Corte_di_Marga_cosa_fare_degustazioni_prosecco-18x10.webp 18w\" sizes=\"auto, (max-width: 1500px) 100vw, 1500px\" \/>                <\/div>\n            <\/a>\n        \n        \n        <div class=\"bde-loop-item__wrap ee-post-wrap\">\n            \n                            <h3 class=\"ee-post-title\" >\n                    <a class=\"bde-loop-item__title-link ee-post-title-link\" href=\"https:\/\/lacortedimarga.com\/de\/guida-prosecco-superiore-docg-differenze-dosage-abbinamenti\/\"  tabindex=\"-1\">\n                        Prosecco Superiore DOCG: Mehr als Bl\u00e4schen. Technischer Leitfaden zu den Cru und der Kunst des Dosierens                    <\/a>\n                <\/h3>\n                            <div class=\"bde-loop-item__post-meta ee-post-meta\">\n                                                                                <span class=\"bde-loop-item__meta-date bde-loop-item__meta-item ee-post-meta-date ee-post-meta-item\">\n                                    19. April 2026                                <\/span>\n                                                \n                <\/div>\n                            <div class=\"bde-loop-item__content ee-post-content\">\n                    Wenn unsere G\u00e4ste in La Corte di Marga ankommen, ist das Erste, was wir tun, ein Tabu zu brechen: \u201cProsecco\u201d existiert nicht als eigenst\u00e4ndige Entit\u00e4t, und an der Spitze von\u2026                <\/div>\n            \n        \n    \n    \n    \n                            \n            \n                    \n            \n            \n\n    \n    \n    \n    \n                            \n    <a class=\"breakdance-link button-atom button-atom--text bde-loop-item__button ee-post-button\" href=\"https:\/\/lacortedimarga.com\/de\/guida-prosecco-superiore-docg-differenze-dosage-abbinamenti\/\" target=\"_self\" data-type=\"url\"  aria-label=\"Erfahren Sie mehr \u00fcber Prosecco Superiore DOCG: Oltre la bollicina. Leitfaden zu Cru und Dosage.\" >\n\n    \n        <span class=\"button-atom__text\">Den Artikel lesen<\/span>\n\n        \n        \n                <\/a>\n\n    \n\n\n\n\n            \n        <\/div>\n\n    <\/article>\n\n    <article class=\"bde-loop-item ee-post\" data-filters=\"7,114\">\n                                <a class=\"bde-loop-item__image-link ee-post-image-link\" href=\"https:\/\/lacortedimarga.com\/de\/cammino-delle-colline-del-prosecco-tappe-tempi\/\" tabindex=\"-1\">\n                <div class=\"bde-loop-item__image ee-post-image\">\n                    <img decoding=\"async\" src=\"https:\/\/lacortedimarga.com\/wp-content\/uploads\/2026\/04\/La_Corte_di_Marga_cosa_fare_cammino_prosecco.webp\" alt=\"Der ultimative Leitfaden zum Prosecco-H\u00fcgel-Wanderweg: Etappen und Zeiten\" class=\"external-featured-image wp-post-image\" \/>                <\/div>\n            <\/a>\n        \n        \n        <div class=\"bde-loop-item__wrap ee-post-wrap\">\n            \n                            <h3 class=\"ee-post-title\" >\n                    <a class=\"bde-loop-item__title-link ee-post-title-link\" href=\"https:\/\/lacortedimarga.com\/de\/cammino-delle-colline-del-prosecco-tappe-tempi\/\"  tabindex=\"-1\">\n                        Der ultimative Leitfaden zum Prosecco-H\u00fcgel-Wanderweg: Etappen und Zeiten                    <\/a>\n                <\/h3>\n                            <div class=\"bde-loop-item__post-meta ee-post-meta\">\n                                                                                <span class=\"bde-loop-item__meta-date bde-loop-item__meta-item ee-post-meta-date ee-post-meta-item\">\n                                    19. April 2026                                <\/span>\n                                                \n                <\/div>\n                            <div class=\"bde-loop-item__content ee-post-content\">\n                    Der Prosecco-H\u00fcgel-Weg ist eine 51 Kilometer lange Route, die durch das Herz des UNESCO-Weltkulturerbes f\u00fchrt. Dies ist kein Spaziergang in der Ebene: der gesamte positive H\u00f6henunterschied betr\u00e4gt\u2026                <\/div>\n            \n        \n    \n    \n    \n                            \n            \n                    \n            \n            \n\n    \n    \n    \n    \n                            \n    <a class=\"breakdance-link button-atom button-atom--text bde-loop-item__button ee-post-button\" href=\"https:\/\/lacortedimarga.com\/de\/cammino-delle-colline-del-prosecco-tappe-tempi\/\" target=\"_self\" data-type=\"url\"  aria-label=\"Lesen Sie mehr \u00fcber den Leitfaden zur Prosecco-H\u00fcgel-Route: Etappen und Zeiten\" >\n\n    \n        <span class=\"button-atom__text\">Den Artikel lesen<\/span>\n\n        \n        \n                <\/a>\n\n    \n\n\n\n\n            \n        <\/div>\n\n    <\/article>\n\n    <article class=\"bde-loop-item ee-post\" data-filters=\"9\">\n                                <a class=\"bde-loop-item__image-link ee-post-image-link\" href=\"https:\/\/lacortedimarga.com\/de\/itinerario-3-giorni-colline-prosecco-unesco\/\" tabindex=\"-1\">\n                <div class=\"bde-loop-item__image ee-post-image\">\n                    <img decoding=\"async\" src=\"https:\/\/lacortedimarga.com\/wp-content\/uploads\/2026\/04\/La_Corte_di_Marga_cosa_fare_visita_vista_rive.webp\" alt=\"Was man in den Prosecco-H\u00fcgeln sehen kann: 3-Tages-Route zwischen D\u00f6rfern und heroischen Weinbergen\" class=\"external-featured-image wp-post-image\" \/>                <\/div>\n            <\/a>\n        \n        \n        <div class=\"bde-loop-item__wrap ee-post-wrap\">\n            \n                            <h3 class=\"ee-post-title\" >\n                    <a class=\"bde-loop-item__title-link ee-post-title-link\" href=\"https:\/\/lacortedimarga.com\/de\/itinerario-3-giorni-colline-prosecco-unesco\/\"  tabindex=\"-1\">\n                        Was man in den Prosecco-H\u00fcgeln sehen kann: 3-Tages-Route zwischen D\u00f6rfern und heroischen Weinbergen                    <\/a>\n                <\/h3>\n                            <div class=\"bde-loop-item__post-meta ee-post-meta\">\n                                                                                <span class=\"bde-loop-item__meta-date bde-loop-item__meta-item ee-post-meta-date ee-post-meta-item\">\n                                    19. April 2026                                <\/span>\n                                                \n                <\/div>\n                            <div class=\"bde-loop-item__content ee-post-content\">\n                    Nennen Sie sie nicht nur \u201cH\u00fcgel\u201d: Das Viereck zwischen Conegliano, Valdobbiadene, Vittorio Veneto und Pieve di Soligo ist ein Labyrinth aus \u201cCiglioni\u201d (schmalen Terrassen), in dem der Weinbau ein Akt des Heroismus ist:\u2026                <\/div>\n            \n        \n    \n    \n    \n                            \n            \n                    \n            \n            \n\n    \n    \n    \n    \n                            \n    <a class=\"breakdance-link button-atom button-atom--text bde-loop-item__button ee-post-button\" href=\"https:\/\/lacortedimarga.com\/de\/itinerario-3-giorni-colline-prosecco-unesco\/\" target=\"_self\" data-type=\"url\"  aria-label=\"Lesen Sie mehr \u00fcber Was gibt es in den Prosecco-H\u00fcgeln zu sehen: Eine 3-t\u00e4gige Reiseroute zwischen D\u00f6rfern und heroischen Weinbergen\" >\n\n    \n        <span class=\"button-atom__text\">Den Artikel lesen<\/span>\n\n        \n        \n                <\/a>\n\n    \n\n\n\n\n            \n        <\/div>\n\n    <\/article>\n\n    <article class=\"bde-loop-item ee-post\" data-filters=\"9\">\n                                <a class=\"bde-loop-item__image-link ee-post-image-link\" href=\"https:\/\/lacortedimarga.com\/de\/borgo-di-miane\/\" tabindex=\"-1\">\n                <div class=\"bde-loop-item__image ee-post-image\">\n                    <img decoding=\"async\" src=\"https:\/\/lacortedimarga.com\/wp-content\/uploads\/2026\/04\/La_Corte_di_Marga_cosa_fare_visita_borgo_di_miane.webp\" alt=\"Miane: Eine Zeitreise zwischen Troi, Casere und authentischen Traditionen\" class=\"external-featured-image wp-post-image\" \/>                <\/div>\n            <\/a>\n        \n        \n        <div class=\"bde-loop-item__wrap ee-post-wrap\">\n            \n                            <h3 class=\"ee-post-title\" >\n                    <a class=\"bde-loop-item__title-link ee-post-title-link\" href=\"https:\/\/lacortedimarga.com\/de\/borgo-di-miane\/\"  tabindex=\"-1\">\n                        Miane: Eine Zeitreise zwischen Troi, Casere und authentischen Traditionen                    <\/a>\n                <\/h3>\n                            <div class=\"bde-loop-item__post-meta ee-post-meta\">\n                                                                                <span class=\"bde-loop-item__meta-date bde-loop-item__meta-item ee-post-meta-date ee-post-meta-item\">\n                                    18. April 2026                                <\/span>\n                                                \n                <\/div>\n                            <div class=\"bde-loop-item__content ee-post-content\">\n                    Es gibt ein Italien, das Widerstand leistet, in dem die Zeit keine Eile zu haben scheint. Es ist das Italien der kleinen D\u00f6rfer, die stille Geschichten und alte Rhythmen h\u00fcten. Das Dorf Miane, umschlungen von...                <\/div>\n            \n        \n    \n    \n    \n                            \n            \n                    \n            \n            \n\n    \n    \n    \n    \n                            \n    <a class=\"breakdance-link button-atom button-atom--text bde-loop-item__button ee-post-button\" href=\"https:\/\/lacortedimarga.com\/de\/borgo-di-miane\/\" target=\"_self\" data-type=\"url\"  aria-label=\"Mehr \u00fcber Miane erfahren: Eine Zeitreise durch die Troi, die Casere und authentische Traditionen\" >\n\n    \n        <span class=\"button-atom__text\">Den Artikel lesen<\/span>\n\n        \n        \n                <\/a>\n\n    \n\n\n\n\n            \n        <\/div>\n\n    <\/article>\n\n    <article class=\"bde-loop-item ee-post\" data-filters=\"9\">\n                                <a class=\"bde-loop-item__image-link ee-post-image-link\" href=\"https:\/\/lacortedimarga.com\/de\/primavera-del-prosecco\/\" tabindex=\"-1\">\n                <div class=\"bde-loop-item__image ee-post-image\">\n                    <img decoding=\"async\" src=\"https:\/\/lacortedimarga.com\/wp-content\/uploads\/2026\/04\/La_Corte_di_Marga_cosa_fare_visita_primavera_prosecco.webp\" alt=\"Fr\u00fchling des Prosecco Superiore: der ewige Charme des Erwachens der H\u00fcgel\" class=\"external-featured-image wp-post-image\" \/>                <\/div>\n            <\/a>\n        \n        \n        <div class=\"bde-loop-item__wrap ee-post-wrap\">\n            \n                            <h3 class=\"ee-post-title\" >\n                    <a class=\"bde-loop-item__title-link ee-post-title-link\" href=\"https:\/\/lacortedimarga.com\/de\/primavera-del-prosecco\/\"  tabindex=\"-1\">\n                        Fr\u00fchling des Prosecco Superiore: der ewige Charme des Erwachens der H\u00fcgel                    <\/a>\n                <\/h3>\n                            <div class=\"bde-loop-item__post-meta ee-post-meta\">\n                                                                                <span class=\"bde-loop-item__meta-date bde-loop-item__meta-item ee-post-meta-date ee-post-meta-item\">\n                                    18. April 2026                                <\/span>\n                                                \n                <\/div>\n                            <div class=\"bde-loop-item__content ee-post-content\">\n                    Es gibt einen magischen Moment, der zwischen der letzten K\u00e4lte des Winters und der lebendigen W\u00e4rme des Sommers liegt, in dem die H\u00fcgel des Prosecco Superiore beschlie\u00dfen, ihre authentischste Seele zu enth\u00fcllen. Nicht\u2026                <\/div>\n            \n        \n    \n    \n    \n                            \n            \n                    \n            \n            \n\n    \n    \n    \n    \n                            \n    <a class=\"breakdance-link button-atom button-atom--text bde-loop-item__button ee-post-button\" href=\"https:\/\/lacortedimarga.com\/de\/primavera-del-prosecco\/\" target=\"_self\" data-type=\"url\"  aria-label=\"Lesen Sie mehr \u00fcber Primavera del Prosecco Superiore: Der ewige Reiz des Erwachens der H\u00fcgel\" >\n\n    \n        <span class=\"button-atom__text\">Den Artikel lesen<\/span>\n\n        \n        \n                <\/a>\n\n    \n\n\n\n\n            \n        <\/div>\n\n    <\/article>\n\n    <article class=\"bde-loop-item ee-post\" data-filters=\"10,6,13\">\n                                <a class=\"bde-loop-item__image-link ee-post-image-link\" href=\"https:\/\/lacortedimarga.com\/de\/migliori-degustazioni-vini-valdobbiadene-miane\/\" tabindex=\"-1\">\n                <div class=\"bde-loop-item__image ee-post-image\">\n                    <img decoding=\"async\" src=\"https:\/\/lacortedimarga.com\/wp-content\/uploads\/2026\/04\/La_Corte_di_Marga_cosa_fare_visita_cantine.webp\" alt=\"Nicht nur Prosecco: Die Kunst der Verkostung mit den Sommeliers von La Corte di Marga\" class=\"external-featured-image wp-post-image\" \/>                <\/div>\n            <\/a>\n        \n        \n        <div class=\"bde-loop-item__wrap ee-post-wrap\">\n            \n                            <h3 class=\"ee-post-title\" >\n                    <a class=\"bde-loop-item__title-link ee-post-title-link\" href=\"https:\/\/lacortedimarga.com\/de\/migliori-degustazioni-vini-valdobbiadene-miane\/\"  tabindex=\"-1\">\n                        Nicht nur Prosecco: Die Kunst der Verkostung mit den Sommeliers von La Corte di Marga                    <\/a>\n                <\/h3>\n                            <div class=\"bde-loop-item__post-meta ee-post-meta\">\n                                                                                <span class=\"bde-loop-item__meta-date bde-loop-item__meta-item ee-post-meta-date ee-post-meta-item\">\n                                    15. April 2026                                <\/span>\n                                                \n                <\/div>\n                            <div class=\"bde-loop-item__content ee-post-content\">\n                    Ein Glas Prosecco in Miane zu verkosten ist kein einfacher Ansto\u00dfer: Es ist eine Reise durch Zeit und Raum. Hier, zwischen den bestickten H\u00fcgeln von Valdobbiadene und den H\u00e4ngen\u2026                <\/div>\n            \n        \n    \n    \n    \n                            \n            \n                    \n            \n            \n\n    \n    \n    \n    \n                            \n    <a class=\"breakdance-link button-atom button-atom--text bde-loop-item__button ee-post-button\" href=\"https:\/\/lacortedimarga.com\/de\/migliori-degustazioni-vini-valdobbiadene-miane\/\" target=\"_self\" data-type=\"url\"  aria-label=\"Lesen Sie mehr \u00fcber Non Solo Prosecco: Die Kunst der Verkostung mit den Sommeliers von La Corte di Marga\" >\n\n    \n        <span class=\"button-atom__text\">Den Artikel lesen<\/span>\n\n        \n        \n                <\/a>\n\n    \n\n\n\n\n            \n        <\/div>\n\n    <\/article>\n\n    <article class=\"bde-loop-item ee-post\" data-filters=\"9\">\n                                <a class=\"bde-loop-item__image-link ee-post-image-link\" href=\"https:\/\/lacortedimarga.com\/de\/bosco-penne-mozze-cison-valmarino\/\" tabindex=\"-1\">\n                <div class=\"bde-loop-item__image ee-post-image\">\n                    <img decoding=\"async\" src=\"https:\/\/lacortedimarga.com\/wp-content\/uploads\/2026\/04\/La_Corte_di_Marga_escursioni_-bosco_delle_penne_mozze.webp\" alt=\"Der Wald der abgebrochenen Federn: Der stille Schrei von 2.403 Seelen\" class=\"external-featured-image wp-post-image\" \/>                <\/div>\n            <\/a>\n        \n        \n        <div class=\"bde-loop-item__wrap ee-post-wrap\">\n            \n                            <h3 class=\"ee-post-title\" >\n                    <a class=\"bde-loop-item__title-link ee-post-title-link\" href=\"https:\/\/lacortedimarga.com\/de\/bosco-penne-mozze-cison-valmarino\/\"  tabindex=\"-1\">\n                        Der Wald der abgebrochenen Federn: Der stille Schrei von 2.403 Seelen                    <\/a>\n                <\/h3>\n                            <div class=\"bde-loop-item__post-meta ee-post-meta\">\n                                                                                <span class=\"bde-loop-item__meta-date bde-loop-item__meta-item ee-post-meta-date ee-post-meta-item\">\n                                    15. April 2026                                <\/span>\n                                                \n                <\/div>\n                            <div class=\"bde-loop-item__content ee-post-content\">\n                    Es gibt Orte, an denen die Erde aufh\u00f6rt, Materie zu sein, und zu reinem Ged\u00e4chtnis wird. Wenig oberhalb des Ortes Cison di Valmarino, in der Einsamkeit des Tals von San Daniele, erhebt sich der Wald\u2026                <\/div>\n            \n        \n    \n    \n    \n                            \n            \n                    \n            \n            \n\n    \n    \n    \n    \n                            \n    <a class=\"breakdance-link button-atom button-atom--text bde-loop-item__button ee-post-button\" href=\"https:\/\/lacortedimarga.com\/de\/bosco-penne-mozze-cison-valmarino\/\" target=\"_self\" data-type=\"url\"  aria-label=\"Mehr erfahren \u00fcber Il Bosco delle Penne Mozze: Der stille Schrei der 2.403 Seelen\" >\n\n    \n        <span class=\"button-atom__text\">Den Artikel lesen<\/span>\n\n        \n        \n                <\/a>\n\n    \n\n\n\n\n            \n        <\/div>\n\n    <\/article>\n\n    <article class=\"bde-loop-item ee-post\" data-filters=\"7\">\n                                <a class=\"bde-loop-item__image-link ee-post-image-link\" href=\"https:\/\/lacortedimarga.com\/de\/sentiero-delle-acque-cison-valmarino\/\" tabindex=\"-1\">\n                <div class=\"bde-loop-item__image ee-post-image\">\n                    <img decoding=\"async\" src=\"https:\/\/lacortedimarga.com\/wp-content\/uploads\/2026\/04\/La_Corte_di_Marga_escursioni_-sentiero_dell_acqua.webp\" alt=\"Der Weg des Wassers: Puls der Industrie und Sch\u00f6nheit des Fl\u00fcsschens\" class=\"external-featured-image wp-post-image\" \/>                <\/div>\n            <\/a>\n        \n        \n        <div class=\"bde-loop-item__wrap ee-post-wrap\">\n            \n                            <h3 class=\"ee-post-title\" >\n                    <a class=\"bde-loop-item__title-link ee-post-title-link\" href=\"https:\/\/lacortedimarga.com\/de\/sentiero-delle-acque-cison-valmarino\/\"  tabindex=\"-1\">\n                        Der Weg des Wassers: Puls der Industrie und Sch\u00f6nheit des Fl\u00fcsschens                    <\/a>\n                <\/h3>\n                            <div class=\"bde-loop-item__post-meta ee-post-meta\">\n                                                                                <span class=\"bde-loop-item__meta-date bde-loop-item__meta-item ee-post-meta-date ee-post-meta-item\">\n                                    15. April 2026                                <\/span>\n                                                \n                <\/div>\n                            <div class=\"bde-loop-item__content ee-post-content\">\n                    Wenn Cison di Valmarino heute als eines der sch\u00f6nsten D\u00f6rfer Italiens gilt, ist das Verdienst des Baches Rujo. Aber es geht nicht nur um \u00c4sthetik: Der Rujo ist...                <\/div>\n            \n        \n    \n    \n    \n                            \n            \n                    \n            \n            \n\n    \n    \n    \n    \n                            \n    <a class=\"breakdance-link button-atom button-atom--text bde-loop-item__button ee-post-button\" href=\"https:\/\/lacortedimarga.com\/de\/sentiero-delle-acque-cison-valmarino\/\" target=\"_self\" data-type=\"url\"  aria-label=\"Mehr erfahren \u00fcber Il Sentiero delle Acque: Der industrielle Herzschlag und die Sch\u00f6nheit des Rujo\" >\n\n    \n        <span class=\"button-atom__text\">Den Artikel lesen<\/span>\n\n        \n        \n                <\/a>\n\n    \n\n\n\n\n            \n        <\/div>\n\n    <\/article>\n\n    <article class=\"bde-loop-item ee-post\" data-filters=\"9,161\">\n                                <a class=\"bde-loop-item__image-link ee-post-image-link\" href=\"https:\/\/lacortedimarga.com\/de\/castelbrando-cison-valmarino\/\" tabindex=\"-1\">\n                <div class=\"bde-loop-item__image ee-post-image\">\n                    <img decoding=\"async\" src=\"https:\/\/lacortedimarga.com\/wp-content\/uploads\/2026\/04\/La_Corte_di_Marga_cosa_fare_Castelbrando.webp\" alt=\"Castelbrando: Der ewige W\u00e4chter zwischen Glauben, Krieg und Wiedergeburt\" class=\"external-featured-image wp-post-image\" \/>                <\/div>\n            <\/a>\n        \n        \n        <div class=\"bde-loop-item__wrap ee-post-wrap\">\n            \n                            <h3 class=\"ee-post-title\" >\n                    <a class=\"bde-loop-item__title-link ee-post-title-link\" href=\"https:\/\/lacortedimarga.com\/de\/castelbrando-cison-valmarino\/\"  tabindex=\"-1\">\n                        Castelbrando: Der ewige W\u00e4chter zwischen Glauben, Krieg und Wiedergeburt                    <\/a>\n                <\/h3>\n                            <div class=\"bde-loop-item__post-meta ee-post-meta\">\n                                                                                <span class=\"bde-loop-item__meta-date bde-loop-item__meta-item ee-post-meta-date ee-post-meta-item\">\n                                    14. April 2026                                <\/span>\n                                                \n                <\/div>\n                            <div class=\"bde-loop-item__content ee-post-content\">\n                    Wenn man in La Corte di Marga ankommt, ist es unm\u00f6glich, sich nicht von der Anmutung von Castelbrando, der imposanten Burg, die \u00fcber dem Ort Cison di Valmarino thront, angezogen zu f\u00fchlen; auf diesen Steinen ruht nicht\u2026                <\/div>\n            \n        \n    \n    \n    \n                            \n            \n                    \n            \n            \n\n    \n    \n    \n    \n                            \n    <a class=\"breakdance-link button-atom button-atom--text bde-loop-item__button ee-post-button\" href=\"https:\/\/lacortedimarga.com\/de\/castelbrando-cison-valmarino\/\" target=\"_self\" data-type=\"url\"  aria-label=\"Mehr erfahren \u00fcber Castelbrando: Der ewige W\u00e4chter zwischen Glauben, Krieg und Wiedergeburt\" >\n\n    \n        <span class=\"button-atom__text\">Den Artikel lesen<\/span>\n\n        \n        \n                <\/a>\n\n    \n\n\n\n\n            \n        <\/div>\n\n    <\/article>\n\n    <article class=\"bde-loop-item ee-post\" data-filters=\"7\">\n                                <a class=\"bde-loop-item__image-link ee-post-image-link\" href=\"https:\/\/lacortedimarga.com\/de\/escursione-ebike-colline-prosecco\/\" tabindex=\"-1\">\n                <div class=\"bde-loop-item__image ee-post-image\">\n                    <img decoding=\"async\" src=\"https:\/\/lacortedimarga.com\/wp-content\/uploads\/2026\/04\/La_Corte_di_Marga_escursioni_-bici_Cison_Rolle_Revine_Mura.webp\" alt=\"Der Ring der langsamen Sch\u00f6nheit: Zwischen bezaubernden D\u00f6rfern und dem Spiegel der Seen\" class=\"external-featured-image wp-post-image\" \/>                <\/div>\n            <\/a>\n        \n        \n        <div class=\"bde-loop-item__wrap ee-post-wrap\">\n            \n                            <h3 class=\"ee-post-title\" >\n                    <a class=\"bde-loop-item__title-link ee-post-title-link\" href=\"https:\/\/lacortedimarga.com\/de\/escursione-ebike-colline-prosecco\/\"  tabindex=\"-1\">\n                        Der Ring der langsamen Sch\u00f6nheit: Zwischen bezaubernden D\u00f6rfern und dem Spiegel der Seen                    <\/a>\n                <\/h3>\n                            <div class=\"bde-loop-item__post-meta ee-post-meta\">\n                                                                                <span class=\"bde-loop-item__meta-date bde-loop-item__meta-item ee-post-meta-date ee-post-meta-item\">\n                                    12. April 2026                                <\/span>\n                                                \n                <\/div>\n                            <div class=\"bde-loop-item__content ee-post-content\">\n                    Eine E-Bike-Tour in den Prosecco-H\u00fcgeln ist die perfekte Art, Geschichte und Natur ganz ohne Eile zu durchqueren und sich vom sanften Rhythmus dieser UNESCO-H\u00fcgel wiegen zu lassen. Das ist das...                <\/div>\n            \n        \n    \n    \n    \n                            \n            \n                    \n            \n            \n\n    \n    \n    \n    \n                            \n    <a class=\"breakdance-link button-atom button-atom--text bde-loop-item__button ee-post-button\" href=\"https:\/\/lacortedimarga.com\/de\/escursione-ebike-colline-prosecco\/\" target=\"_self\" data-type=\"url\"  aria-label=\"Lesen Sie mehr \u00fcber L\u2019Anello della Bellezza Lenta: Zwischen zauberhaften D\u00f6rfern und dem Spiegel der Seen\" >\n\n    \n        <span class=\"button-atom__text\">Den Artikel lesen<\/span>\n\n        \n        \n                <\/a>\n\n    \n\n\n\n\n            \n        <\/div>\n\n    <\/article>\n\n    <article class=\"bde-loop-item ee-post\" data-filters=\"10\">\n                                <a class=\"bde-loop-item__image-link ee-post-image-link\" href=\"https:\/\/lacortedimarga.com\/de\/la-corte-di-marga-prosecco-hills-holydays-il-lusso-di-non-dover-scegliere\/\" tabindex=\"-1\">\n                <div class=\"bde-loop-item__image ee-post-image\">\n                    <img loading=\"lazy\" decoding=\"async\" width=\"1500\" height=\"818\" src=\"https:\/\/lacortedimarga.com\/wp-content\/uploads\/2026\/04\/La_Corte_di_Marga_cosa_fare_visita_cantine_o_malga.webp\" class=\"attachment-full size-full wp-post-image\" alt=\"Der Luxus der Wahlfreiheit: Leben Sie jede Seele des Territoriums im La Corte di Marga\" srcset=\"https:\/\/lacortedimarga.com\/wp-content\/uploads\/2026\/04\/La_Corte_di_Marga_cosa_fare_visita_cantine_o_malga.webp 1500w, https:\/\/lacortedimarga.com\/wp-content\/uploads\/2026\/04\/La_Corte_di_Marga_cosa_fare_visita_cantine_o_malga-300x164.webp 300w, https:\/\/lacortedimarga.com\/wp-content\/uploads\/2026\/04\/La_Corte_di_Marga_cosa_fare_visita_cantine_o_malga-1024x558.webp 1024w, https:\/\/lacortedimarga.com\/wp-content\/uploads\/2026\/04\/La_Corte_di_Marga_cosa_fare_visita_cantine_o_malga-768x419.webp 768w, https:\/\/lacortedimarga.com\/wp-content\/uploads\/2026\/04\/La_Corte_di_Marga_cosa_fare_visita_cantine_o_malga-18x10.webp 18w\" sizes=\"auto, (max-width: 1500px) 100vw, 1500px\" \/>                <\/div>\n            <\/a>\n        \n        \n        <div class=\"bde-loop-item__wrap ee-post-wrap\">\n            \n                            <h3 class=\"ee-post-title\" >\n                    <a class=\"bde-loop-item__title-link ee-post-title-link\" href=\"https:\/\/lacortedimarga.com\/de\/la-corte-di-marga-prosecco-hills-holydays-il-lusso-di-non-dover-scegliere\/\"  tabindex=\"-1\">\n                        Der Luxus der Wahlfreiheit: Leben Sie jede Seele des Territoriums im La Corte di Marga                    <\/a>\n                <\/h3>\n                            <div class=\"bde-loop-item__post-meta ee-post-meta\">\n                                                                                <span class=\"bde-loop-item__meta-date bde-loop-item__meta-item ee-post-meta-date ee-post-meta-item\">\n                                    7. April 2026                                <\/span>\n                                                \n                <\/div>\n                            <div class=\"bde-loop-item__content ee-post-content\">\n                    Die Freiheit, sich nicht entscheiden zu m\u00fcssen, ist der wahre Luxus eines Urlaubs in La Corte di Marga. Man sagt, das Leben bestehe aus Entscheidungen: im Urlaub meistens...                <\/div>\n            \n        \n    \n    \n    \n                            \n            \n                    \n            \n            \n\n    \n    \n    \n    \n                            \n    <a class=\"breakdance-link button-atom button-atom--text bde-loop-item__button ee-post-button\" href=\"https:\/\/lacortedimarga.com\/de\/la-corte-di-marga-prosecco-hills-holydays-il-lusso-di-non-dover-scegliere\/\" target=\"_self\" data-type=\"url\"  aria-label=\"Erfahren Sie mehr \u00fcber den Luxus der Wahlfreiheit: Erleben Sie jede Facette des Gebiets im La Corte di Marga\" >\n\n    \n        <span class=\"button-atom__text\">Den Artikel lesen<\/span>\n\n        \n        \n                <\/a>\n\n    \n\n\n\n\n            \n        <\/div>\n\n    <\/article>\n\n    <article class=\"bde-loop-item ee-post\" data-filters=\"7\">\n                                <a class=\"bde-loop-item__image-link ee-post-image-link\" href=\"https:\/\/lacortedimarga.com\/de\/anello-posa-puner-malga-mont\/\" tabindex=\"-1\">\n                <div class=\"bde-loop-item__image ee-post-image\">\n                    <img loading=\"lazy\" decoding=\"async\" width=\"1500\" height=\"837\" src=\"https:\/\/lacortedimarga.com\/wp-content\/uploads\/2026\/04\/La_Corte_di_Marga_cosa_fare_escursioni_a_piedi_da_Posa_Puner_a_Malga_Mont.webp\" class=\"attachment-full size-full wp-post-image\" alt=\"Auf den Gipfeln der Prosecco-H\u00fcgel: Der Ring von Posa Puner zur Mont-Alm\" srcset=\"https:\/\/lacortedimarga.com\/wp-content\/uploads\/2026\/04\/La_Corte_di_Marga_cosa_fare_escursioni_a_piedi_da_Posa_Puner_a_Malga_Mont.webp 1500w, https:\/\/lacortedimarga.com\/wp-content\/uploads\/2026\/04\/La_Corte_di_Marga_cosa_fare_escursioni_a_piedi_da_Posa_Puner_a_Malga_Mont-300x167.webp 300w, https:\/\/lacortedimarga.com\/wp-content\/uploads\/2026\/04\/La_Corte_di_Marga_cosa_fare_escursioni_a_piedi_da_Posa_Puner_a_Malga_Mont-1024x571.webp 1024w, https:\/\/lacortedimarga.com\/wp-content\/uploads\/2026\/04\/La_Corte_di_Marga_cosa_fare_escursioni_a_piedi_da_Posa_Puner_a_Malga_Mont-768x429.webp 768w, https:\/\/lacortedimarga.com\/wp-content\/uploads\/2026\/04\/La_Corte_di_Marga_cosa_fare_escursioni_a_piedi_da_Posa_Puner_a_Malga_Mont-18x10.webp 18w\" sizes=\"auto, (max-width: 1500px) 100vw, 1500px\" \/>                <\/div>\n            <\/a>\n        \n        \n        <div class=\"bde-loop-item__wrap ee-post-wrap\">\n            \n                            <h3 class=\"ee-post-title\" >\n                    <a class=\"bde-loop-item__title-link ee-post-title-link\" href=\"https:\/\/lacortedimarga.com\/de\/anello-posa-puner-malga-mont\/\"  tabindex=\"-1\">\n                        Auf den Gipfeln der Prosecco-H\u00fcgel: Der Ring von Posa Puner zur Mont-Alm                    <\/a>\n                <\/h3>\n                            <div class=\"bde-loop-item__post-meta ee-post-meta\">\n                                                                                <span class=\"bde-loop-item__meta-date bde-loop-item__meta-item ee-post-meta-date ee-post-meta-item\">\n                                    7. April 2026                                <\/span>\n                                                \n                <\/div>\n                            <div class=\"bde-loop-item__content ee-post-content\">\n                    \ud83d\ude97 Die Fahrt von La Corte di Marga nach Miane Trotz der gro\u00dfen H\u00f6he ist der Ausgangspunkt von Miane aus mit dem Auto leicht zu erreichen, indem man den\u2026                <\/div>\n            \n        \n    \n    \n    \n                            \n            \n                    \n            \n            \n\n    \n    \n    \n    \n                            \n    <a class=\"breakdance-link button-atom button-atom--text bde-loop-item__button ee-post-button\" href=\"https:\/\/lacortedimarga.com\/de\/anello-posa-puner-malga-mont\/\" target=\"_self\" data-type=\"url\"  aria-label=\"Mehr \u00fcber Sulle Creste delle Colline del Prosecco: L\u2019Anello da Posa Puner a Malga Mont\" >\n\n    \n        <span class=\"button-atom__text\">Den Artikel lesen<\/span>\n\n        \n        \n                <\/a>\n\n    \n\n\n\n\n            \n        <\/div>\n\n    <\/article>\n\n    <article class=\"bde-loop-item ee-post\" data-filters=\"7\">\n                                <a class=\"bde-loop-item__image-link ee-post-image-link\" href=\"https:\/\/lacortedimarga.com\/de\/tra-cielo-e-vigne-il-sentiero-delle-crepe-e-lincanto-di-collagu\/\" tabindex=\"-1\">\n                <div class=\"bde-loop-item__image ee-post-image\">\n                    <img loading=\"lazy\" decoding=\"async\" width=\"1500\" height=\"843\" src=\"https:\/\/lacortedimarga.com\/wp-content\/uploads\/2026\/04\/La_Corte_di_Marga_cosa_fare_escursioni_al_santuario_di_collagu.webp\" class=\"attachment-full size-full wp-post-image\" alt=\"Zwischen Himmel und Weinbergen: Der Weg der Risse und der Zauber von Collag\u00f9\" srcset=\"https:\/\/lacortedimarga.com\/wp-content\/uploads\/2026\/04\/La_Corte_di_Marga_cosa_fare_escursioni_al_santuario_di_collagu.webp 1500w, https:\/\/lacortedimarga.com\/wp-content\/uploads\/2026\/04\/La_Corte_di_Marga_cosa_fare_escursioni_al_santuario_di_collagu-300x169.webp 300w, https:\/\/lacortedimarga.com\/wp-content\/uploads\/2026\/04\/La_Corte_di_Marga_cosa_fare_escursioni_al_santuario_di_collagu-1024x575.webp 1024w, https:\/\/lacortedimarga.com\/wp-content\/uploads\/2026\/04\/La_Corte_di_Marga_cosa_fare_escursioni_al_santuario_di_collagu-768x432.webp 768w, https:\/\/lacortedimarga.com\/wp-content\/uploads\/2026\/04\/La_Corte_di_Marga_cosa_fare_escursioni_al_santuario_di_collagu-18x10.webp 18w\" sizes=\"auto, (max-width: 1500px) 100vw, 1500px\" \/>                <\/div>\n            <\/a>\n        \n        \n        <div class=\"bde-loop-item__wrap ee-post-wrap\">\n            \n                            <h3 class=\"ee-post-title\" >\n                    <a class=\"bde-loop-item__title-link ee-post-title-link\" href=\"https:\/\/lacortedimarga.com\/de\/tra-cielo-e-vigne-il-sentiero-delle-crepe-e-lincanto-di-collagu\/\"  tabindex=\"-1\">\n                        Zwischen Himmel und Weinbergen: Der Weg der Risse und der Zauber von Collag\u00f9                    <\/a>\n                <\/h3>\n                            <div class=\"bde-loop-item__post-meta ee-post-meta\">\n                                                                                <span class=\"bde-loop-item__meta-date bde-loop-item__meta-item ee-post-meta-date ee-post-meta-item\">\n                                    6. April 2026                                <\/span>\n                                                \n                <\/div>\n                            <div class=\"bde-loop-item__content ee-post-content\">\n                    Gibt es einen Ort, an dem sich die Landschaft der Prosecco-H\u00fcgel (UNESCO-Welterbe) in ihrer ganzen geometrischen und spirituellen Kraft offenbart, so ist dieser Ort die Route, die von Farra\u2026                <\/div>\n            \n        \n    \n    \n    \n                            \n            \n                    \n            \n            \n\n    \n    \n    \n    \n                            \n    <a class=\"breakdance-link button-atom button-atom--text bde-loop-item__button ee-post-button\" href=\"https:\/\/lacortedimarga.com\/de\/tra-cielo-e-vigne-il-sentiero-delle-crepe-e-lincanto-di-collagu\/\" target=\"_self\" data-type=\"url\"  aria-label=\"Lesen Sie mehr \u00fcber Tra Cielo e Vigne: Il Sentiero delle Crepe und das Zauber von Collag\u00f9\" >\n\n    \n        <span class=\"button-atom__text\">Den Artikel lesen<\/span>\n\n        \n        \n                <\/a>\n\n    \n\n\n\n\n            \n        <\/div>\n\n    <\/article>\n\n    <article class=\"bde-loop-item ee-post\" data-filters=\"13\">\n                                <a class=\"bde-loop-item__image-link ee-post-image-link\" href=\"https:\/\/lacortedimarga.com\/de\/la-corte-di-marga-imparare-a-degustare-il-vino\/\" tabindex=\"-1\">\n                <div class=\"bde-loop-item__image ee-post-image\">\n                    <img loading=\"lazy\" decoding=\"async\" width=\"1024\" height=\"1024\" src=\"https:\/\/lacortedimarga.com\/wp-content\/uploads\/2026\/03\/La_Corte_di_Marga_cosa_fare_degustazioni_vini_e_prosecco-.webp\" class=\"attachment-full size-full wp-post-image\" alt=\"Weinproben im Hof von Marga: Entdecken Sie den Prosecco von Miane und Valdobbiadene\" srcset=\"https:\/\/lacortedimarga.com\/wp-content\/uploads\/2026\/03\/La_Corte_di_Marga_cosa_fare_degustazioni_vini_e_prosecco-.webp 1024w, https:\/\/lacortedimarga.com\/wp-content\/uploads\/2026\/03\/La_Corte_di_Marga_cosa_fare_degustazioni_vini_e_prosecco--300x300.webp 300w, https:\/\/lacortedimarga.com\/wp-content\/uploads\/2026\/03\/La_Corte_di_Marga_cosa_fare_degustazioni_vini_e_prosecco--150x150.webp 150w, https:\/\/lacortedimarga.com\/wp-content\/uploads\/2026\/03\/La_Corte_di_Marga_cosa_fare_degustazioni_vini_e_prosecco--768x768.webp 768w, https:\/\/lacortedimarga.com\/wp-content\/uploads\/2026\/03\/La_Corte_di_Marga_cosa_fare_degustazioni_vini_e_prosecco--12x12.webp 12w\" sizes=\"auto, (max-width: 1024px) 100vw, 1024px\" \/>                <\/div>\n            <\/a>\n        \n        \n        <div class=\"bde-loop-item__wrap ee-post-wrap\">\n            \n                            <h3 class=\"ee-post-title\" >\n                    <a class=\"bde-loop-item__title-link ee-post-title-link\" href=\"https:\/\/lacortedimarga.com\/de\/la-corte-di-marga-imparare-a-degustare-il-vino\/\"  tabindex=\"-1\">\n                        Weinproben im Hof von Marga: Entdecken Sie den Prosecco von Miane und Valdobbiadene                    <\/a>\n                <\/h3>\n                            <div class=\"bde-loop-item__post-meta ee-post-meta\">\n                                                                                <span class=\"bde-loop-item__meta-date bde-loop-item__meta-item ee-post-meta-date ee-post-meta-item\">\n                                    2. April 2026                                <\/span>\n                                                \n                <\/div>\n                            <div class=\"bde-loop-item__content ee-post-content\">\n                    Die Prosecco-Verkostung in Miane Die Prosecco-Verkostung in Miane erlebt ihren authentischsten Moment in der Corte di Marga, einem au\u00dfergew\u00f6hnlichen Ort f\u00fcr Weinliebhaber,\u2026                <\/div>\n            \n        \n    \n    \n    \n                            \n            \n                    \n            \n            \n\n    \n    \n    \n    \n                            \n    <a class=\"breakdance-link button-atom button-atom--text bde-loop-item__button ee-post-button\" href=\"https:\/\/lacortedimarga.com\/de\/la-corte-di-marga-imparare-a-degustare-il-vino\/\" target=\"_self\" data-type=\"url\"  aria-label=\"Lesen Sie mehr \u00fcber Le Degustazioni del Vino alla Corte di Marga: Entdecken Sie den Prosecco von Miane und Valdobbiadene\" >\n\n    \n        <span class=\"button-atom__text\">Den Artikel lesen<\/span>\n\n        \n        \n                <\/a>\n\n    \n\n\n\n\n            \n        <\/div>\n\n    <\/article>\n\n    <article class=\"bde-loop-item ee-post\" data-filters=\"8\">\n                                <a class=\"bde-loop-item__image-link ee-post-image-link\" href=\"https:\/\/lacortedimarga.com\/de\/piccoli-cavalieri-crescono-unavventura-indimenticabile-con-i-pony\/\" tabindex=\"-1\">\n                <div class=\"bde-loop-item__image ee-post-image\">\n                    <img loading=\"lazy\" decoding=\"async\" width=\"1500\" height=\"818\" src=\"https:\/\/lacortedimarga.com\/wp-content\/uploads\/2026\/04\/La_Corte_di_Marga_cosa_fare_attvita_con_i_pony_per_bambini.webp\" class=\"attachment-full size-full wp-post-image\" alt=\"Kleine Ritter WACHSEN: Ein unvergessliches Abenteuer mit Ponys\" srcset=\"https:\/\/lacortedimarga.com\/wp-content\/uploads\/2026\/04\/La_Corte_di_Marga_cosa_fare_attvita_con_i_pony_per_bambini.webp 1500w, https:\/\/lacortedimarga.com\/wp-content\/uploads\/2026\/04\/La_Corte_di_Marga_cosa_fare_attvita_con_i_pony_per_bambini-300x164.webp 300w, https:\/\/lacortedimarga.com\/wp-content\/uploads\/2026\/04\/La_Corte_di_Marga_cosa_fare_attvita_con_i_pony_per_bambini-1024x558.webp 1024w, https:\/\/lacortedimarga.com\/wp-content\/uploads\/2026\/04\/La_Corte_di_Marga_cosa_fare_attvita_con_i_pony_per_bambini-768x419.webp 768w, https:\/\/lacortedimarga.com\/wp-content\/uploads\/2026\/04\/La_Corte_di_Marga_cosa_fare_attvita_con_i_pony_per_bambini-18x10.webp 18w\" sizes=\"auto, (max-width: 1500px) 100vw, 1500px\" \/>                <\/div>\n            <\/a>\n        \n        \n        <div class=\"bde-loop-item__wrap ee-post-wrap\">\n            \n                            <h3 class=\"ee-post-title\" >\n                    <a class=\"bde-loop-item__title-link ee-post-title-link\" href=\"https:\/\/lacortedimarga.com\/de\/piccoli-cavalieri-crescono-unavventura-indimenticabile-con-i-pony\/\"  tabindex=\"-1\">\n                        Kleine Ritter WACHSEN: Ein unvergessliches Abenteuer mit Ponys                    <\/a>\n                <\/h3>\n                            <div class=\"bde-loop-item__post-meta ee-post-meta\">\n                                                                                <span class=\"bde-loop-item__meta-date bde-loop-item__meta-item ee-post-meta-date ee-post-meta-item\">\n                                    2. April 2026                                <\/span>\n                                                \n                <\/div>\n                            <div class=\"bde-loop-item__content ee-post-content\">\n                    Suchen Sie eine Ponyaktivit\u00e4t f\u00fcr Kinder in der N\u00e4he von Miane? Im Herzen der UNESCO-Prosecco-H\u00fcgel organisiert La Corte di Marga fantastische Erlebnisse, die es Ihren Kindern erm\u00f6glichen...                <\/div>\n            \n        \n    \n    \n    \n                            \n            \n                    \n            \n            \n\n    \n    \n    \n    \n                            \n    <a class=\"breakdance-link button-atom button-atom--text bde-loop-item__button ee-post-button\" href=\"https:\/\/lacortedimarga.com\/de\/piccoli-cavalieri-crescono-unavventura-indimenticabile-con-i-pony\/\" target=\"_self\" data-type=\"url\"  aria-label=\"Mehr \u00fcber Piccoli Cavalieri CRESCONO: Ein unvergessliches Abenteuer mit Ponys\" >\n\n    \n        <span class=\"button-atom__text\">Den Artikel lesen<\/span>\n\n        \n        \n                <\/a>\n\n    \n\n\n\n\n            \n        <\/div>\n\n    <\/article>\n\n    <article class=\"bde-loop-item ee-post\" data-filters=\"9\">\n                                <a class=\"bde-loop-item__image-link ee-post-image-link\" href=\"https:\/\/lacortedimarga.com\/de\/il-santuario-del-carmine-a-miane\/\" tabindex=\"-1\">\n                <div class=\"bde-loop-item__image ee-post-image\">\n                    <img loading=\"lazy\" decoding=\"async\" width=\"1920\" height=\"1384\" src=\"https:\/\/lacortedimarga.com\/wp-content\/uploads\/2026\/02\/carmine.webp\" class=\"attachment-full size-full wp-post-image\" alt=\"Das Heiligtum Stella Matutina in Miane: Wanderung von La Corte di Marga\" srcset=\"https:\/\/lacortedimarga.com\/wp-content\/uploads\/2026\/02\/carmine.webp 1920w, https:\/\/lacortedimarga.com\/wp-content\/uploads\/2026\/02\/carmine-300x216.webp 300w, https:\/\/lacortedimarga.com\/wp-content\/uploads\/2026\/02\/carmine-1024x738.webp 1024w, https:\/\/lacortedimarga.com\/wp-content\/uploads\/2026\/02\/carmine-768x554.webp 768w, https:\/\/lacortedimarga.com\/wp-content\/uploads\/2026\/02\/carmine-1536x1107.webp 1536w, https:\/\/lacortedimarga.com\/wp-content\/uploads\/2026\/02\/carmine-18x12.webp 18w\" sizes=\"auto, (max-width: 1920px) 100vw, 1920px\" \/>                <\/div>\n            <\/a>\n        \n        \n        <div class=\"bde-loop-item__wrap ee-post-wrap\">\n            \n                            <h3 class=\"ee-post-title\" >\n                    <a class=\"bde-loop-item__title-link ee-post-title-link\" href=\"https:\/\/lacortedimarga.com\/de\/il-santuario-del-carmine-a-miane\/\"  tabindex=\"-1\">\n                        Das Heiligtum Stella Matutina in Miane: Wanderung von La Corte di Marga                    <\/a>\n                <\/h3>\n                            <div class=\"bde-loop-item__post-meta ee-post-meta\">\n                                                                                <span class=\"bde-loop-item__meta-date bde-loop-item__meta-item ee-post-meta-date ee-post-meta-item\">\n                                    18. Februar 2026                                <\/span>\n                                                \n                <\/div>\n                            <div class=\"bde-loop-item__content ee-post-content\">\n                    Die Urspr\u00fcnge: Zwischen Glaube und Volksfr\u00f6mmigkeit Der Ursprung des Heiligtums ist eng mit der l\u00e4ndlichen Kultur der Region verbunden. Obwohl das heutige Geb\u00e4ude mehrere Schichten aufweist, geht seine Gr\u00fcndung auf das 17....                <\/div>\n            \n        \n    \n    \n    \n                            \n            \n                    \n            \n            \n\n    \n    \n    \n    \n                            \n    <a class=\"breakdance-link button-atom button-atom--text bde-loop-item__button ee-post-button\" href=\"https:\/\/lacortedimarga.com\/de\/il-santuario-del-carmine-a-miane\/\" target=\"_self\" data-type=\"url\"  aria-label=\"Lesen Sie mehr \u00fcber Il Santuario del Carmine in Miane: Wanderung von La Corte di Marga\" >\n\n    \n        <span class=\"button-atom__text\">Den Artikel lesen<\/span>\n\n        \n        \n                <\/a>\n\n    \n\n\n\n\n            \n        <\/div>\n\n    <\/article>\n\n    <article class=\"bde-loop-item ee-post\" data-filters=\"7\">\n                                <a class=\"bde-loop-item__image-link ee-post-image-link\" href=\"https:\/\/lacortedimarga.com\/de\/passeggiata-al-santuario-del-carmine-storia-e-natura-a-due-passi-dalla-corte-di-marga\/\" tabindex=\"-1\">\n                <div class=\"bde-loop-item__image ee-post-image\">\n                    <img loading=\"lazy\" decoding=\"async\" width=\"1500\" height=\"1500\" src=\"https:\/\/lacortedimarga.com\/wp-content\/uploads\/2026\/03\/La_Corte_di_Marga_cosa_fare_escursioni_a_piedi_tra_le_colline-1.webp\" class=\"attachment-full size-full wp-post-image\" alt=\"Spaziergang zur Wallfahrtskirche von Carmine: Geschichte und Natur nur einen Steinwurf vom Hof von Marga entfernt\" srcset=\"https:\/\/lacortedimarga.com\/wp-content\/uploads\/2026\/03\/La_Corte_di_Marga_cosa_fare_escursioni_a_piedi_tra_le_colline-1.webp 1500w, https:\/\/lacortedimarga.com\/wp-content\/uploads\/2026\/03\/La_Corte_di_Marga_cosa_fare_escursioni_a_piedi_tra_le_colline-1-300x300.webp 300w, https:\/\/lacortedimarga.com\/wp-content\/uploads\/2026\/03\/La_Corte_di_Marga_cosa_fare_escursioni_a_piedi_tra_le_colline-1-1024x1024.webp 1024w, https:\/\/lacortedimarga.com\/wp-content\/uploads\/2026\/03\/La_Corte_di_Marga_cosa_fare_escursioni_a_piedi_tra_le_colline-1-150x150.webp 150w, https:\/\/lacortedimarga.com\/wp-content\/uploads\/2026\/03\/La_Corte_di_Marga_cosa_fare_escursioni_a_piedi_tra_le_colline-1-768x768.webp 768w, https:\/\/lacortedimarga.com\/wp-content\/uploads\/2026\/03\/La_Corte_di_Marga_cosa_fare_escursioni_a_piedi_tra_le_colline-1-12x12.webp 12w\" sizes=\"auto, (max-width: 1500px) 100vw, 1500px\" \/>                <\/div>\n            <\/a>\n        \n        \n        <div class=\"bde-loop-item__wrap ee-post-wrap\">\n            \n                            <h3 class=\"ee-post-title\" >\n                    <a class=\"bde-loop-item__title-link ee-post-title-link\" href=\"https:\/\/lacortedimarga.com\/de\/passeggiata-al-santuario-del-carmine-storia-e-natura-a-due-passi-dalla-corte-di-marga\/\"  tabindex=\"-1\">\n                        Spaziergang zur Wallfahrtskirche von Carmine: Geschichte und Natur nur einen Steinwurf vom Hof von Marga entfernt                    <\/a>\n                <\/h3>\n                            <div class=\"bde-loop-item__post-meta ee-post-meta\">\n                                                                                <span class=\"bde-loop-item__meta-date bde-loop-item__meta-item ee-post-meta-date ee-post-meta-item\">\n                                    18. Februar 2026                                <\/span>\n                                                \n                <\/div>\n                            <div class=\"bde-loop-item__content ee-post-content\">\n                    Das Sanktuarium Madonna del Carmine ist eines der beliebtesten Wanderziele f\u00fcr G\u00e4ste der Corte di Marga: ein nicht allzu langer Weg, reich an Geschichte und Charme, \u2026                <\/div>\n            \n        \n    \n    \n    \n                            \n            \n                    \n            \n            \n\n    \n    \n    \n    \n                            \n    <a class=\"breakdance-link button-atom button-atom--text bde-loop-item__button ee-post-button\" href=\"https:\/\/lacortedimarga.com\/de\/passeggiata-al-santuario-del-carmine-storia-e-natura-a-due-passi-dalla-corte-di-marga\/\" target=\"_self\" data-type=\"url\"  aria-label=\"Mehr \u00fcber Passeggiata al Santuario del Carmine: Geschichte und Natur nur einen Katzensprung von der Corte di Marga entfernt\" >\n\n    \n        <span class=\"button-atom__text\">Den Artikel lesen<\/span>\n\n        \n        \n                <\/a>\n\n    \n\n\n\n\n            \n        <\/div>\n\n    <\/article>\n\n    <article class=\"bde-loop-item ee-post\" data-filters=\"10\">\n                                <a class=\"bde-loop-item__image-link ee-post-image-link\" href=\"https:\/\/lacortedimarga.com\/de\/5-idee-per-passare-una-bellissima-giornata-nelle-colline-del-prosecco-quando_piove\/\" tabindex=\"-1\">\n                <div class=\"bde-loop-item__image ee-post-image\">\n                    <img loading=\"lazy\" decoding=\"async\" width=\"450\" height=\"216\" src=\"https:\/\/lacortedimarga.com\/wp-content\/uploads\/2026\/01\/La_Corte_di_Marga_cosa_fare_prosecco_hills_Vittorio_Veneto.webp\" class=\"attachment-full size-full wp-post-image\" alt=\"Regnet es in Miane? 5 Ideen f\u00fcr einen sch\u00f6nen Tag in den Prosecco-H\u00fcgeln\" srcset=\"https:\/\/lacortedimarga.com\/wp-content\/uploads\/2026\/01\/La_Corte_di_Marga_cosa_fare_prosecco_hills_Vittorio_Veneto.webp 450w, https:\/\/lacortedimarga.com\/wp-content\/uploads\/2026\/01\/La_Corte_di_Marga_cosa_fare_prosecco_hills_Vittorio_Veneto-300x144.webp 300w, https:\/\/lacortedimarga.com\/wp-content\/uploads\/2026\/01\/La_Corte_di_Marga_cosa_fare_prosecco_hills_Vittorio_Veneto-18x9.webp 18w\" sizes=\"auto, (max-width: 450px) 100vw, 450px\" \/>                <\/div>\n            <\/a>\n        \n        \n        <div class=\"bde-loop-item__wrap ee-post-wrap\">\n            \n                            <h3 class=\"ee-post-title\" >\n                    <a class=\"bde-loop-item__title-link ee-post-title-link\" href=\"https:\/\/lacortedimarga.com\/de\/5-idee-per-passare-una-bellissima-giornata-nelle-colline-del-prosecco-quando_piove\/\"  tabindex=\"-1\">\n                        Regnet es in Miane? 5 Ideen f\u00fcr einen sch\u00f6nen Tag in den Prosecco-H\u00fcgeln                    <\/a>\n                <\/h3>\n                            <div class=\"bde-loop-item__post-meta ee-post-meta\">\n                                                                                <span class=\"bde-loop-item__meta-date bde-loop-item__meta-item ee-post-meta-date ee-post-meta-item\">\n                                    Februar 13, 2026                                <\/span>\n                                                \n                <\/div>\n                            <div class=\"bde-loop-item__content ee-post-content\">\n                    Was tun bei Regen in Miane? Ein Regentag inmitten der UNESCO-Prosecco-H\u00fcgel ist keine Einschr\u00e4nkung, sondern eine Gelegenheit, langsamer zu werden und Sch\u00e4tze zu entdecken, die oft verborgen bleiben\u2026                <\/div>\n            \n        \n    \n    \n    \n                            \n            \n                    \n            \n            \n\n    \n    \n    \n    \n                            \n    <a class=\"breakdance-link button-atom button-atom--text bde-loop-item__button ee-post-button\" href=\"https:\/\/lacortedimarga.com\/de\/5-idee-per-passare-una-bellissima-giornata-nelle-colline-del-prosecco-quando_piove\/\" target=\"_self\" data-type=\"url\"  aria-label=\"Mehr \u00fcber Piove in Miane erfahren? 5 Ideen f\u00fcr einen wundersch\u00f6nen Tag in den Prosecco-H\u00fcgeln\" >\n\n    \n        <span class=\"button-atom__text\">Den Artikel lesen<\/span>\n\n        \n        \n                <\/a>\n\n    \n\n\n\n\n            \n        <\/div>\n\n    <\/article>\n\n    <article class=\"bde-loop-item ee-post\" data-filters=\"9,161\">\n                                <a class=\"bde-loop-item__image-link ee-post-image-link\" href=\"https:\/\/lacortedimarga.com\/de\/labbazia-di-santa-maria-di-follina-mille-anni-di-arte-e-spiritualita\/\" tabindex=\"-1\">\n                <div class=\"bde-loop-item__image ee-post-image\">\n                    <img decoding=\"async\" src=\"https:\/\/lacortedimarga.com\/wp-content\/uploads\/2026\/01\/La_Corte_di_Marga_cpsa_fare_Abbazia_di_Follina.webp\" alt=\"Die Abtei von Santa Maria di Follina: Tausend Jahre Kunst und Spiritualit\u00e4t\" class=\"external-featured-image wp-post-image\" \/>                <\/div>\n            <\/a>\n        \n        \n        <div class=\"bde-loop-item__wrap ee-post-wrap\">\n            \n                            <h3 class=\"ee-post-title\" >\n                    <a class=\"bde-loop-item__title-link ee-post-title-link\" href=\"https:\/\/lacortedimarga.com\/de\/labbazia-di-santa-maria-di-follina-mille-anni-di-arte-e-spiritualita\/\"  tabindex=\"-1\">\n                        Die Abtei von Santa Maria di Follina: Tausend Jahre Kunst und Spiritualit\u00e4t                    <\/a>\n                <\/h3>\n                            <div class=\"bde-loop-item__post-meta ee-post-meta\">\n                                                                                <span class=\"bde-loop-item__meta-date bde-loop-item__meta-item ee-post-meta-date ee-post-meta-item\">\n                                    Februar 13, 2026                                <\/span>\n                                                \n                <\/div>\n                            <div class=\"bde-loop-item__content ee-post-content\">\n                    Die Abtei Santa Maria di Follina, die sich im Herzen eines der eindrucksvollsten D\u00f6rfer der Marca Trevigiana befindet, ist ein Meisterwerk sakraler Architektur, das Zeugnis von Jahrhunderten religi\u00f6ser und...                <\/div>\n            \n        \n    \n    \n    \n                            \n            \n                    \n            \n            \n\n    \n    \n    \n    \n                            \n    <a class=\"breakdance-link button-atom button-atom--text bde-loop-item__button ee-post-button\" href=\"https:\/\/lacortedimarga.com\/de\/labbazia-di-santa-maria-di-follina-mille-anni-di-arte-e-spiritualita\/\" target=\"_self\" data-type=\"url\"  aria-label=\"Lesen Sie mehr \u00fcber die Abtei Santa Maria di Follina: Tausend Jahre Kunst und Spiritualit\u00e4t\" >\n\n    \n        <span class=\"button-atom__text\">Den Artikel lesen<\/span>\n\n        \n        \n                <\/a>\n\n    \n\n\n\n\n            \n        <\/div>\n\n    <\/article>\n\n    <article class=\"bde-loop-item ee-post\" data-filters=\"8\">\n                                <a class=\"bde-loop-item__image-link ee-post-image-link\" href=\"https:\/\/lacortedimarga.com\/de\/i-laghi-di-revine-millenni-di-storia-tra-palafitte-e-leoni-alati\/\" tabindex=\"-1\">\n                <div class=\"bde-loop-item__image ee-post-image\">\n                    <img loading=\"lazy\" decoding=\"async\" width=\"450\" height=\"338\" src=\"https:\/\/lacortedimarga.com\/wp-content\/uploads\/2026\/01\/La_Corte_di_Marga_cosa_fare_prosecco_hills_Lago_di_Revine.webp\" class=\"attachment-full size-full wp-post-image\" alt=\"Die Revine-Seen: Jahrtausendealte Geschichte zwischen Pfahlbauten und gefl\u00fcgelten L\u00f6wen\" srcset=\"https:\/\/lacortedimarga.com\/wp-content\/uploads\/2026\/01\/La_Corte_di_Marga_cosa_fare_prosecco_hills_Lago_di_Revine.webp 450w, https:\/\/lacortedimarga.com\/wp-content\/uploads\/2026\/01\/La_Corte_di_Marga_cosa_fare_prosecco_hills_Lago_di_Revine-300x225.webp 300w, https:\/\/lacortedimarga.com\/wp-content\/uploads\/2026\/01\/La_Corte_di_Marga_cosa_fare_prosecco_hills_Lago_di_Revine-16x12.webp 16w\" sizes=\"auto, (max-width: 450px) 100vw, 450px\" \/>                <\/div>\n            <\/a>\n        \n        \n        <div class=\"bde-loop-item__wrap ee-post-wrap\">\n            \n                            <h3 class=\"ee-post-title\" >\n                    <a class=\"bde-loop-item__title-link ee-post-title-link\" href=\"https:\/\/lacortedimarga.com\/de\/i-laghi-di-revine-millenni-di-storia-tra-palafitte-e-leoni-alati\/\"  tabindex=\"-1\">\n                        Die Revine-Seen: Jahrtausendealte Geschichte zwischen Pfahlbauten und gefl\u00fcgelten L\u00f6wen                    <\/a>\n                <\/h3>\n                            <div class=\"bde-loop-item__post-meta ee-post-meta\">\n                                                                                <span class=\"bde-loop-item__meta-date bde-loop-item__meta-item ee-post-meta-date ee-post-meta-item\">\n                                    Februar 13, 2026                                <\/span>\n                                                \n                <\/div>\n                            <div class=\"bde-loop-item__content ee-post-content\">\n                    Nicht weit von Miane entfernt bilden die Seen Santa Maria und Lago (bekannt als die Revine-Seen) ein Gew\u00e4sser, das ein wahres historisches Archiv unter dem Himmel ist...                <\/div>\n            \n        \n    \n    \n    \n                            \n            \n                    \n            \n            \n\n    \n    \n    \n    \n                            \n    <a class=\"breakdance-link button-atom button-atom--text bde-loop-item__button ee-post-button\" href=\"https:\/\/lacortedimarga.com\/de\/i-laghi-di-revine-millenni-di-storia-tra-palafitte-e-leoni-alati\/\" target=\"_self\" data-type=\"url\"  aria-label=\"Mehr \u00fcber I Laghi di Revine: Jahrtausende Geschichte zwischen Pfahlbauten und gefl\u00fcgelten L\u00f6wen\" >\n\n    \n        <span class=\"button-atom__text\">Den Artikel lesen<\/span>\n\n        \n        \n                <\/a>\n\n    \n\n\n\n\n            \n        <\/div>\n\n    <\/article>\n\n    <article class=\"bde-loop-item ee-post\" data-filters=\"7,136\">\n                                <a class=\"bde-loop-item__image-link ee-post-image-link\" href=\"https:\/\/lacortedimarga.com\/de\/passo-san-boldo-lincredibile-storia-della-strada-dei-100-giorni\/\" tabindex=\"-1\">\n                <div class=\"bde-loop-item__image ee-post-image\">\n                    <img loading=\"lazy\" decoding=\"async\" width=\"300\" height=\"168\" src=\"https:\/\/lacortedimarga.com\/wp-content\/uploads\/2026\/03\/La_Corte_di_Marga_cpsa_fare_Abbazia_di_Follina.webp\" class=\"attachment-full size-full wp-post-image\" alt=\"San-Boldo-Pass: Die unglaubliche Geschichte der \u201c100-Tage-Stra\u00dfe\u201d\" srcset=\"https:\/\/lacortedimarga.com\/wp-content\/uploads\/2026\/03\/La_Corte_di_Marga_cpsa_fare_Abbazia_di_Follina.webp 300w, https:\/\/lacortedimarga.com\/wp-content\/uploads\/2026\/03\/La_Corte_di_Marga_cpsa_fare_Abbazia_di_Follina-18x10.webp 18w\" sizes=\"auto, (max-width: 300px) 100vw, 300px\" \/>                <\/div>\n            <\/a>\n        \n        \n        <div class=\"bde-loop-item__wrap ee-post-wrap\">\n            \n                            <h3 class=\"ee-post-title\" >\n                    <a class=\"bde-loop-item__title-link ee-post-title-link\" href=\"https:\/\/lacortedimarga.com\/de\/passo-san-boldo-lincredibile-storia-della-strada-dei-100-giorni\/\"  tabindex=\"-1\">\n                        San-Boldo-Pass: Die unglaubliche Geschichte der \u201c100-Tage-Stra\u00dfe\u201d                    <\/a>\n                <\/h3>\n                            <div class=\"bde-loop-item__post-meta ee-post-meta\">\n                                                                                <span class=\"bde-loop-item__meta-date bde-loop-item__meta-item ee-post-meta-date ee-post-meta-item\">\n                                    Februar 13, 2026                                <\/span>\n                                                \n                <\/div>\n                            <div class=\"bde-loop-item__content ee-post-content\">\n                    Der San-Boldo-Pass, der die Trevisaner Seite von Miane mit dem Valbelluna verbindet, ist nicht nur ein geografischer Pass, sondern auch ein Freiluftdenkmal der Milit\u00e4rtechnik. Er ist allgemein bekannt als der...                <\/div>\n            \n        \n    \n    \n    \n                            \n            \n                    \n            \n            \n\n    \n    \n    \n    \n                            \n    <a class=\"breakdance-link button-atom button-atom--text bde-loop-item__button ee-post-button\" href=\"https:\/\/lacortedimarga.com\/de\/passo-san-boldo-lincredibile-storia-della-strada-dei-100-giorni\/\" target=\"_self\" data-type=\"url\"  aria-label=\"Mehr \u00fcber den Passo San Boldo erfahren: Die unglaubliche Geschichte der \u201cStra\u00dfe der 100 Tage\u201d\" >\n\n    \n        <span class=\"button-atom__text\">Den Artikel lesen<\/span>\n\n        \n        \n                <\/a>\n\n    \n\n\n\n\n            \n        <\/div>\n\n    <\/article>\n\n    <article class=\"bde-loop-item ee-post\" data-filters=\"6\">\n                                <a class=\"bde-loop-item__image-link ee-post-image-link\" href=\"https:\/\/lacortedimarga.com\/de\/il-segreto-delle-rive-laristocrazia-del-prosecco-superiore-docg\/\" tabindex=\"-1\">\n                <div class=\"bde-loop-item__image ee-post-image\">\n                    <img loading=\"lazy\" decoding=\"async\" width=\"448\" height=\"253\" src=\"https:\/\/lacortedimarga.com\/wp-content\/uploads\/2026\/01\/La_Corte_di_Marga_cosa_fare_Prosecco-hills.webp\" class=\"attachment-full size-full wp-post-image\" alt=\"Das Geheimnis des Rive: Die Aristokratie des Prosecco Superiore DOCG\" srcset=\"https:\/\/lacortedimarga.com\/wp-content\/uploads\/2026\/01\/La_Corte_di_Marga_cosa_fare_Prosecco-hills.webp 448w, https:\/\/lacortedimarga.com\/wp-content\/uploads\/2026\/01\/La_Corte_di_Marga_cosa_fare_Prosecco-hills-300x169.webp 300w, https:\/\/lacortedimarga.com\/wp-content\/uploads\/2026\/01\/La_Corte_di_Marga_cosa_fare_Prosecco-hills-18x10.webp 18w\" sizes=\"auto, (max-width: 448px) 100vw, 448px\" \/>                <\/div>\n            <\/a>\n        \n        \n        <div class=\"bde-loop-item__wrap ee-post-wrap\">\n            \n                            <h3 class=\"ee-post-title\" >\n                    <a class=\"bde-loop-item__title-link ee-post-title-link\" href=\"https:\/\/lacortedimarga.com\/de\/il-segreto-delle-rive-laristocrazia-del-prosecco-superiore-docg\/\"  tabindex=\"-1\">\n                        Das Geheimnis des Rive: Die Aristokratie des Prosecco Superiore DOCG                    <\/a>\n                <\/h3>\n                            <div class=\"bde-loop-item__post-meta ee-post-meta\">\n                                                                                <span class=\"bde-loop-item__meta-date bde-loop-item__meta-item ee-post-meta-date ee-post-meta-item\">\n                                    Februar 13, 2026                                <\/span>\n                                                \n                <\/div>\n                            <div class=\"bde-loop-item__content ee-post-content\">\n                    In den alten H\u00fcgeln von Treviso bezeichnet das Wort \u201cRiva\u201d nicht einfach einen Hang, sondern das Cru schlechthin, aus dem der Prosecco delle Rive hervorgeht, der durch die Vorschriften des Conegliano Valdobbiadene Prosecco anerkannt ist\u2026                <\/div>\n            \n        \n    \n    \n    \n                            \n            \n                    \n            \n            \n\n    \n    \n    \n    \n                            \n    <a class=\"breakdance-link button-atom button-atom--text bde-loop-item__button ee-post-button\" href=\"https:\/\/lacortedimarga.com\/de\/il-segreto-delle-rive-laristocrazia-del-prosecco-superiore-docg\/\" target=\"_self\" data-type=\"url\"  aria-label=\"Erfahren Sie mehr \u00fcber Il Segreto delle Rive: L\u2019Aristocrazia del Prosecco Superiore DOCG\" >\n\n    \n        <span class=\"button-atom__text\">Den Artikel lesen<\/span>\n\n        \n        \n                <\/a>\n\n    \n\n\n\n\n            \n        <\/div>\n\n    <\/article>\n\n<div class=\"bde-loop-item-gutter ee-post-gutter\"><\/div><div class=\"bde-loop-item-sizer ee-post-sizer\"><\/div><\/div><\/div><\/div>\n<\/section>","protected":false},"excerpt":{"rendered":"","protected":false},"author":2,"featured_media":0,"parent":0,"menu_order":0,"comment_status":"closed","ping_status":"closed","template":"","meta":{"_breakdance_hide_in_design_set":false,"_breakdance_tags":"","footnotes":""},"class_list":["post-2097","page","type-page","status-publish","hentry"],"yoast_head":"<!-- This site is optimized with the Yoast SEO plugin v28.2 - https:\/\/yoast.com\/product\/yoast-seo-wordpress\/ -->\n<title>Blog e News | Scopri le Colline del Prosecco | La Corte di Marga<\/title>\n<meta name=\"description\" content=\"Resta aggiornato su eventi, itinerari e segreti delle Colline del Prosecco. Leggi il blog de La Corte di Marga per pianificare la tua vacanza perfetta.\" \/>\n<meta name=\"robots\" content=\"index, follow, max-snippet:-1, max-image-preview:large, max-video-preview:-1\" \/>\n<link rel=\"canonical\" href=\"https:\/\/lacortedimarga.com\/de\/blog\/\" \/>\n<meta property=\"og:locale\" content=\"de_DE\" \/>\n<meta property=\"og:type\" content=\"article\" \/>\n<meta property=\"og:title\" content=\"Blog e News | Scopri le Colline del Prosecco | La Corte di Marga\" \/>\n<meta property=\"og:description\" content=\"Resta aggiornato su eventi, itinerari e segreti delle Colline del Prosecco. Leggi il blog de La Corte di Marga per pianificare la tua vacanza perfetta.\" \/>\n<meta property=\"og:url\" content=\"https:\/\/lacortedimarga.com\/de\/blog\/\" \/>\n<meta property=\"og:site_name\" content=\"La Corte di Marga\" \/>\n<meta property=\"article:publisher\" content=\"https:\/\/www.facebook.com\/lacortedimarga\" \/>\n<meta property=\"article:modified_time\" content=\"2026-05-09T06:51:31+00:00\" \/>\n<meta name=\"twitter:card\" content=\"summary_large_image\" \/>\n<meta name=\"twitter:label1\" content=\"Gesch\u00e4tzte Lesezeit\" \/>\n\t<meta name=\"twitter:data1\" content=\"17\u00a0Minuten\" \/>\n<script type=\"application\/ld+json\" class=\"yoast-schema-graph\">{\"@context\":\"https:\\\/\\\/schema.org\",\"@graph\":[{\"@type\":\"WebPage\",\"@id\":\"https:\\\/\\\/lacortedimarga.com\\\/blog\\\/\",\"url\":\"https:\\\/\\\/lacortedimarga.com\\\/blog\\\/\",\"name\":\"Blog e News | Scopri le Colline del Prosecco | La Corte di Marga\",\"isPartOf\":{\"@id\":\"https:\\\/\\\/lacortedimarga.com\\\/#website\"},\"datePublished\":\"2026-01-21T10:02:17+00:00\",\"dateModified\":\"2026-05-09T06:51:31+00:00\",\"description\":\"Resta aggiornato su eventi, itinerari e segreti delle Colline del Prosecco. Leggi il blog de La Corte di Marga per pianificare la tua vacanza perfetta.\",\"breadcrumb\":{\"@id\":\"https:\\\/\\\/lacortedimarga.com\\\/blog\\\/#breadcrumb\"},\"inLanguage\":\"de\",\"potentialAction\":[{\"@type\":\"ReadAction\",\"target\":[\"https:\\\/\\\/lacortedimarga.com\\\/blog\\\/\"]}]},{\"@type\":\"BreadcrumbList\",\"@id\":\"https:\\\/\\\/lacortedimarga.com\\\/blog\\\/#breadcrumb\",\"itemListElement\":[{\"@type\":\"ListItem\",\"position\":1,\"name\":\"Home\",\"item\":\"https:\\\/\\\/lacortedimarga.com\\\/\"},{\"@type\":\"ListItem\",\"position\":2,\"name\":\"Blog\"}]},{\"@type\":\"WebSite\",\"@id\":\"https:\\\/\\\/lacortedimarga.com\\\/#website\",\"url\":\"https:\\\/\\\/lacortedimarga.com\\\/\",\"name\":\"La Corte di Marga\",\"description\":\"Prosecco Hills Holidays\",\"publisher\":{\"@id\":\"https:\\\/\\\/lacortedimarga.com\\\/#organization\"},\"potentialAction\":[{\"@type\":\"SearchAction\",\"target\":{\"@type\":\"EntryPoint\",\"urlTemplate\":\"https:\\\/\\\/lacortedimarga.com\\\/?s={search_term_string}\"},\"query-input\":{\"@type\":\"PropertyValueSpecification\",\"valueRequired\":true,\"valueName\":\"search_term_string\"}}],\"inLanguage\":\"de\"},{\"@type\":\"Organization\",\"@id\":\"https:\\\/\\\/lacortedimarga.com\\\/#organization\",\"name\":\"La Corte di Marga\",\"url\":\"https:\\\/\\\/lacortedimarga.com\\\/\",\"logo\":{\"@type\":\"ImageObject\",\"inLanguage\":\"de\",\"@id\":\"https:\\\/\\\/lacortedimarga.com\\\/#\\\/schema\\\/logo\\\/image\\\/\",\"url\":\"https:\\\/\\\/lacortedimarga.com\\\/wp-content\\\/uploads\\\/2025\\\/06\\\/logo-corti-di-marga.webp\",\"contentUrl\":\"https:\\\/\\\/lacortedimarga.com\\\/wp-content\\\/uploads\\\/2025\\\/06\\\/logo-corti-di-marga.webp\",\"width\":955,\"height\":529,\"caption\":\"La Corte di Marga\"},\"image\":{\"@id\":\"https:\\\/\\\/lacortedimarga.com\\\/#\\\/schema\\\/logo\\\/image\\\/\"},\"sameAs\":[\"https:\\\/\\\/www.facebook.com\\\/lacortedimarga\",\"https:\\\/\\\/www.instagram.com\\\/la_corte_di_marga\\\/\",\"https:\\\/\\\/www.tiktok.com\\\/@lacortedimarga\",\"https:\\\/\\\/www.youtube.com\\\/@lacortedimargaofficial\",\"https:\\\/\\\/www.linkedin.com\\\/company\\\/la-corte-di-marga-prosecco-hills-holiday\"]}]}<\/script>\n<!-- \/ Yoast SEO plugin. -->","yoast_head_json":{"title":"Blog und Nachrichten | Entdecken Sie die Prosecco-H\u00fcgel | La Corte di Marga","description":"Bleiben Sie auf dem Laufenden \u00fcber Veranstaltungen, Reiserouten und Geheimtipps der Prosecco-H\u00fcgel. Lesen Sie den Blog von La Corte di Marga, um Ihren perfekten Urlaub zu planen.","robots":{"index":"index","follow":"follow","max-snippet":"max-snippet:-1","max-image-preview":"max-image-preview:large","max-video-preview":"max-video-preview:-1"},"canonical":"https:\/\/lacortedimarga.com\/de\/blog\/","og_locale":"de_DE","og_type":"article","og_title":"Blog e News | Scopri le Colline del Prosecco | La Corte di Marga","og_description":"Resta aggiornato su eventi, itinerari e segreti delle Colline del Prosecco. Leggi il blog de La Corte di Marga per pianificare la tua vacanza perfetta.","og_url":"https:\/\/lacortedimarga.com\/de\/blog\/","og_site_name":"La Corte di Marga","article_publisher":"https:\/\/www.facebook.com\/lacortedimarga","article_modified_time":"2026-05-09T06:51:31+00:00","twitter_card":"summary_large_image","twitter_misc":{"Gesch\u00e4tzte Lesezeit":"17\u00a0Minuten"},"schema":{"@context":"https:\/\/schema.org","@graph":[{"@type":"WebPage","@id":"https:\/\/lacortedimarga.com\/blog\/","url":"https:\/\/lacortedimarga.com\/blog\/","name":"Blog und Nachrichten | Entdecken Sie die Prosecco-H\u00fcgel | La Corte di Marga","isPartOf":{"@id":"https:\/\/lacortedimarga.com\/#website"},"datePublished":"2026-01-21T10:02:17+00:00","dateModified":"2026-05-09T06:51:31+00:00","description":"Bleiben Sie auf dem Laufenden \u00fcber Veranstaltungen, Reiserouten und Geheimtipps der Prosecco-H\u00fcgel. Lesen Sie den Blog von La Corte di Marga, um Ihren perfekten Urlaub zu planen.","breadcrumb":{"@id":"https:\/\/lacortedimarga.com\/blog\/#breadcrumb"},"inLanguage":"de","potentialAction":[{"@type":"ReadAction","target":["https:\/\/lacortedimarga.com\/blog\/"]}]},{"@type":"BreadcrumbList","@id":"https:\/\/lacortedimarga.com\/blog\/#breadcrumb","itemListElement":[{"@type":"ListItem","position":1,"name":"Home","item":"https:\/\/lacortedimarga.com\/"},{"@type":"ListItem","position":2,"name":"Blog"}]},{"@type":"WebSite","@id":"https:\/\/lacortedimarga.com\/#website","url":"https:\/\/lacortedimarga.com\/","name":"Der Hof von Marga","description":"Prosecco Hills Ferien","publisher":{"@id":"https:\/\/lacortedimarga.com\/#organization"},"potentialAction":[{"@type":"SearchAction","target":{"@type":"EntryPoint","urlTemplate":"https:\/\/lacortedimarga.com\/?s={search_term_string}"},"query-input":{"@type":"PropertyValueSpecification","valueRequired":true,"valueName":"search_term_string"}}],"inLanguage":"de"},{"@type":"Organization","@id":"https:\/\/lacortedimarga.com\/#organization","name":"Der Hof von Marga","url":"https:\/\/lacortedimarga.com\/","logo":{"@type":"ImageObject","inLanguage":"de","@id":"https:\/\/lacortedimarga.com\/#\/schema\/logo\/image\/","url":"https:\/\/lacortedimarga.com\/wp-content\/uploads\/2025\/06\/logo-corti-di-marga.webp","contentUrl":"https:\/\/lacortedimarga.com\/wp-content\/uploads\/2025\/06\/logo-corti-di-marga.webp","width":955,"height":529,"caption":"La Corte di Marga"},"image":{"@id":"https:\/\/lacortedimarga.com\/#\/schema\/logo\/image\/"},"sameAs":["https:\/\/www.facebook.com\/lacortedimarga","https:\/\/www.instagram.com\/la_corte_di_marga\/","https:\/\/www.tiktok.com\/@lacortedimarga","https:\/\/www.youtube.com\/@lacortedimargaofficial","https:\/\/www.linkedin.com\/company\/la-corte-di-marga-prosecco-hills-holiday"]}]}},"_links":{"self":[{"href":"https:\/\/lacortedimarga.com\/de\/wp-json\/wp\/v2\/pages\/2097","targetHints":{"allow":["GET"]}}],"collection":[{"href":"https:\/\/lacortedimarga.com\/de\/wp-json\/wp\/v2\/pages"}],"about":[{"href":"https:\/\/lacortedimarga.com\/de\/wp-json\/wp\/v2\/types\/page"}],"author":[{"embeddable":true,"href":"https:\/\/lacortedimarga.com\/de\/wp-json\/wp\/v2\/users\/2"}],"replies":[{"embeddable":true,"href":"https:\/\/lacortedimarga.com\/de\/wp-json\/wp\/v2\/comments?post=2097"}],"version-history":[{"count":30,"href":"https:\/\/lacortedimarga.com\/de\/wp-json\/wp\/v2\/pages\/2097\/revisions"}],"predecessor-version":[{"id":2458,"href":"https:\/\/lacortedimarga.com\/de\/wp-json\/wp\/v2\/pages\/2097\/revisions\/2458"}],"wp:attachment":[{"href":"https:\/\/lacortedimarga.com\/de\/wp-json\/wp\/v2\/media?parent=2097"}],"curies":[{"name":"wp","href":"https:\/\/api.w.org\/{rel}","templated":true}]}}